{"id":575,"date":"2021-09-28T10:08:30","date_gmt":"2021-09-28T13:08:30","guid":{"rendered":"http:\/\/canaisdigitaissitebr-wordpress.azurewebsites.net\/?post_type=paginas_cidades&#038;p=575"},"modified":"2025-11-24T10:04:47","modified_gmt":"2025-11-24T13:04:47","slug":"sao-jose-dos-campos","status":"publish","type":"paginas_cidades","link":"https:\/\/canaisdigitaissitebr-wordpress.azurewebsites.net\/index.php\/paginas_cidades\/sao-jose-dos-campos\/","title":{"rendered":"Aluguel de Carros em S\u00e3o Jos\u00e9 dos Campos, aluguel simples e r\u00e1pido"},"content":{"rendered":"\n<h1><strong>Aluguel de Carros em S\u00e3o Jos\u00e9 dos Campos, SP<\/strong><\/h1>\n\n\n\n<p style=\"font-size:27px\"><strong>\u00cdndice:<\/strong><\/p>\n\n\n\n<ul><li><a href=\"https:\/\/www.localiza.com\/brasil\/pt-br\/rede-de-agencias\/sao-jose-dos-campos#Alugar\">Alugar carro em S\u00e3o Jos\u00e9 dos Campos aqui na Localiza<\/a><\/li><li><a href=\"https:\/\/www.localiza.com\/brasil\/pt-br\/rede-de-agencias\/sao-jose-dos-campos#Como\">Como alugar um carro?<\/a><\/li><li><a href=\"https:\/\/www.localiza.com\/brasil\/pt-br\/rede-de-agencias\/sao-jose-dos-campos#O\">O que precisa para alugar um carro?<\/a><\/li><li><a href=\"https:\/\/www.localiza.com\/brasil\/pt-br\/rede-de-agencias\/sao-jose-dos-campos#alugado\">\u00c9 permitido andar quantos km com o carro alugado?<\/a><\/li><li><a href=\"https:\/\/www.localiza.com\/brasil\/pt-br\/rede-de-agencias\/sao-jose-dos-campos#fazer\">O que fazer em S\u00e3o Jos\u00e9 dos Campos?<\/a><\/li><\/ul>\n\n\n\n<hr class=\"wp-block-separator has-text-color has-background is-style-wide\" style=\"background-color:#c7c7c7;color:#c7c7c7\"\/>\n\n\n\n<p>Procura por <strong>aluguel de carros em S\u00e3o Jos\u00e9 dos Campos, SP<\/strong>? Aqui, na Localiza, voc\u00ea encontra as melhores solu\u00e7\u00f5es, com modelos de ve\u00edculos, acess\u00f3rios e planos ideais para sua necessidade.<\/p>\n\n\n\n<p>Localizado no Vale do Para\u00edba Paulista, o munic\u00edpio est\u00e1 a leste de S\u00e3o Paulo, capital do estado. Ele ocupa uma \u00e1rea de aproximadamente 1.099,409 km\u00b2, e une tradi\u00e7\u00e3o, cultura, tecnologia e belas paisagens.<\/p>\n\n\n\n<p>Al\u00e9m disso, a cidade \u00e9 um dos mais importantes polos aeron\u00e1uticos e aeroespaciais da Am\u00e9rica Latina. Ali, est\u00e3o diversos institutos federais de pesquisa cient\u00edfica, assim como empresas de tecnologia de ponta, que levam inova\u00e7\u00e3o para a regi\u00e3o e todo o mundo.<\/p>\n\n\n\n<p>Aproveite o melhor da regi\u00e3o com a gente, na <strong>Localiza em S\u00e3o Jos\u00e9 dos Campos<\/strong>! As melhores op\u00e7\u00f5es de aluguel de carros est\u00e3o aqui, unindo praticidade, economia, conforto e seguran\u00e7a.<\/p>\n\n\n\n<h2>Voc\u00ea sabia? Alugar com anteced\u00eancia \u00e9 mais barato!<\/h2>\n\n\n\n<p>Alugar o carro com anteced\u00eancia geralmente permite tarifas mais baixas. <strong>Quanto antes voc\u00ea reservar, mais voc\u00ea vai economizar.<\/strong><\/p>\n\n\n\n<p>Isso acontece pela rela\u00e7\u00e3o entre servi\u00e7o e demanda: em per\u00edodos de alta temporada o n\u00famero de carros dispon\u00edveis diminui e a procura aumenta. Naturalmente, com mais gente querendo alugar e menos carros \u00e0 disposi\u00e7\u00e3o, os pre\u00e7os sobem.<\/p>\n\n\n\n<p>Portanto, ao se planejar, voc\u00ea garante um pre\u00e7o mais baixo, garantindo n\u00e3o s\u00f3 o ve\u00edculo de sua prefer\u00eancia, mas tamb\u00e9m uma economia significativa no seu or\u00e7amento de viagem.<\/p>\n\n\n\n<p>Em per\u00edodos de alta temporada, <strong>reservar o carro com anteced\u00eancia pode gerar uma economia de at\u00e9 30%.<\/strong><\/p>\n\n\n\n<h2 id=\"Alugar\"><strong>Alugar carro em S\u00e3o Jos\u00e9 dos Campos aqui na Localiza<\/strong><\/h2>\n\n\n\n<p>Seja para viajar ou para realizar outras atividades na cidade, o aluguel de carros \u00e9 uma op\u00e7\u00e3o que garante mais autonomia e liberdade para voc\u00ea. Especialmente em uma regi\u00e3o grande e com tantas op\u00e7\u00f5es quanto o Vale do Para\u00edba, \u00e9 essencial contar com a praticidade que um ve\u00edculo oferece.<\/p>\n\n\n\n<p>Por isso, n\u00f3s, da Localiza, temos as melhores op\u00e7\u00f5es de aluguel de ve\u00edculos. Voc\u00ea pode escolher entre o melhor modelo para voc\u00ea no nosso <a href=\"https:\/\/www.localiza.com\/brasil\/pt-br\/grupos-de-carros\" target=\"_blank\" rel=\"noreferrer noopener\"><strong>grupo de carros<\/strong><\/a> e alugar a alternativa que atende suas principais necessidades quanto ao or\u00e7amento, espa\u00e7o interno e funcionalidades.<\/p>\n\n\n\n<h2 id=\"Como\"><strong>Como alugar um carro?<\/strong><\/h2>\n\n\n\n<div class=\"wp-block-image\"><figure class=\"aligncenter size-large is-resized\"><img loading=\"lazy\" src=\"\/wp-content\/uploads\/2023\/02\/iStock-1317866925-1-1024x683.jpg\" alt=\"Homem feliz dirigindo\" class=\"wp-image-4075\" width=\"578\" height=\"385\" srcset=\"\/wp-content\/uploads\/2023\/02\/iStock-1317866925-1-1024x683.jpg 1024w, \/wp-content\/uploads\/2023\/02\/iStock-1317866925-1-300x200.jpg 300w, \/wp-content\/uploads\/2023\/02\/iStock-1317866925-1-768x512.jpg 768w, \/wp-content\/uploads\/2023\/02\/iStock-1317866925-1.jpg 1254w\" sizes=\"(max-width: 578px) 100vw, 578px\" \/><\/figure><\/div>\n\n\n\n<p><strong>Alugar carro em S\u00e3o Jos\u00e9 dos Campos<\/strong> \u00e9 muito mais simples com a gente! Oferecemos praticidade para que voc\u00ea consiga alugar um carro online, pelo site ou aplicativo, ou diretamente em uma de nossas ag\u00eancias.<\/p>\n\n\n\n<p>Tamb\u00e9m \u00e9 poss\u00edvel fazer a reserva e retirar o ve\u00edculo presencialmente, no centro da cidade. A localiza\u00e7\u00e3o privilegiada da nossa ag\u00eancia tamb\u00e9m garante f\u00e1cil acesso para quem deseja alugar um ve\u00edculo no Vale do Para\u00edba.<\/p>\n\n\n\n<p>Se voc\u00ea precisa alugar por um per\u00edodo maior de tempo, n\u00e3o deixe de conhecer a op\u00e7\u00e3o do <a rel=\"noreferrer noopener\" href=\"https:\/\/www.localiza.com\/brasil\/pt-br\/mensal-flex\" target=\"_blank\"><strong>aluguel de carros mensal<\/strong><\/a>, com tarifas promocionais. Tire todas as suas d\u00favidas em nossa p\u00e1gina de <a rel=\"noreferrer noopener\" href=\"https:\/\/www.localiza.com\/brasil\/pt-br\/perguntas-frequentes\" target=\"_blank\"><strong>FAQ<\/strong><\/a> ou com nossos atendentes.<\/p>\n\n\n\n<p>Se voc\u00ea \u00e9 motorista de app, potencialize seus ganhos com <a href=\"https:\/\/zarp.localiza.com\/\" target=\"_blank\" rel=\"noreferrer noopener\">Zarp Localiza<\/a>. Conhe\u00e7a nossa ag\u00eancia onde voc\u00ea pode alugar carros pra rodar:<\/p>\n\n\n\n<ul><li><a href=\"https:\/\/zarp.localiza.com\/ofertas\/ACSJK\" target=\"_blank\" rel=\"noreferrer noopener\">Aluguel de carros para Uber em S\u00e3o Jos\u00e9 Campos<\/a><\/li><\/ul>\n\n\n\n<h2 id=\"O\"><strong>O que precisa para alugar um carro?<\/strong><\/h2>\n\n\n\n<p>Aqui, na Localiza, voc\u00ea aluga carros em S\u00e3o Jos\u00e9 dos Campos e outras regi\u00f5es do Brasil sem burocracia.<\/p>\n\n\n\n<p>Basta ter uma Carteira Nacional de Habilita\u00e7\u00e3o (CNH) na validade, fazer a reserva, realizar o pagamento, e voc\u00ea j\u00e1 poder\u00e1 retirar o ve\u00edculo na ag\u00eancia escolhida. \u00c9 r\u00e1pido, pr\u00e1tico e seguro, para que voc\u00ea tenha as melhores experi\u00eancias para onde precisar ir, seja em uma viagem a lazer, a trabalho ou em outros momentos especiais da sua vida.<\/p>\n\n\n\n<p>Com a gente voc\u00ea tamb\u00e9m participa do <a href=\"https:\/\/www.localiza.com\/brasil\/pt-br\/fidelidade\" target=\"_blank\" rel=\"noreferrer noopener\"><strong>Programa Fidelidade<\/strong><\/a>, acumulando pontos e benef\u00edcios a cada novo aluguel.<\/p>\n\n\n\n<h2 id=\"alugado\"><strong>\u00c9 permitido andar quantos km com o carro alugado?<\/strong><\/h2>\n\n\n\n<p>A quilometragem percorrida fica expl\u00edcita no contrato. \u00c9 poss\u00edvel optar por um aluguel que atenda \u00e0s suas principais necessidades, oferecendo ainda mais liberdade e seguran\u00e7a conforme a sua programa\u00e7\u00e3o.<\/p>\n\n\n\n<p>Se o limite de quilometragem exceder o permitido, pode ser cobrada uma di\u00e1ria. Por isso, preste aten\u00e7\u00e3o \u00e0s condi\u00e7\u00f5es em seu contrato.<\/p>\n\n\n\n<h2 id=\"fazer\"><strong>O que fazer em S\u00e3o Jos\u00e9 dos Campos?<\/strong><\/h2>\n\n\n\n<p><\/p>\n\n\n\n<div class=\"wp-block-image\"><figure class=\"aligncenter size-large is-resized\"><img loading=\"lazy\" src=\"\/wp-content\/uploads\/2023\/02\/iStock-1393381798-1-1-1024x575.jpg\" alt=\"vista da ponte de cabos em S\u00e3o Jos\u00e9 dos Campos\" class=\"wp-image-4074\" width=\"554\" height=\"310\" srcset=\"\/wp-content\/uploads\/2023\/02\/iStock-1393381798-1-1-1024x575.jpg 1024w, \/wp-content\/uploads\/2023\/02\/iStock-1393381798-1-1-300x169.jpg 300w, \/wp-content\/uploads\/2023\/02\/iStock-1393381798-1-1-768x431.jpg 768w, \/wp-content\/uploads\/2023\/02\/iStock-1393381798-1-1.jpg 1367w\" sizes=\"(max-width: 554px) 100vw, 554px\" \/><\/figure><\/div>\n\n\n\n<p>S\u00e3o Jos\u00e9 dos Campos \u00e9 uma cidade com diversas atra\u00e7\u00f5es para turistas de todas as idades e perfis. Seja para quem gosta de aventura, hist\u00f3ria, arquitetura ou simplesmente quer viajar, h\u00e1 muitas op\u00e7\u00f5es para se divertir e espantar o t\u00e9dio.<\/p>\n\n\n\n<p>De seus bel\u00edssimos parques a museus e memoriais que preservam a hist\u00f3ria da regi\u00e3o, seja por meio de seus artistas ou cientistas, o munic\u00edpio tem muito a ser conhecido e aproveitado.<\/p>\n\n\n\n<p>Nos pontos tur\u00edsticos da cidade est\u00e1 em destaque o Parque Municipal Roberto Burle Marx, tamb\u00e9m conhecido como Parque da Cidade. Ele possui uma imensa \u00e1rea verde, com obras arquitet\u00f4nicas de Rino Levi e trabalho paisag\u00edstico de Roberto Burle Marx, tornando o parque reconhecido internacionalmente.<\/p>\n\n\n\n<p>O Parque Vicentina Aranha tamb\u00e9m \u00e9 considerado um patrim\u00f4nio hist\u00f3rico da humanidade, sendo devidamente tombado pelo Conselho Municipal de Preserva\u00e7\u00e3o do Patrim\u00f4nio Hist\u00f3rico, Art\u00edstico, Paisag\u00edstico e Cultural do Munic\u00edpio de S\u00e3o Jos\u00e9 dos Campos e pelo Conselho de Defesa do Patrim\u00f4nio Hist\u00f3rico, Arqueol\u00f3gico, Art\u00edstico e Tur\u00edstico.<\/p>\n\n\n\n<p>Para os amantes da avia\u00e7\u00e3o, tamb\u00e9m vale fazer uma visita ao Memorial Aeroespacial Brasileiro (MAB), que conta a hist\u00f3ria da avia\u00e7\u00e3o brasileira e como a regi\u00e3o se tornou um dos mais importantes centros de pesquisa, ensino e desenvolvimento do setor aeroespacial em toda a Am\u00e9rica Latina.<\/p>\n\n\n\n<p>Entre as atra\u00e7\u00f5es hist\u00f3ricas e religiosas, o Museu de Arte Sacra faz bastante sucesso. Instalado na Capela Nossa Senhora Aparecida, ele foi inaugurado em 2007 e possui um grande acervo com paramentos, imagens, orat\u00f3rios, objetos lit\u00fargicos, bandeiras de prociss\u00e3o, livros religiosos e muitas outras pe\u00e7as, do s\u00e9culo XVIII ao XX, confeccionadas especialmente por artistas do Vale do Para\u00edba e proximidades.<\/p>\n\n\n\n<p>Descubra o melhor da cidade com o aluguel de carros em S\u00e3o Jos\u00e9 dos Campos, em S\u00e3o Paulo!<\/p>\n","protected":false},"template":"","meta":[],"categories":[2],"acf":{"canonicalTag":"https:\/\/www.localiza.com\/brasil\/pt-br\/rede-de-agencias\/sao-jose-dos-campos","descriptionTag":"Aluguel de Carros SJC com rapidez e seguran\u00e7a \u00e9 na Localiza! Conhe\u00e7a nossas ag\u00eancias e fa\u00e7a sua reserva. Alugue carro em SJC com a maior frota do Brasil.","cityName":"S\u00e3o Jos\u00e9 dos Campos","mainImage":"\/wp-content\/uploads\/2021\/09\/aluguel-de-carros-localiza-rede-de-agencias.png","production":true,"newVersion":false},"_links":{"self":[{"href":"https:\/\/canaisdigitaissitebr-wordpress.azurewebsites.net\/index.php\/wp-json\/wp\/v2\/paginas_cidades\/575"}],"collection":[{"href":"https:\/\/canaisdigitaissitebr-wordpress.azurewebsites.net\/index.php\/wp-json\/wp\/v2\/paginas_cidades"}],"about":[{"href":"https:\/\/canaisdigitaissitebr-wordpress.azurewebsites.net\/index.php\/wp-json\/wp\/v2\/types\/paginas_cidades"}],"wp:attachment":[{"href":"https:\/\/canaisdigitaissitebr-wordpress.azurewebsites.net\/index.php\/wp-json\/wp\/v2\/media?parent=575"}],"wp:term":[{"taxonomy":"category","embeddable":true,"href":"https:\/\/canaisdigitaissitebr-wordpress.azurewebsites.net\/index.php\/wp-json\/wp\/v2\/categories?post=575"}],"curies":[{"name":"wp","href":"https:\/\/api.w.org\/{rel}","templated":true}]}}