{"id":334,"date":"2023-11-28T13:06:28","date_gmt":"2023-11-28T16:06:28","guid":{"rendered":"http:\/\/canaisdigitaissitebr-wordpress.azurewebsites.net\/?post_type=paginas_cidades&#038;p=334"},"modified":"2024-07-30T15:51:47","modified_gmt":"2024-07-30T18:51:47","slug":"montes-claros","status":"publish","type":"paginas_cidades","link":"https:\/\/canaisdigitaissitebr-wordpress.azurewebsites.net\/index.php\/paginas_cidades\/montes-claros\/","title":{"rendered":"Aluguel de Carros em Montes Claros, MG, aluguel simples e r\u00e1pido"},"content":{"rendered":"\n<h1>Aluguel de carro em Montes Claros, MG<\/h1>\n\n\n\n<p>Est\u00e1 chegando ao norte de Minas Gerais e ainda n\u00e3o sabe como ser\u00e1 o seu transporte pela regi\u00e3o? Com o <strong>aluguel de carro em Montes Claros, MG<\/strong>, voc\u00ea tem mais tranquilidade, praticidade e liberdade para a sua experi\u00eancia, seja ela por f\u00e9rias ou para visitar a fam\u00edlia, por exemplo.<\/p>\n\n\n\n<p>A seguir, conhe\u00e7a todas as informa\u00e7\u00f5es que voc\u00ea precisa ter para alugar o seu ve\u00edculo aqui, na Localiza, e curtir momentos mais sossegados na cidade. Vamos l\u00e1?<\/p>\n\n\n\n<h2>Como funciona o aluguel de carro em Montes Claros, MG<\/h2>\n\n\n\n<p>Se tem uma coisa que \u00e9 f\u00e1cil, essa coisa \u00e9 o aluguel de carro em Montes Claros, MG.&nbsp;<\/p>\n\n\n\n<p>Voc\u00ea s\u00f3 precisa acessar ou visitar um de nossos meios de comunica\u00e7\u00e3o oficiais (site, app, Central de Reservas 24h ou balc\u00e3o da ag\u00eancia), escolher o grupo de ve\u00edculos ideal para a sua viagem, fazer sua reserva e comparecer no dia e hor\u00e1rio marcados.&nbsp;<\/p>\n\n\n\n<p>Depois disso, \u00e9 s\u00f3 pegar no volante, pisar no acelerador e curtir a sua liberdade.&nbsp;<\/p>\n\n\n\n<h3>Onde ficam as ag\u00eancias Localiza em Montes Claros, MG?<\/h3>\n\n\n\n<p>Os endere\u00e7os s\u00e3o:&nbsp;<\/p>\n\n\n\n<ul><li>No aeroporto \u2014 Avenida Aeroporto, S\/N, Jaragu\u00e1;<\/li><li>No shopping \u2014 Avenida Donato Quintino, 90, Cidade Nova;<\/li><li>No centro \u2014 Rua Santa Rita de C\u00e1ssia, 1035, S\u00e3o Jos\u00e9.<\/li><\/ul>\n\n\n\n<h3>O que \u00e9 necess\u00e1rio para alugar um carro em Montes Claros, MG?<\/h3>\n\n\n\n<p>Uma carteira de habilita\u00e7\u00e3o dentro da validade e um cart\u00e3o de cr\u00e9dito f\u00edsico no nome da pessoa que vai dirigir o ve\u00edculo. Mais simples, imposs\u00edvel, n\u00e9?&nbsp;<\/p>\n\n\n\n<h3>Como acontece a devolu\u00e7\u00e3o do carro alugado?<\/h3>\n\n\n\n<p>Como h\u00e1 mais de 650 ag\u00eancias Localiza no Brasil, <strong>voc\u00ea pode escolher fazer a devolu\u00e7\u00e3o do seu carro alugado na ag\u00eancia que quiser<\/strong>.<strong>\u00a0<\/strong><\/p>\n\n\n\n<p>Isso quer dizer que voc\u00ea pode pegar seu ve\u00edculo em uma ag\u00eancia de Montes Claros e devolv\u00ea-lo em uma ag\u00eancia de Belo Horizonte, por exemplo!&nbsp;<\/p>\n\n\n\n<p>Em casos como esse, \u00e9 necess\u00e1rio pagar uma taxa extra relativa ao retorno do ve\u00edculo para a ag\u00eancia de origem.<\/p>\n\n\n\n<h2>Quais s\u00e3o as vantagens de alugar um carro aqui, na Localiza?<\/h2>\n\n\n\n<p>\u00c9 uma lista de vantagens, veja s\u00f3:<\/p>\n\n\n\n<ul><li>Aqui, na Localiza, temos <strong>mais de 500 mil modelos de ve\u00edculos \u00e0 sua disposi\u00e7\u00e3o<\/strong>, todos constantemente revisados e prontos para uso;<\/li><li>Tamb\u00e9m temos <strong>atendimento de qualidade e agilidade <\/strong>em qualquer est\u00e1gio da sua loca\u00e7\u00e3o, da retirada \u00e0 devolu\u00e7\u00e3o, afinal, seu tempo \u00e9 precioso;&nbsp;<\/li><li>Somos flex\u00edveis ao que voc\u00ea precisa e podemos provar isso com as <strong>oportunidades de aluguel di\u00e1rio ou mensal,<\/strong> <strong>cancelamento gratuito<\/strong> at\u00e9 24 horas antes do in\u00edcio da loca\u00e7\u00e3o e<strong> toler\u00e2ncia na devolu\u00e7\u00e3o<\/strong> do ve\u00edculo, entre outros benef\u00edcios;<\/li><li>Temos servi\u00e7os e acess\u00f3rios, como limpeza garantida, cobertura para terceiros, cadeirinha para crian\u00e7as e beb\u00ea conforto, se tiver interesse;<\/li><li>Oferecemos um<a href=\"https:\/\/www.localiza.com\/brasil\/pt-br\/fidelidade\" target=\"_blank\" rel=\"noreferrer noopener\"> programa de fidelidade<\/a> que troca pontos por mais vantagens como atendimento preferencial, di\u00e1rias gr\u00e1tis e direito a um condutor adicional, entre outras;<\/li><li>Garantimos acesso a<a href=\"https:\/\/www.localiza.com\/brasil\/pt-br\/ofertas\" target=\"_blank\" rel=\"noreferrer noopener\"> ofertas<\/a> exclusivas, tanto nossas como de marcas parceiras.<\/li><\/ul>\n\n\n\n<h2>Quando reservar um carro?<\/h2>\n\n\n\n<p>N\u00e3o h\u00e1 exatamente um momento ideal para reservar um carro, mas a maioria das pessoas costuma reserv\u00e1-lo quando:&nbsp;<\/p>\n\n\n\n<ul><li>Querem <strong>mais conforto<\/strong> para viajar;&nbsp;<\/li><li>Precisam de <strong>mais autonomia<\/strong> durante um per\u00edodo;<\/li><li>Tem que deixar o <strong>carro pr\u00f3prio na manuten\u00e7\u00e3o<\/strong>;&nbsp;<\/li><li>Querem um carro que atenda as necessidades de uma <strong>rota espec\u00edfica<\/strong>.&nbsp;<\/li><\/ul>\n\n\n\n<h2>Como escolher o carro ideal para as suas necessidades?<\/h2>\n\n\n\n<p>A gente tem o melhor caminho para voc\u00ea escolher o<a href=\"https:\/\/www.localiza.com\/brasil\/pt-br\/grupos-de-carros\" target=\"_blank\" rel=\"noreferrer noopener\"> grupo de carros<\/a> ideal. Vem com a gente:<\/p>\n\n\n\n<ol><li>Considere o tipo de uso e as experi\u00eancias que voc\u00ea pretende ter em Montes Claros: voc\u00ea vai dirigir mais no asfalto ou em terra?;<\/li><li>Planeje seu roteiro e entenda se o seu aluguel ser\u00e1 para um uso mais pontual ou para rodar bastante;<\/li><li>Considere, tamb\u00e9m, o n\u00famero de pessoas que v\u00e3o com voc\u00ea no carro alugado e, consequentemente, a quantidade de malas que o porta-malas dever\u00e1 comportar.&nbsp;<\/li><\/ol>\n\n\n\n<p>Entendendo tudo isso, voc\u00ea j\u00e1 ter\u00e1 a sua resposta. Olha s\u00f3:&nbsp;<\/p>\n\n\n\n<ul><li>Voc\u00ea dirigir\u00e1 mais em circuitos urbanos e ter\u00e1 apenas um passageiro com voc\u00ea? <strong>Escolha os hatches econ\u00f4micos dos grupos B, C, CE, F ou FH<\/strong>;<\/li><li>Quer tudo o que tem direito ao cair na estrada, incluindo a tranquilidade de performar bem tanto nas rodovias como em algum trecho de terra? <strong>Escolha os utilit\u00e1rios esportivos dos grupos GC, GX ou LE<\/strong>;<\/li><li>Tem planos de transportar uma carga pesada ou mesmo entrar no meio do mato para uma experi\u00eancia de levantar poeira? <strong>Escolha as pick-ups e 4&#215;4 dos grupos P, V, VP ou NX<\/strong>.&nbsp;<\/li><\/ul>\n\n\n\n<p>Viu como \u00e9 simples?<\/p>\n\n\n\n<h2>Quantos KM se pode andar com carro alugado?<\/h2>\n\n\n\n<p>Quantos voc\u00ea quiser, mas depender\u00e1 do <strong>tipo de aluguel<\/strong> que voc\u00ea escolher.<strong>&nbsp;<\/strong><\/p>\n\n\n\n<p>No aluguel di\u00e1rio, voc\u00ea fica livre para rodar os quil\u00f4metros que for. J\u00e1 no<a href=\"https:\/\/www.localiza.com\/brasil\/pt-br\/mensal-flex\" target=\"_blank\" rel=\"noreferrer noopener\"> aluguel de carros mensal<\/a>, voc\u00ea escolhe entre planos de 1.000 a 5.000 quil\u00f4metros e roda dentro do limite pr\u00e9-determinado. Simples assim!<\/p>\n\n\n\n<h2>Por que alugar carro em Montes Claros, MG?<\/h2>\n\n\n\n<p>Porque <strong>ter uma experi\u00eancia mais livre, aut\u00f4noma e pr\u00e1tica de locomo\u00e7\u00e3o<\/strong> \u00e9 sempre mais prop\u00edcio, independente do que voc\u00ea pretende fazer em Montes Claros.<\/p>\n\n\n\n<h2>O que fazer em Montes Claros, MG?<\/h2>\n\n\n\n<p>Mais ao norte de Minas Gerais, Montes Claros est\u00e1 no meio de muitas das belezas naturais da regi\u00e3o. Para conhecer um pouco mais da cultura local e n\u00e3o perder oportunidades de contato com a natureza, reunimos algumas dicas para quem est\u00e1 chegando na cidade pela primeira vez:&nbsp;<\/p>\n\n\n\n<ul><li>Conhe\u00e7a o Mercado Municipal da cidade;&nbsp;<\/li><li>Visite o Museu Regional do Norte de Minas;&nbsp;<\/li><li>Fa\u00e7a a trilha da Cachoeira do Cedro, na cidade vizinha;&nbsp;<\/li><li>Aventure-se no Parque Estadual da Lapa Grande, tamb\u00e9m logo ao lado.&nbsp;<\/li><\/ul>\n\n\n\n<p>Se ainda tiver qualquer d\u00favida sobre o aluguel de carro em Montes Claros, MG, acesse nossa<a href=\"https:\/\/www.localiza.com\/brasil\/pt-br\/perguntas-frequentes\" target=\"_blank\" rel=\"noreferrer noopener\"> FAQ<\/a>. Depois, separe o protetor solar, os \u00f3culos escuros e boa viagem!<\/p>\n\n\n\n<figure class=\"wp-block-image size-large is-resized\"><a href=\"https:\/\/www.localiza.com\/brasil\/pt-br\/ofertas\/beneficio-fotoregistro?utm_source=parcerias&amp;utm_medium=beneficio-fotoregistro&amp;utm_campaign=destinos\"><img loading=\"lazy\" src=\"\/wp-content\/uploads\/2021\/02\/Banners_FOTOREGISTRO_Paginas_de_destino_1299_x_321-1-1024x254.png\" alt=\"Banner da parceria entre a Localiza e a empresa de revela\u00e7\u00e3o de fotos Foto Registro, que oferece desconto na revela\u00e7\u00e3o de fotografias para o cliente Localiza. \u00c9 necess\u00e1rio clicar para acessar a p\u00e1gina da promo\u00e7\u00e3o com as informa\u00e7\u00f5es do desconto\" class=\"wp-image-642\" width=\"768\" height=\"191\" srcset=\"\/wp-content\/uploads\/2021\/02\/Banners_FOTOREGISTRO_Paginas_de_destino_1299_x_321-1-1024x254.png 1024w, \/wp-content\/uploads\/2021\/02\/Banners_FOTOREGISTRO_Paginas_de_destino_1299_x_321-1-300x74.png 300w, \/wp-content\/uploads\/2021\/02\/Banners_FOTOREGISTRO_Paginas_de_destino_1299_x_321-1-768x190.png 768w, \/wp-content\/uploads\/2021\/02\/Banners_FOTOREGISTRO_Paginas_de_destino_1299_x_321-1.png 1300w\" sizes=\"(max-width: 768px) 100vw, 768px\" \/><\/a><\/figure>\n\n\n\n<p>Veja abaixo onde encontrar nossas&nbsp;ag\u00eancias de <strong>aluguel de carros em&nbsp;Montes Claros\/MG<\/strong>:\u200b\u200b\u200b\u200b<\/p>\n\n\n\n<table cellspacing=\"0\" width=\"100%\">\n   <tbody>\n      <tr>\n       <td style=\"width: 50%;\"><div style=\"overflow:hidden;width: 550px;position: relative;\"><iframe width=\"550\" height=\"440\" src=\"https:\/\/maps.google.com\/maps?width=550&amp;height=440&amp;hl=en&amp;q=localiza%20aeroporto%20montes%20claros+(T%C3%ADtulo)&amp;ie=UTF8&amp;t=&amp;z=13&amp;iwloc=B&amp;output=embed\" frameborder=\"0\" scrolling=\"no\" marginheight=\"0\" marginwidth=\"0\"><\/iframe><div style=\"position: absolute;width: 80%;bottom: 10px;left: 0;right: 0;margin-left: auto;margin-right: auto;color: #000;text-align: center;\"><small style=\"line-height: 1.8;font-size: 2px;background: #fff;\">Powered by <a href=\"https:\/\/embedgooglemaps.com\/it\/\">embedgooglemaps IT<\/a> &#038; <a href=\"https:\/\/lasagradafamiliatickets.de\/la-sagrada-familia-ticket\/\">tickets<\/a><\/small><\/div><style>#gmap_canvas img{max-width:none!important;background:none!important}<\/style><\/div><style>#gmap_canvas img{max-width:none!important;background:none!important}<\/style><\/div><style>#gmap_canvas img{max-width:none!important;background:none!important}<\/style><\/td>\n        \n\n<td style=\"width: 50%;\"><div style=\"overflow:hidden;width: 550px;position: relative;\"><iframe width=\"550\" height=\"440\" src=\"https:\/\/maps.google.com\/maps?width=550&amp;height=440&amp;hl=en&amp;q=localiza%20centro%20montes%20claros+(T%C3%ADtulo)&amp;ie=UTF8&amp;t=&amp;z=13&amp;iwloc=B&amp;output=embed\" frameborder=\"0\" scrolling=\"no\" marginheight=\"0\" marginwidth=\"0\"><\/iframe><div style=\"position: absolute;width: 80%;bottom: 10px;left: 0;right: 0;margin-left: auto;margin-right: auto;color: #000;text-align: center;\"><small style=\"line-height: 1.8;font-size: 2px;background: #fff;\">Powered by <a href=\"https:\/\/embedgooglemaps.com\/it\/\">https:\/\/embedgooglemaps.com\/it\/<\/a> &#038; <a href=\"https:\/\/lasagradafamiliatickets.de\/la-sagrada-familia-ticket\/\">hier buchen<\/a><\/small><\/div><style>#gmap_canvas img{max-width:none!important;background:none!important}<\/style><\/div><style>#gmap_canvas img{max-width:none!important;background:none!important}<\/style><\/td>\n      <\/tr>\n   <\/tbody>\n<\/table>\n","protected":false},"template":"","meta":[],"categories":[2],"acf":{"cityName":"Montes Claros","mainImage":"\/wp-content\/uploads\/2021\/09\/aluguel-de-carros-localiza-rede-de-agencias.png","production":true,"canonicalTag":"https:\/\/www.localiza.com\/brasil\/pt-br\/rede-de-agencias\/montes-claros","descriptionTag":"Alugue um Carro em Montes claros com praticidade e rapidez. Temos um excelente atendimento 24 horas para voc\u00ea curtir a sua viagem com seguran\u00e7a!"},"_links":{"self":[{"href":"https:\/\/canaisdigitaissitebr-wordpress.azurewebsites.net\/index.php\/wp-json\/wp\/v2\/paginas_cidades\/334"}],"collection":[{"href":"https:\/\/canaisdigitaissitebr-wordpress.azurewebsites.net\/index.php\/wp-json\/wp\/v2\/paginas_cidades"}],"about":[{"href":"https:\/\/canaisdigitaissitebr-wordpress.azurewebsites.net\/index.php\/wp-json\/wp\/v2\/types\/paginas_cidades"}],"wp:attachment":[{"href":"https:\/\/canaisdigitaissitebr-wordpress.azurewebsites.net\/index.php\/wp-json\/wp\/v2\/media?parent=334"}],"wp:term":[{"taxonomy":"category","embeddable":true,"href":"https:\/\/canaisdigitaissitebr-wordpress.azurewebsites.net\/index.php\/wp-json\/wp\/v2\/categories?post=334"}],"curies":[{"name":"wp","href":"https:\/\/api.w.org\/{rel}","templated":true}]}}