{"id":9465,"date":"2025-03-11T12:14:39","date_gmt":"2025-03-11T15:14:39","guid":{"rendered":"http:\/\/canaisdigitaissitebr-wordpress.azurewebsites.net\/?post_type=dicas_roteiros&#038;p=9465"},"modified":"2025-04-01T11:41:40","modified_gmt":"2025-04-01T14:41:40","slug":"festivales-de-musica-en-mexico-2025","status":"publish","type":"dicas_roteiros","link":"https:\/\/canaisdigitaissitebr-wordpress.azurewebsites.net\/index.php\/dicas_roteiros\/festivales-de-musica-en-mexico-2025\/","title":{"rendered":"Festivales de m\u00fasica en M\u00e9xico 2025"},"template":"","meta":[],"categories":[10],"acf":{"secondary_title":"Festivales de m\u00fasica en M\u00e9xico 2025 ","short_title":"Festivales de m\u00fasica en M\u00e9xico 2025 ","description":"Descubre los mejores festivales de m\u00fasica en M\u00e9xico 2025 y llega con libertad y comodidad en un auto rentado con Localiza. \u00a1Planifica tu viaje hoy!","content_summary":"Descubre los mejores festivales de m\u00fasica en M\u00e9xico 2025 y llega con libertad y comodidad en un auto rentado con Localiza. \u00a1Planifica tu viaje hoy!","featured_image":"\/wp-content\/uploads\/2025\/03\/amigos-festival-musical-mexico-diversion-escenario-banner.jpg","box_image":"\/wp-content\/uploads\/2025\/03\/amigos-festival-musical-mexico-diversion-escenario-box-1.jpg","box_featured_home_image":"\/wp-content\/uploads\/2025\/03\/amigos-festival-musical-mexico-diversion-escenario-destaque-1.jpg","main":true,"production":true,"country":"mexicoEspanhol","themes":["{\"value\": \"festas\", \"label\": \"Fiestas\", \"icon\": \"star\"}"],"content_field_01":"<h1><span data-contrast=\"auto\">Festivales de m\u00fasica en M\u00e9xico 2025<\/span><span data-ccp-props=\"{&quot;134245418&quot;:true,&quot;134245529&quot;:true,&quot;335559739&quot;:60}\">\u00a0<\/span><\/h1>\n<h2><span data-contrast=\"auto\">Vive la Experiencia con Localiza<\/span><span data-ccp-props=\"{}\">\u00a0<\/span><\/h2>\n<p><span data-contrast=\"auto\">M\u00e9xico se ha convertido en uno de los destinos favoritos para los amantes de la m\u00fasica y los festivales, gracias a sus incre\u00edbles ofertas que se ajustan a cada tipo de g\u00e9nero. Desde electr\u00f3nica, rock, regional mexicano, hasta el reggaeton, los festivales de m\u00fasica en M\u00e9xico 2025 prometen ser experiencias \u00fanicas para todos los gustos.<\/span><span data-ccp-props=\"{&quot;335559738&quot;:240,&quot;335559739&quot;:240}\">\u00a0<\/span><\/p>\n<p><span data-contrast=\"auto\">Si est\u00e1s planeando asistir a uno o varios de estos eventos, la mejor forma de moverte con seguridad y confort por todo el pa\u00eds es con un auto rentado en Localiza, la agencia de renta de autos mejor calificada por los usuarios.<\/span><span data-ccp-props=\"{&quot;335559738&quot;:240,&quot;335559739&quot;:240}\">\u00a0<\/span><\/p>\n<p><img loading=\"lazy\" class=\"alignnone wp-image-9466 size-full\" src=\"\/wp-content\/uploads\/2025\/03\/joven-feliz-festival-musica-mexico.jpg\" alt=\" Joven feliz disfruta de un festival en M\u00e9xico, celebrando mientras escucha a sus artistas favoritos en vivo. \" width=\"600\" height=\"400\" srcset=\"\/wp-content\/uploads\/2025\/03\/joven-feliz-festival-musica-mexico.jpg 600w, \/wp-content\/uploads\/2025\/03\/joven-feliz-festival-musica-mexico-300x200.jpg 300w\" sizes=\"(max-width: 600px) 100vw, 600px\" \/><\/p>\n<p><span data-contrast=\"auto\">A continuaci\u00f3n te vamos a contar el porqu\u00e9 debes asistir a un festival musical, los costos aproximados, la lista de art\u00edculos que no puedes olvidar llevar, y c\u00f3mo un auto rentado te har\u00e1 la vida m\u00e1s f\u00e1cil mientras disfrutas de la mejor escena musical completamente en vivo.<\/span><span data-ccp-props=\"{&quot;335559738&quot;:240,&quot;335559739&quot;:240}\">\u00a0<\/span><\/p>\n<h3><span data-contrast=\"auto\">\u00bfComenzamos?<\/span><span data-ccp-props=\"{&quot;335559738&quot;:240,&quot;335559739&quot;:240}\">\u00a0<\/span><\/h3>\n<h2 aria-level=\"2\"><span data-contrast=\"auto\">Razones para ir a un festival de m\u00fasica en M\u00e9xico<\/span><span data-ccp-props=\"{&quot;134245418&quot;:true,&quot;134245529&quot;:true,&quot;335559738&quot;:360,&quot;335559739&quot;:120}\">\u00a0<\/span><\/h2>\n<p><span data-contrast=\"auto\">Los festivales de m\u00fasica no solo son espect\u00e1culos donde puedes ver a tus artistas favoritos en persona, tambi\u00e9n son experiencias completas que incluyen comida, expresiones art\u00edsticas, muestras de cultura y por supuesto,la oportunidad de conocer personas con los mismos intereses.\u00a0<\/span><span data-ccp-props=\"{&quot;335559738&quot;:240,&quot;335559739&quot;:240}\">\u00a0<\/span><\/p>\n<h3><span data-contrast=\"auto\">Algunas razones para no perderte los festivales de m\u00fasica en M\u00e9xico 2025:<\/span><span data-ccp-props=\"{&quot;335559738&quot;:240,&quot;335559739&quot;:240}\">\u00a0<\/span><\/h3>\n<ul>\n<li data-leveltext=\"\u25cf\" data-font=\"\" data-listid=\"9\" data-list-defn-props=\"{&quot;335552541&quot;:1,&quot;335559685&quot;:720,&quot;335559991&quot;:360,&quot;469769242&quot;:[8226],&quot;469777803&quot;:&quot;left&quot;,&quot;469777804&quot;:&quot;\u25cf&quot;,&quot;469777815&quot;:&quot;multilevel&quot;}\" aria-setsize=\"-1\" data-aria-posinset=\"1\" data-aria-level=\"1\"><b><span data-contrast=\"auto\">Carteles internacionales y nacionales<\/span><\/b><span data-contrast=\"auto\">: Grandes artistas de todos los g\u00e9neros musicales se presentan en eventos dise\u00f1ados para hacerte pasar una incre\u00edble experiencia.<\/span><span data-ccp-props=\"{&quot;335559738&quot;:240}\">\u00a0<\/span><\/li>\n<li data-leveltext=\"\u25cf\" data-font=\"\" data-listid=\"9\" data-list-defn-props=\"{&quot;335552541&quot;:1,&quot;335559685&quot;:720,&quot;335559991&quot;:360,&quot;469769242&quot;:[8226],&quot;469777803&quot;:&quot;left&quot;,&quot;469777804&quot;:&quot;\u25cf&quot;,&quot;469777815&quot;:&quot;multilevel&quot;}\" aria-setsize=\"-1\" data-aria-posinset=\"1\" data-aria-level=\"1\"><b><span data-contrast=\"auto\">Ambiente inigualable<\/span><\/b><span data-contrast=\"auto\">: La energ\u00eda de un festival es diferente a la que te puedes encontrar en otros eventos musicales, incluso a la de un concierto regular.<\/span><span data-ccp-props=\"{}\">\u00a0<\/span><\/li>\n<li data-leveltext=\"\u25cf\" data-font=\"\" data-listid=\"9\" data-list-defn-props=\"{&quot;335552541&quot;:1,&quot;335559685&quot;:720,&quot;335559991&quot;:360,&quot;469769242&quot;:[8226],&quot;469777803&quot;:&quot;left&quot;,&quot;469777804&quot;:&quot;\u25cf&quot;,&quot;469777815&quot;:&quot;multilevel&quot;}\" aria-setsize=\"-1\" data-aria-posinset=\"1\" data-aria-level=\"1\"><b><span data-contrast=\"auto\">Experiencia de viaje<\/span><\/b><span data-contrast=\"auto\">: Muchos festivales se realizan en destinos tur\u00edsticos diferentes, lo que te permite combinar m\u00fasica y turismo en la misma aventura.<\/span><span data-ccp-props=\"{}\">\u00a0<\/span><\/li>\n<li data-leveltext=\"\u25cf\" data-font=\"\" data-listid=\"9\" data-list-defn-props=\"{&quot;335552541&quot;:1,&quot;335559685&quot;:720,&quot;335559991&quot;:360,&quot;469769242&quot;:[8226],&quot;469777803&quot;:&quot;left&quot;,&quot;469777804&quot;:&quot;\u25cf&quot;,&quot;469777815&quot;:&quot;multilevel&quot;}\" aria-setsize=\"-1\" data-aria-posinset=\"1\" data-aria-level=\"1\"><b><span data-contrast=\"auto\">Conexi\u00f3n con amigos y nuevos contactos<\/span><\/b><span data-contrast=\"auto\">: Los festivales de m\u00fasica en M\u00e9xico son el lugar perfecto para compartir momentos irrepetibles con amigos o hacer nuevas amistades.<\/span><span data-ccp-props=\"{&quot;335559739&quot;:240}\">\u00a0<\/span><\/li>\n<\/ul>\n<h2 aria-level=\"2\"><span data-contrast=\"auto\">Calendario de Festivales de M\u00fasica en M\u00e9xico 2025<\/span><span data-ccp-props=\"{&quot;134245418&quot;:true,&quot;134245529&quot;:true,&quot;335559738&quot;:360,&quot;335559739&quot;:120}\">\u00a0<\/span><\/h2>\n<p><span data-contrast=\"auto\">Si a\u00fan no est\u00e1s seguro de a que festival quieres ir, a continuaci\u00f3n, te presentamos un calendario con las fechas y lugares en las que se llevar\u00e1n a cabo los festivales m\u00e1s importantes del a\u00f1o.<\/span><span data-ccp-props=\"{&quot;335559738&quot;:240,&quot;335559739&quot;:240}\">\u00a0<\/span><\/p>\n<h3><span data-contrast=\"auto\">Crea tu propio Music Roadtrip con Localiza.<\/span><span data-ccp-props=\"{&quot;335559738&quot;:240,&quot;335559739&quot;:240}\">\u00a0<\/span><\/h3>\n<table style=\"font-weight: 400;\" data-tablestyle=\"MsoNormalTable\" data-tablelook=\"1536\" aria-rowcount=\"9\">\n<tbody>\n<tr aria-rowindex=\"1\">\n<td data-celllook=\"69905\">\n<p style=\"text-align: center;\"><b><span data-contrast=\"auto\">Festival<\/span><\/b><span data-ccp-props=\"{&quot;134245417&quot;:false,&quot;201341983&quot;:0,&quot;335559740&quot;:240}\">\u00a0<\/span><\/p>\n<\/td>\n<td style=\"text-align: center;\" data-celllook=\"69905\"><b><span data-contrast=\"auto\">Fecha<\/span><\/b><span data-ccp-props=\"{&quot;134245417&quot;:false,&quot;201341983&quot;:0,&quot;335559740&quot;:240}\">\u00a0<\/span><\/td>\n<td style=\"text-align: center;\" data-celllook=\"69905\"><b><span data-contrast=\"auto\">Ubicaci\u00f3n<\/span><\/b><span data-ccp-props=\"{&quot;134245417&quot;:false,&quot;201341983&quot;:0,&quot;335559740&quot;:240}\">\u00a0<\/span><\/td>\n<td style=\"text-align: center;\" data-celllook=\"69905\"><b><span data-contrast=\"auto\">G\u00e9nero<\/span><\/b><span data-ccp-props=\"{&quot;134245417&quot;:false,&quot;201341983&quot;:0,&quot;335559740&quot;:240}\">\u00a0<\/span><\/td>\n<\/tr>\n<tr aria-rowindex=\"2\">\n<td data-celllook=\"69905\"><span data-contrast=\"auto\"><a href=\"https:\/\/www.localiza.com\/mexico\/es-mx\/viaja-en-auto\/festivales-de-musica-en-mexico-2025#aqua-color-fest-mexico\">Aqua Color Fest M\u00e9xico<\/a><\/span><span data-ccp-props=\"{}\">\u00a0<\/span><\/td>\n<td data-celllook=\"69905\">\n<p style=\"text-align: center;\"><span data-contrast=\"auto\">9 &#8211; 10 de agosto<\/span><span data-ccp-props=\"{}\">\u00a0<\/span><\/p>\n<\/td>\n<td data-celllook=\"69905\">\n<p style=\"text-align: center;\"><span data-contrast=\"auto\">Ixmiquilpan, Hidalgo.<\/span><span data-ccp-props=\"{}\">\u00a0<\/span><\/p>\n<\/td>\n<td data-celllook=\"69905\"><span data-contrast=\"auto\">Electr\u00f3nica, <\/span><span data-contrast=\"auto\">Urbano<\/span><span data-ccp-props=\"{}\">\u00a0<\/span><\/td>\n<\/tr>\n<tr aria-rowindex=\"3\">\n<td data-celllook=\"69905\"><span data-contrast=\"auto\"><a href=\"https:\/\/www.localiza.com\/mexico\/es-mx\/viaja-en-auto\/festivales-de-musica-en-mexico-2025#coordenada\">Coordenada<\/a><\/span><span data-ccp-props=\"{}\">\u00a0<\/span><\/td>\n<td data-celllook=\"69905\">\n<p style=\"text-align: center;\"><span data-contrast=\"auto\">18 &#8211; 19 de octubre<\/span><span data-ccp-props=\"{}\">\u00a0<\/span><\/p>\n<\/td>\n<td data-celllook=\"69905\">\n<p style=\"text-align: center;\"><span data-contrast=\"auto\">Guadalajara, Jalisco.<\/span><span data-ccp-props=\"{}\">\u00a0<\/span><\/p>\n<\/td>\n<td data-celllook=\"69905\"><span data-contrast=\"auto\">Rock, <\/span><span data-contrast=\"auto\">Alternativo.<\/span><span data-ccp-props=\"{}\">\u00a0<\/span><\/td>\n<\/tr>\n<tr aria-rowindex=\"4\">\n<td data-celllook=\"69905\"><span data-contrast=\"auto\"><a href=\"https:\/\/www.localiza.com\/mexico\/es-mx\/viaja-en-auto\/festivales-de-musica-en-mexico-2025#corona-capital\">Corona Capital<\/a><\/span><span data-ccp-props=\"{&quot;134245417&quot;:false,&quot;201341983&quot;:0,&quot;335559740&quot;:240}\">\u00a0<\/span><\/td>\n<td data-celllook=\"69905\">\n<p style=\"text-align: center;\"><span data-contrast=\"auto\">15 &#8211; 17 de noviembre<\/span><span data-ccp-props=\"{&quot;134245417&quot;:false,&quot;201341983&quot;:0,&quot;335559740&quot;:240}\">\u00a0<\/span><\/p>\n<\/td>\n<td data-celllook=\"69905\">\n<p style=\"text-align: center;\"><span data-contrast=\"auto\">CDMX.<\/span><span data-ccp-props=\"{&quot;134245417&quot;:false,&quot;201341983&quot;:0,&quot;335559740&quot;:240}\">\u00a0<\/span><\/p>\n<\/td>\n<td data-celllook=\"69905\"><span data-contrast=\"auto\">Indie, <\/span><span data-contrast=\"auto\">Rock, <\/span><span data-contrast=\"auto\">Electr\u00f3nica.<\/span><span data-ccp-props=\"{&quot;134245417&quot;:false,&quot;201341983&quot;:0,&quot;335559740&quot;:240}\">\u00a0<\/span><\/td>\n<\/tr>\n<tr aria-rowindex=\"5\">\n<td data-celllook=\"69905\"><span data-contrast=\"auto\"><a href=\"https:\/\/www.localiza.com\/mexico\/es-mx\/viaja-en-auto\/festivales-de-musica-en-mexico-2025#festival-ceremonia\">Festival Ceremonia<\/a><\/span><span data-ccp-props=\"{}\">\u00a0<\/span><\/td>\n<td data-celllook=\"69905\">\n<p style=\"text-align: center;\"><span data-contrast=\"auto\">5 &#8211; 6 de abril<\/span><span data-ccp-props=\"{}\">\u00a0<\/span><\/p>\n<\/td>\n<td data-celllook=\"69905\">\n<p style=\"text-align: center;\"><span data-contrast=\"auto\">CDMX.<\/span><span data-ccp-props=\"{}\">\u00a0<\/span><\/p>\n<\/td>\n<td data-celllook=\"69905\"><span data-contrast=\"auto\">Hip-hop, <\/span><span data-contrast=\"auto\">Experimental, <\/span><span data-contrast=\"auto\">Electr\u00f3nica.<\/span><span data-ccp-props=\"{&quot;134245417&quot;:false,&quot;201341983&quot;:0,&quot;335559740&quot;:240}\">\u00a0<\/span><\/td>\n<\/tr>\n<tr aria-rowindex=\"6\">\n<td data-celllook=\"69905\"><span data-contrast=\"auto\"><a href=\"https:\/\/www.localiza.com\/mexico\/es-mx\/viaja-en-auto\/festivales-de-musica-en-mexico-2025#vive-latino\">Vive Latino<\/a><\/span><span data-ccp-props=\"{}\">\u00a0<\/span><\/td>\n<td data-celllook=\"69905\">\n<p style=\"text-align: center;\"><span data-contrast=\"auto\">15 &#8211; 16 de marzo<\/span><span data-ccp-props=\"{}\">\u00a0<\/span><\/p>\n<\/td>\n<td data-celllook=\"69905\">\n<p style=\"text-align: center;\"><span data-contrast=\"auto\">CDMX.<\/span><span data-ccp-props=\"{}\">\u00a0<\/span><\/p>\n<\/td>\n<td data-celllook=\"69905\"><span data-contrast=\"auto\">Rock en espa\u00f1ol.<\/span><span data-ccp-props=\"{}\">\u00a0<\/span><\/td>\n<\/tr>\n<tr aria-rowindex=\"7\">\n<td data-celllook=\"69905\"><span data-contrast=\"auto\"><a href=\"https:\/\/www.localiza.com\/mexico\/es-mx\/viaja-en-auto\/festivales-de-musica-en-mexico-2025#hell-and-heaven\">Hell and Heaven<\/a><\/span><span data-ccp-props=\"{}\">\u00a0<\/span><\/td>\n<td data-celllook=\"69905\">\n<p style=\"text-align: center;\"><span data-contrast=\"auto\">Por confirmar<\/span><span data-ccp-props=\"{}\">\u00a0<\/span><\/p>\n<\/td>\n<td data-celllook=\"69905\">\n<p style=\"text-align: center;\"><span data-contrast=\"auto\">Por confirmar.<\/span><span data-ccp-props=\"{}\">\u00a0<\/span><\/p>\n<\/td>\n<td data-celllook=\"69905\"><span data-contrast=\"auto\">Metal, <\/span><span data-contrast=\"auto\">Rock pesado.<\/span><span data-ccp-props=\"{}\">\u00a0<\/span><\/td>\n<\/tr>\n<tr aria-rowindex=\"8\">\n<td data-celllook=\"69905\"><span data-contrast=\"auto\"><a href=\"https:\/\/www.localiza.com\/mexico\/es-mx\/viaja-en-auto\/festivales-de-musica-en-mexico-2025#hellow-festival\">Hellow Festival<\/a><\/span><span data-ccp-props=\"{}\">\u00a0<\/span><\/td>\n<td data-celllook=\"69905\">\n<p style=\"text-align: center;\"><span data-contrast=\"auto\">Por confirmar<\/span><span data-ccp-props=\"{}\">\u00a0<\/span><\/p>\n<\/td>\n<td data-celllook=\"69905\">\n<p style=\"text-align: center;\"><span data-contrast=\"auto\">Por confirmar.<\/span><span data-ccp-props=\"{}\">\u00a0<\/span><\/p>\n<\/td>\n<td data-celllook=\"69905\"><span data-contrast=\"auto\">Pop, <\/span><span data-contrast=\"auto\">Indie, <\/span><span data-contrast=\"auto\">Alternativo.<\/span><span data-ccp-props=\"{}\">\u00a0<\/span><\/td>\n<\/tr>\n<tr aria-rowindex=\"9\">\n<td style=\"text-align: center;\" data-celllook=\"69905\">\n<p style=\"text-align: left;\"><span data-contrast=\"auto\"><a href=\"https:\/\/www.localiza.com\/mexico\/es-mx\/viaja-en-auto\/festivales-de-musica-en-mexico-2025#tecate-pal-norte\">Tecate Pal Norte<\/a><\/span><span data-ccp-props=\"{}\">\u00a0<\/span><\/p>\n<\/td>\n<td style=\"text-align: center;\" data-celllook=\"69905\"><span data-contrast=\"auto\">4 &#8211; 6 de abril<\/span><span data-ccp-props=\"{}\">\u00a0<\/span><\/td>\n<td style=\"text-align: center;\" data-celllook=\"69905\"><span data-contrast=\"auto\">Monterrey, Nuevo Le\u00f3n.<\/span><span data-ccp-props=\"{}\">\u00a0<\/span><\/td>\n<td data-celllook=\"69905\">\n<p style=\"text-align: left;\"><span data-contrast=\"auto\">Rock, <\/span><span data-contrast=\"auto\">Pop, <\/span><span data-contrast=\"auto\">Electr\u00f3nica.<\/span><span data-ccp-props=\"{}\">\u00a0<\/span><\/p>\n<\/td>\n<\/tr>\n<\/tbody>\n<\/table>\n<h2><b><span data-contrast=\"auto\">Los mejores festivales de m\u00fasica en M\u00e9xico 2025<\/span><\/b><span data-ccp-props=\"{&quot;335559738&quot;:240,&quot;335559739&quot;:240}\">\u00a0<\/span><\/h2>\n<h3 id=\"aqua-color-fest-mexico\"><span data-contrast=\"none\"> Aqua Color Fest M\u00e9xico<\/span><\/h3>\n<ul>\n<li data-leveltext=\"\u25cf\" data-font=\"\" data-listid=\"2\" data-list-defn-props=\"{&quot;335552541&quot;:1,&quot;335559685&quot;:720,&quot;335559991&quot;:360,&quot;469769242&quot;:[8226],&quot;469777803&quot;:&quot;left&quot;,&quot;469777804&quot;:&quot;\u25cf&quot;,&quot;469777815&quot;:&quot;multilevel&quot;}\" aria-setsize=\"-1\" data-aria-posinset=\"1\" data-aria-level=\"1\"><b><span data-contrast=\"auto\">Ubicaci\u00f3n:<\/span><\/b><span data-contrast=\"auto\"> Parque Acu\u00e1tico Valle Para\u00edso, Ixmiquilpan, Hidalgo.<\/span><span data-ccp-props=\"{&quot;335559738&quot;:240}\">\u00a0<\/span><\/li>\n<li data-leveltext=\"\u25cf\" data-font=\"\" data-listid=\"2\" data-list-defn-props=\"{&quot;335552541&quot;:1,&quot;335559685&quot;:720,&quot;335559991&quot;:360,&quot;469769242&quot;:[8226],&quot;469777803&quot;:&quot;left&quot;,&quot;469777804&quot;:&quot;\u25cf&quot;,&quot;469777815&quot;:&quot;multilevel&quot;}\" aria-setsize=\"-1\" data-aria-posinset=\"1\" data-aria-level=\"1\"><b><span data-contrast=\"auto\">Fecha: <\/span><\/b><span data-contrast=\"auto\">Del 9 al 10 de agosto del 2025.<\/span><span data-ccp-props=\"{}\">\u00a0<\/span><\/li>\n<li data-leveltext=\"\u25cf\" data-font=\"\" data-listid=\"2\" data-list-defn-props=\"{&quot;335552541&quot;:1,&quot;335559685&quot;:720,&quot;335559991&quot;:360,&quot;469769242&quot;:[8226],&quot;469777803&quot;:&quot;left&quot;,&quot;469777804&quot;:&quot;\u25cf&quot;,&quot;469777815&quot;:&quot;multilevel&quot;}\" aria-setsize=\"-1\" data-aria-posinset=\"1\" data-aria-level=\"1\"><b><span data-contrast=\"auto\">G\u00e9nero:<\/span><\/b><span data-contrast=\"auto\"> Electr\u00f3nica y m\u00fasica urbana<\/span><span data-ccp-props=\"{}\">\u00a0<\/span><\/li>\n<li data-leveltext=\"\u25cf\" data-font=\"\" data-listid=\"2\" data-list-defn-props=\"{&quot;335552541&quot;:1,&quot;335559685&quot;:720,&quot;335559991&quot;:360,&quot;469769242&quot;:[8226],&quot;469777803&quot;:&quot;left&quot;,&quot;469777804&quot;:&quot;\u25cf&quot;,&quot;469777815&quot;:&quot;multilevel&quot;}\" aria-setsize=\"-1\" data-aria-posinset=\"1\" data-aria-level=\"1\"><b><span data-contrast=\"auto\">Costos: <\/span><\/b><span data-contrast=\"auto\">Los boletos cambian de costo en cada fase, pero oscilan en un precio entre $999 y $3,900 pesos mexicanos.<\/span><span data-ccp-props=\"{}\">\u00a0<\/span><\/li>\n<li data-leveltext=\"\u25cf\" data-font=\"\" data-listid=\"2\" data-list-defn-props=\"{&quot;335552541&quot;:1,&quot;335559685&quot;:720,&quot;335559991&quot;:360,&quot;469769242&quot;:[8226],&quot;469777803&quot;:&quot;left&quot;,&quot;469777804&quot;:&quot;\u25cf&quot;,&quot;469777815&quot;:&quot;multilevel&quot;}\" aria-setsize=\"-1\" data-aria-posinset=\"1\" data-aria-level=\"1\"><b><span data-contrast=\"auto\">Descripci\u00f3n:<\/span><\/b><span data-contrast=\"auto\"> Uno de los festivales m\u00e1s coloridos, donde la m\u00fasica se mezcla con polvos de colores y espect\u00e1culos visuales. Este festival es famoso por su energ\u00eda vibrante y su ambiente festivo, atrayendo a miles de asistentes (nacionales e internacionales) cada a\u00f1o.<\/span><span data-ccp-props=\"{&quot;335559739&quot;:240}\">\u00a0<\/span><\/li>\n<\/ul>\n<p><span data-contrast=\"auto\">Hay distintas formas de llegar al Aqua Color Fest 2025, pero nosotros te recomendamos iniciar tu aventura en alguna de nuestras sucursales <\/span><a href=\"https:\/\/www.localiza.com\/mexico\/es-mx\/renta-de-autos\/ciudad-de-mexico\"><span data-contrast=\"none\">Localiza<\/span><\/a><a href=\"https:\/\/www.localiza.com\/mexico\/es-mx\/renta-de-autos\/ciudad-de-mexico\"><span data-contrast=\"none\"> en la Ciudad de M\u00e9xico.<\/span><\/a><span data-ccp-props=\"{&quot;335559738&quot;:240,&quot;335559739&quot;:240}\">\u00a0<\/span><\/p>\n<p><img loading=\"lazy\" class=\"size-full wp-image-9467\" src=\"\/wp-content\/uploads\/2025\/03\/artista-baja-beach-fest-2025-rosarito-mar.jpg\" alt=\"Cantante en el Baja Beach Fest 2025 actuando en el escenario con la playa de Rosarito y el mar turquesa detr\u00e1s. \" width=\"600\" height=\"400\" srcset=\"\/wp-content\/uploads\/2025\/03\/artista-baja-beach-fest-2025-rosarito-mar.jpg 600w, \/wp-content\/uploads\/2025\/03\/artista-baja-beach-fest-2025-rosarito-mar-300x200.jpg 300w\" sizes=\"(max-width: 600px) 100vw, 600px\" \/><\/p>\n<h3 id=\"coordenada\"><span data-contrast=\"none\">Coordenada<\/span><\/h3>\n<ul>\n<li data-leveltext=\"\u25cf\" data-font=\"\" data-listid=\"12\" data-list-defn-props=\"{&quot;335552541&quot;:1,&quot;335559685&quot;:720,&quot;335559991&quot;:360,&quot;469769242&quot;:[8226],&quot;469777803&quot;:&quot;left&quot;,&quot;469777804&quot;:&quot;\u25cf&quot;,&quot;469777815&quot;:&quot;multilevel&quot;}\" aria-setsize=\"-1\" data-aria-posinset=\"1\" data-aria-level=\"1\"><b><span data-contrast=\"auto\">Ubicaci\u00f3n:<\/span><\/b><span data-contrast=\"auto\"> Guadalajara, Jalisco<\/span><span data-ccp-props=\"{&quot;335559738&quot;:240}\">\u00a0<\/span><\/li>\n<li data-leveltext=\"\u25cf\" data-font=\"\" data-listid=\"12\" data-list-defn-props=\"{&quot;335552541&quot;:1,&quot;335559685&quot;:720,&quot;335559991&quot;:360,&quot;469769242&quot;:[8226],&quot;469777803&quot;:&quot;left&quot;,&quot;469777804&quot;:&quot;\u25cf&quot;,&quot;469777815&quot;:&quot;multilevel&quot;}\" aria-setsize=\"-1\" data-aria-posinset=\"1\" data-aria-level=\"1\"><b><span data-contrast=\"auto\">Fecha: <\/span><\/b><span data-contrast=\"auto\">18 y 19 de octubre del 2025.<\/span><span data-ccp-props=\"{}\">\u00a0<\/span><\/li>\n<li data-leveltext=\"\u25cf\" data-font=\"\" data-listid=\"12\" data-list-defn-props=\"{&quot;335552541&quot;:1,&quot;335559685&quot;:720,&quot;335559991&quot;:360,&quot;469769242&quot;:[8226],&quot;469777803&quot;:&quot;left&quot;,&quot;469777804&quot;:&quot;\u25cf&quot;,&quot;469777815&quot;:&quot;multilevel&quot;}\" aria-setsize=\"-1\" data-aria-posinset=\"1\" data-aria-level=\"1\"><b><span data-contrast=\"auto\">G\u00e9nero:<\/span><\/b><span data-contrast=\"auto\"> Rock y alternativo<\/span><span data-ccp-props=\"{}\">\u00a0<\/span><\/li>\n<li data-leveltext=\"\u25cf\" data-font=\"\" data-listid=\"12\" data-list-defn-props=\"{&quot;335552541&quot;:1,&quot;335559685&quot;:720,&quot;335559991&quot;:360,&quot;469769242&quot;:[8226],&quot;469777803&quot;:&quot;left&quot;,&quot;469777804&quot;:&quot;\u25cf&quot;,&quot;469777815&quot;:&quot;multilevel&quot;}\" aria-setsize=\"-1\" data-aria-posinset=\"1\" data-aria-level=\"1\"><b><span data-contrast=\"auto\">Costos: <\/span><\/b><span data-contrast=\"auto\">El precio de los boletos para el festival Coordenada 2025 aun est\u00e1n proximos a confirmar.<\/span><span data-ccp-props=\"{}\">\u00a0<\/span><\/li>\n<li data-leveltext=\"\u25cf\" data-font=\"\" data-listid=\"12\" data-list-defn-props=\"{&quot;335552541&quot;:1,&quot;335559685&quot;:720,&quot;335559991&quot;:360,&quot;469769242&quot;:[8226],&quot;469777803&quot;:&quot;left&quot;,&quot;469777804&quot;:&quot;\u25cf&quot;,&quot;469777815&quot;:&quot;multilevel&quot;}\" aria-setsize=\"-1\" data-aria-posinset=\"1\" data-aria-level=\"1\"><b><span data-contrast=\"auto\">Descripci\u00f3n:<\/span><\/b><span data-contrast=\"auto\"> Uno de los festivales de m\u00fasica m\u00e1s esperados en el occidente del pa\u00eds, con bandas de talla internacional y nacional. El festival Coordenada 2025, ofrece una experiencia integral con una amplia variedad de opciones en alimentos, actividades para complementar la m\u00fasica en vivo y arte urbano que no te puedes perder.<\/span><span data-ccp-props=\"{&quot;335559739&quot;:240}\">\u00a0<\/span><\/li>\n<\/ul>\n<p><span data-contrast=\"auto\">Visitar la perla tapat\u00eda es una de las mejores experiencias para cualquier viajero, llega al Coordenada fest 2025 rentando un auto en <\/span><a href=\"https:\/\/www.localiza.com\/mexico\/es-mx\/renta-de-autos\/guadalajara?gad_source=1\"><span data-contrast=\"none\">Localiza Guadalajara<\/span><\/a><span data-contrast=\"auto\"> y olv\u00eddate de los complicados tr\u00e1mites de renta.<\/span><span data-ccp-props=\"{&quot;335559738&quot;:240,&quot;335559739&quot;:240}\">\u00a0<\/span><\/p>\n<h3 id=\"vive-latino\"><span data-contrast=\"none\">Vive Latino<\/span><\/h3>\n<ul>\n<li data-leveltext=\"\u25cf\" data-font=\"\" data-listid=\"11\" data-list-defn-props=\"{&quot;335552541&quot;:1,&quot;335559685&quot;:720,&quot;335559991&quot;:360,&quot;469769242&quot;:[8226],&quot;469777803&quot;:&quot;left&quot;,&quot;469777804&quot;:&quot;\u25cf&quot;,&quot;469777815&quot;:&quot;multilevel&quot;}\" aria-setsize=\"-1\" data-aria-posinset=\"1\" data-aria-level=\"1\"><b><span data-contrast=\"auto\">Ubicaci\u00f3n:<\/span><\/b><span data-contrast=\"auto\"> Autodromo Hermanos Rodr\u00edguez, Ciudad de M\u00e9xico.<\/span><span data-ccp-props=\"{&quot;335559738&quot;:240}\">\u00a0<\/span><\/li>\n<li data-leveltext=\"\u25cf\" data-font=\"\" data-listid=\"11\" data-list-defn-props=\"{&quot;335552541&quot;:1,&quot;335559685&quot;:720,&quot;335559991&quot;:360,&quot;469769242&quot;:[8226],&quot;469777803&quot;:&quot;left&quot;,&quot;469777804&quot;:&quot;\u25cf&quot;,&quot;469777815&quot;:&quot;multilevel&quot;}\" aria-setsize=\"-1\" data-aria-posinset=\"1\" data-aria-level=\"1\"><b><span data-contrast=\"auto\">Fecha: <\/span><\/b><span data-contrast=\"auto\">15 y 16 de marzo del 2025.<\/span><span data-ccp-props=\"{}\">\u00a0<\/span><\/li>\n<li data-leveltext=\"\u25cf\" data-font=\"\" data-listid=\"11\" data-list-defn-props=\"{&quot;335552541&quot;:1,&quot;335559685&quot;:720,&quot;335559991&quot;:360,&quot;469769242&quot;:[8226],&quot;469777803&quot;:&quot;left&quot;,&quot;469777804&quot;:&quot;\u25cf&quot;,&quot;469777815&quot;:&quot;multilevel&quot;}\" aria-setsize=\"-1\" data-aria-posinset=\"1\" data-aria-level=\"1\"><b><span data-contrast=\"auto\">G\u00e9nero:<\/span><\/b><span data-contrast=\"auto\"> Rock en espa\u00f1ol.<\/span><span data-ccp-props=\"{}\">\u00a0<\/span><\/li>\n<li data-leveltext=\"\u25cf\" data-font=\"\" data-listid=\"11\" data-list-defn-props=\"{&quot;335552541&quot;:1,&quot;335559685&quot;:720,&quot;335559991&quot;:360,&quot;469769242&quot;:[8226],&quot;469777803&quot;:&quot;left&quot;,&quot;469777804&quot;:&quot;\u25cf&quot;,&quot;469777815&quot;:&quot;multilevel&quot;}\" aria-setsize=\"-1\" data-aria-posinset=\"1\" data-aria-level=\"1\"><b><span data-contrast=\"auto\">Costos: <\/span><\/b><span data-contrast=\"auto\">El abono general (pase de dos d\u00edas) tiene un precio de $3,850 pesos mexicanos y el abono individual (pase por d\u00eda, s\u00e1bado o domingo) tiene un costo de $2,950 pesos mexicanos.<\/span><span data-ccp-props=\"{}\">\u00a0<\/span><\/li>\n<li data-leveltext=\"\u25cf\" data-font=\"\" data-listid=\"11\" data-list-defn-props=\"{&quot;335552541&quot;:1,&quot;335559685&quot;:720,&quot;335559991&quot;:360,&quot;469769242&quot;:[8226],&quot;469777803&quot;:&quot;left&quot;,&quot;469777804&quot;:&quot;\u25cf&quot;,&quot;469777815&quot;:&quot;multilevel&quot;}\" aria-setsize=\"-1\" data-aria-posinset=\"1\" data-aria-level=\"1\"><b><span data-contrast=\"auto\">Descripci\u00f3n:<\/span><\/b><span data-contrast=\"auto\"> Un festival emblem\u00e1tico con los mejores exponentes del rock y la m\u00fasica alternativa en espa\u00f1ol. Su historia y legado lo hacen un imperdible para los amantes del g\u00e9nero y cualquiera que est\u00e9 buscando una aventura musical fuera de lo convencional.<\/span><span data-ccp-props=\"{&quot;335559739&quot;:240}\">\u00a0<\/span><\/li>\n<\/ul>\n<p><span data-contrast=\"auto\">La sede del Vive Latino 2025 se encuentra en Av, Viad. R\u00edo de la Piedad S\/n, Granjas M\u00e9xico, Iztacalco, 08400 Iztacalco, CDMX. Puedes llegar a ella desde diferentes puntos de la ciudad, pero recuerda hacerlo en un auto rentado con nosotros, visita las sucursales <\/span><a href=\"https:\/\/www.localiza.com\/mexico\/es-mx\/renta-de-autos\/ciudad-de-mexico\"><span data-contrast=\"none\">Localiza Ciudad de M\u00e9xico<\/span><\/a><span data-contrast=\"auto\"> y descubre la mejor forma de llegar a tu destino.<\/span><span data-ccp-props=\"{&quot;335559738&quot;:240,&quot;335559739&quot;:240}\">\u00a0<\/span><\/p>\n<h3 id=\"corona-capital\"><span data-contrast=\"none\">Corona Capital<\/span><\/h3>\n<ul>\n<li data-leveltext=\"\u25cf\" data-font=\"\" data-listid=\"7\" data-list-defn-props=\"{&quot;335552541&quot;:1,&quot;335559685&quot;:720,&quot;335559991&quot;:360,&quot;469769242&quot;:[8226],&quot;469777803&quot;:&quot;left&quot;,&quot;469777804&quot;:&quot;\u25cf&quot;,&quot;469777815&quot;:&quot;multilevel&quot;}\" aria-setsize=\"-1\" data-aria-posinset=\"1\" data-aria-level=\"1\"><b><span data-contrast=\"auto\">Ubicaci\u00f3n:<\/span><\/b><span data-contrast=\"auto\"> Autodromo Hermanos Rodr\u00edguez, CDMX.<\/span><span data-ccp-props=\"{&quot;335559738&quot;:240}\">\u00a0<\/span><\/li>\n<li data-leveltext=\"\u25cf\" data-font=\"\" data-listid=\"7\" data-list-defn-props=\"{&quot;335552541&quot;:1,&quot;335559685&quot;:720,&quot;335559991&quot;:360,&quot;469769242&quot;:[8226],&quot;469777803&quot;:&quot;left&quot;,&quot;469777804&quot;:&quot;\u25cf&quot;,&quot;469777815&quot;:&quot;multilevel&quot;}\" aria-setsize=\"-1\" data-aria-posinset=\"1\" data-aria-level=\"1\"><b><span data-contrast=\"auto\">Fecha: <\/span><\/b><span data-contrast=\"auto\">Del 15 al 17 de noviembre del 2025.<\/span><span data-ccp-props=\"{}\">\u00a0<\/span><\/li>\n<li data-leveltext=\"\u25cf\" data-font=\"\" data-listid=\"7\" data-list-defn-props=\"{&quot;335552541&quot;:1,&quot;335559685&quot;:720,&quot;335559991&quot;:360,&quot;469769242&quot;:[8226],&quot;469777803&quot;:&quot;left&quot;,&quot;469777804&quot;:&quot;\u25cf&quot;,&quot;469777815&quot;:&quot;multilevel&quot;}\" aria-setsize=\"-1\" data-aria-posinset=\"1\" data-aria-level=\"1\"><b><span data-contrast=\"auto\">G\u00e9nero:<\/span><\/b><span data-contrast=\"auto\"> Indie, rock y electr\u00f3nica<\/span><span data-ccp-props=\"{}\">\u00a0<\/span><\/li>\n<li data-leveltext=\"\u25cf\" data-font=\"\" data-listid=\"7\" data-list-defn-props=\"{&quot;335552541&quot;:1,&quot;335559685&quot;:720,&quot;335559991&quot;:360,&quot;469769242&quot;:[8226],&quot;469777803&quot;:&quot;left&quot;,&quot;469777804&quot;:&quot;\u25cf&quot;,&quot;469777815&quot;:&quot;multilevel&quot;}\" aria-setsize=\"-1\" data-aria-posinset=\"1\" data-aria-level=\"1\"><b><span data-contrast=\"auto\">Costos: <\/span><\/b><span data-contrast=\"auto\">El abono fase 1 (acceso a los tres d\u00edas) est\u00e1 agotado, pero la fase dos de esta modalidad tiene un costo de $5,260 pesos mexicanos. Aunque, si lo prefieres puedes adquirir tu boleto general por d\u00eda a un precio de $2,760 pesos en fase tres para los d\u00edas viernes y s\u00e1bado, los boletos para el domingo se encuentran a la venta por $3,200 pesos, ya que se encuentran en la fase cuatro.<\/span><span data-ccp-props=\"{}\">\u00a0<\/span><\/li>\n<li data-leveltext=\"\u25cf\" data-font=\"\" data-listid=\"7\" data-list-defn-props=\"{&quot;335552541&quot;:1,&quot;335559685&quot;:720,&quot;335559991&quot;:360,&quot;469769242&quot;:[8226],&quot;469777803&quot;:&quot;left&quot;,&quot;469777804&quot;:&quot;\u25cf&quot;,&quot;469777815&quot;:&quot;multilevel&quot;}\" aria-setsize=\"-1\" data-aria-posinset=\"1\" data-aria-level=\"1\"><b><span data-contrast=\"auto\">Descripci\u00f3n:<\/span><\/b><span data-contrast=\"auto\"> Sin duda podemos clasificar al Corona, como uno de los festivales m\u00e1s importantes de Latinoam\u00e9rica, su impresionante\u00a0 line up impresionante, atm\u00f3sfera cosmopolita y la diversidad de su p\u00fablico lo convierten en una experiencia inigualable que debes disfrutar.<\/span><span data-ccp-props=\"{&quot;335559739&quot;:240}\">\u00a0<\/span><\/li>\n<\/ul>\n<p><span data-contrast=\"auto\">La <\/span><a href=\"https:\/\/www.localiza.com\/mexico\/es-mx\/renta-de-autos\/ciudad-de-mexico\"><span data-contrast=\"none\">renta de autos en CDMX<\/span><\/a><span data-contrast=\"auto\"> es m\u00e1s f\u00e1cil con Localiza, aprovecha que somos los n\u00famero 1 en M\u00e9xico, disfruta del Corona Capital 2025.<\/span><span data-ccp-props=\"{&quot;335559738&quot;:240,&quot;335559739&quot;:240}\">\u00a0<\/span><\/p>\n<p><img loading=\"lazy\" class=\"size-full wp-image-9468\" src=\"\/wp-content\/uploads\/2025\/03\/publico-corona-capital-2025-festival-mexico.jpg\" alt=\"Multitud emocionada viendo una banda tocar en el escenario del Corona Capital 2025, disfrutando de la m\u00fasica en vivo. \" width=\"600\" height=\"400\" srcset=\"\/wp-content\/uploads\/2025\/03\/publico-corona-capital-2025-festival-mexico.jpg 600w, \/wp-content\/uploads\/2025\/03\/publico-corona-capital-2025-festival-mexico-300x200.jpg 300w\" sizes=\"(max-width: 600px) 100vw, 600px\" \/><\/p>\n<h3 id=\"festival-ceremonia\"><span data-contrast=\"none\">Festival Ceremonia\u00a0<\/span><\/h3>\n<ul>\n<li data-leveltext=\"\u25cf\" data-font=\"\" data-listid=\"6\" data-list-defn-props=\"{&quot;335552541&quot;:1,&quot;335559685&quot;:720,&quot;335559991&quot;:360,&quot;469769242&quot;:[8226],&quot;469777803&quot;:&quot;left&quot;,&quot;469777804&quot;:&quot;\u25cf&quot;,&quot;469777815&quot;:&quot;multilevel&quot;}\" aria-setsize=\"-1\" data-aria-posinset=\"1\" data-aria-level=\"1\"><b><span data-contrast=\"auto\">Ubicaci\u00f3n:<\/span><\/b><span data-contrast=\"auto\"> Parque \u201cBicentenario\u201d, CDMX.<\/span><span data-ccp-props=\"{&quot;335559738&quot;:240}\">\u00a0<\/span><\/li>\n<li data-leveltext=\"\u25cf\" data-font=\"\" data-listid=\"6\" data-list-defn-props=\"{&quot;335552541&quot;:1,&quot;335559685&quot;:720,&quot;335559991&quot;:360,&quot;469769242&quot;:[8226],&quot;469777803&quot;:&quot;left&quot;,&quot;469777804&quot;:&quot;\u25cf&quot;,&quot;469777815&quot;:&quot;multilevel&quot;}\" aria-setsize=\"-1\" data-aria-posinset=\"1\" data-aria-level=\"1\"><b><span data-contrast=\"auto\">Fecha: <\/span><\/b><span data-contrast=\"auto\">5 y 6 de abril de 2025.<\/span><span data-ccp-props=\"{}\">\u00a0<\/span><\/li>\n<li data-leveltext=\"\u25cf\" data-font=\"\" data-listid=\"6\" data-list-defn-props=\"{&quot;335552541&quot;:1,&quot;335559685&quot;:720,&quot;335559991&quot;:360,&quot;469769242&quot;:[8226],&quot;469777803&quot;:&quot;left&quot;,&quot;469777804&quot;:&quot;\u25cf&quot;,&quot;469777815&quot;:&quot;multilevel&quot;}\" aria-setsize=\"-1\" data-aria-posinset=\"1\" data-aria-level=\"1\"><b><span data-contrast=\"auto\">G\u00e9nero:<\/span><\/b><span data-contrast=\"auto\"> Hip-hop, electr\u00f3nica y experimental.<\/span><span data-ccp-props=\"{}\">\u00a0<\/span><\/li>\n<li data-leveltext=\"\u25cf\" data-font=\"\" data-listid=\"6\" data-list-defn-props=\"{&quot;335552541&quot;:1,&quot;335559685&quot;:720,&quot;335559991&quot;:360,&quot;469769242&quot;:[8226],&quot;469777803&quot;:&quot;left&quot;,&quot;469777804&quot;:&quot;\u25cf&quot;,&quot;469777815&quot;:&quot;multilevel&quot;}\" aria-setsize=\"-1\" data-aria-posinset=\"1\" data-aria-level=\"1\"><b><span data-contrast=\"auto\">Costos: <\/span><\/b><span data-contrast=\"auto\">El abono general para ambos d\u00edas (5 y 6) inicia en $4,989 pesos mexicanos. Los abonos individuales para s\u00e1bado o domingo tienen un costo inicial de $3,416 pesos mexicanos cada uno.<\/span><span data-ccp-props=\"{}\">\u00a0<\/span><\/li>\n<li data-leveltext=\"\u25cf\" data-font=\"\" data-listid=\"6\" data-list-defn-props=\"{&quot;335552541&quot;:1,&quot;335559685&quot;:720,&quot;335559991&quot;:360,&quot;469769242&quot;:[8226],&quot;469777803&quot;:&quot;left&quot;,&quot;469777804&quot;:&quot;\u25cf&quot;,&quot;469777815&quot;:&quot;multilevel&quot;}\" aria-setsize=\"-1\" data-aria-posinset=\"1\" data-aria-level=\"1\"><b><span data-contrast=\"auto\">Descripci\u00f3n:<\/span><\/b><span data-contrast=\"auto\"> Un festival innovador con propuestas frescas y un gran impacto cultural. Su enfoque en la diversidad musical y su curadur\u00eda art\u00edstica lo han consolidado como un referente de la escena internacional. No te pierdas a los artistas m\u00e1s populares del momento.<\/span><span data-ccp-props=\"{&quot;335559739&quot;:240}\">\u00a0<\/span><\/li>\n<\/ul>\n<p><span data-contrast=\"auto\">Renta un auto en Localiza en cualquiera de nuestras tres <\/span><a href=\"https:\/\/www.localiza.com\/mexico\/es-mx\/renta-de-autos\/ciudad-de-mexico\"><span data-contrast=\"none\">sucursales en la ciudad de M\u00e9xico<\/span><\/a><span data-contrast=\"auto\">: Aeropuerto Internacional de la Ciudad de M\u00e9xico. Patriotismo y Chapultepec.<\/span><span data-ccp-props=\"{&quot;335559738&quot;:240,&quot;335559739&quot;:240}\">\u00a0<\/span><\/p>\n<h3 id=\"hell-and-heaven\"><span data-contrast=\"none\">Hell and Heaven<\/span><\/h3>\n<ul>\n<li data-leveltext=\"\u25cf\" data-font=\"\" data-listid=\"8\" data-list-defn-props=\"{&quot;335552541&quot;:1,&quot;335559685&quot;:720,&quot;335559991&quot;:360,&quot;469769242&quot;:[8226],&quot;469777803&quot;:&quot;left&quot;,&quot;469777804&quot;:&quot;\u25cf&quot;,&quot;469777815&quot;:&quot;multilevel&quot;}\" aria-setsize=\"-1\" data-aria-posinset=\"1\" data-aria-level=\"1\"><b><span data-contrast=\"auto\">Ubicaci\u00f3n:<\/span><\/b><span data-contrast=\"auto\"> Por confirmar.<\/span><span data-ccp-props=\"{&quot;335559738&quot;:240}\">\u00a0<\/span><\/li>\n<li data-leveltext=\"\u25cf\" data-font=\"\" data-listid=\"8\" data-list-defn-props=\"{&quot;335552541&quot;:1,&quot;335559685&quot;:720,&quot;335559991&quot;:360,&quot;469769242&quot;:[8226],&quot;469777803&quot;:&quot;left&quot;,&quot;469777804&quot;:&quot;\u25cf&quot;,&quot;469777815&quot;:&quot;multilevel&quot;}\" aria-setsize=\"-1\" data-aria-posinset=\"1\" data-aria-level=\"1\"><b><span data-contrast=\"auto\">Fecha: <\/span><\/b><span data-contrast=\"auto\">Por confirmar.<\/span><span data-ccp-props=\"{}\">\u00a0<\/span><\/li>\n<li data-leveltext=\"\u25cf\" data-font=\"\" data-listid=\"8\" data-list-defn-props=\"{&quot;335552541&quot;:1,&quot;335559685&quot;:720,&quot;335559991&quot;:360,&quot;469769242&quot;:[8226],&quot;469777803&quot;:&quot;left&quot;,&quot;469777804&quot;:&quot;\u25cf&quot;,&quot;469777815&quot;:&quot;multilevel&quot;}\" aria-setsize=\"-1\" data-aria-posinset=\"1\" data-aria-level=\"1\"><b><span data-contrast=\"auto\">G\u00e9nero:<\/span><\/b><span data-contrast=\"auto\"> Metal y rock pesado.<\/span><span data-ccp-props=\"{}\">\u00a0<\/span><\/li>\n<li data-leveltext=\"\u25cf\" data-font=\"\" data-listid=\"8\" data-list-defn-props=\"{&quot;335552541&quot;:1,&quot;335559685&quot;:720,&quot;335559991&quot;:360,&quot;469769242&quot;:[8226],&quot;469777803&quot;:&quot;left&quot;,&quot;469777804&quot;:&quot;\u25cf&quot;,&quot;469777815&quot;:&quot;multilevel&quot;}\" aria-setsize=\"-1\" data-aria-posinset=\"1\" data-aria-level=\"1\"><b><span data-contrast=\"auto\">Costos:<\/span><\/b><span data-contrast=\"auto\">Dado que a\u00fan no se cuenta con informaci\u00f3n oficial del evento, no se conocen los costos del boleto.<\/span><span data-ccp-props=\"{}\">\u00a0<\/span><\/li>\n<li data-leveltext=\"\u25cf\" data-font=\"\" data-listid=\"8\" data-list-defn-props=\"{&quot;335552541&quot;:1,&quot;335559685&quot;:720,&quot;335559991&quot;:360,&quot;469769242&quot;:[8226],&quot;469777803&quot;:&quot;left&quot;,&quot;469777804&quot;:&quot;\u25cf&quot;,&quot;469777815&quot;:&quot;multilevel&quot;}\" aria-setsize=\"-1\" data-aria-posinset=\"1\" data-aria-level=\"1\"><b><span data-contrast=\"auto\">Descripci\u00f3n:<\/span><\/b><span data-contrast=\"auto\"> El festival de metal m\u00e1s grande de M\u00e9xico, ideal para los fans de la m\u00fasica pesada. Cada a\u00f1o Toluca presenta a las bandas m\u00e1s ic\u00f3nicas del g\u00e9nero, acompa\u00f1ados de una producci\u00f3n impresionante que transforma los escenarios en experiencias que te har\u00e1n pasar momentos memorables.<\/span><span data-ccp-props=\"{&quot;335559739&quot;:240}\">\u00a0<\/span><\/li>\n<\/ul>\n<p><span data-contrast=\"auto\">Aunque a\u00fan no se ha confirmado la sede del pr\u00f3ximo Hell and Heaven, la edici\u00f3n anterior se celebr\u00f3 en el Estado de M\u00e9xico.<\/span><span data-ccp-props=\"{&quot;335559738&quot;:240,&quot;335559739&quot;:240}\">\u00a0<\/span><\/p>\n<p><span data-contrast=\"auto\">Si el evento vuelve a realizarse en la zona, contar con un auto te permitir\u00e1 moverte con mayor comodidad. En <a href=\"https:\/\/www.localiza.com\/mexico\/es-mx\/renta-de-autos\/toluca\">Localiza Toluca<\/a> puedes rentar el veh\u00edculo ideal para disfrutar del festival sin preocupaciones.<\/span><span data-ccp-props=\"{&quot;335559738&quot;:240,&quot;335559739&quot;:240}\">\u00a0<\/span><\/p>\n<p><img loading=\"lazy\" class=\"size-full wp-image-9469\" src=\"\/wp-content\/uploads\/2025\/03\/fanatico-musica-hell-and-heaven-festival-mexico.jpg\" alt=\"Fan\u00e1tico del metal vibra con la m\u00fasica en el Hell and Heaven, el festival m\u00e1s emblem\u00e1tico de rock pesado en M\u00e9xico. \" width=\"600\" height=\"400\" srcset=\"\/wp-content\/uploads\/2025\/03\/fanatico-musica-hell-and-heaven-festival-mexico.jpg 600w, \/wp-content\/uploads\/2025\/03\/fanatico-musica-hell-and-heaven-festival-mexico-300x200.jpg 300w\" sizes=\"(max-width: 600px) 100vw, 600px\" \/><\/p>\n<h3 id=\"hellow-festival\"><span data-contrast=\"none\">Hellow Festival<\/span><\/h3>\n<ul>\n<li data-leveltext=\"\u25cf\" data-font=\"\" data-listid=\"10\" data-list-defn-props=\"{&quot;335552541&quot;:1,&quot;335559685&quot;:720,&quot;335559991&quot;:360,&quot;469769242&quot;:[8226],&quot;469777803&quot;:&quot;left&quot;,&quot;469777804&quot;:&quot;\u25cf&quot;,&quot;469777815&quot;:&quot;multilevel&quot;}\" aria-setsize=\"-1\" data-aria-posinset=\"1\" data-aria-level=\"1\"><b><span data-contrast=\"auto\">Ubicaci\u00f3n:<\/span><\/b><span data-contrast=\"auto\"> Por confirmar.<\/span><span data-ccp-props=\"{&quot;335559738&quot;:240}\">\u00a0<\/span><\/li>\n<li data-leveltext=\"\u25cf\" data-font=\"\" data-listid=\"10\" data-list-defn-props=\"{&quot;335552541&quot;:1,&quot;335559685&quot;:720,&quot;335559991&quot;:360,&quot;469769242&quot;:[8226],&quot;469777803&quot;:&quot;left&quot;,&quot;469777804&quot;:&quot;\u25cf&quot;,&quot;469777815&quot;:&quot;multilevel&quot;}\" aria-setsize=\"-1\" data-aria-posinset=\"1\" data-aria-level=\"1\"><b><span data-contrast=\"auto\">Fecha: <\/span><\/b><span data-contrast=\"auto\">Por confirmar.<\/span><span data-ccp-props=\"{}\">\u00a0<\/span><\/li>\n<li data-leveltext=\"\u25cf\" data-font=\"\" data-listid=\"10\" data-list-defn-props=\"{&quot;335552541&quot;:1,&quot;335559685&quot;:720,&quot;335559991&quot;:360,&quot;469769242&quot;:[8226],&quot;469777803&quot;:&quot;left&quot;,&quot;469777804&quot;:&quot;\u25cf&quot;,&quot;469777815&quot;:&quot;multilevel&quot;}\" aria-setsize=\"-1\" data-aria-posinset=\"1\" data-aria-level=\"1\"><b><span data-contrast=\"auto\">G\u00e9nero:<\/span><\/b><span data-contrast=\"auto\"> Pop, indie y alternativo.<\/span><span data-ccp-props=\"{}\">\u00a0<\/span><\/li>\n<li data-leveltext=\"\u25cf\" data-font=\"\" data-listid=\"10\" data-list-defn-props=\"{&quot;335552541&quot;:1,&quot;335559685&quot;:720,&quot;335559991&quot;:360,&quot;469769242&quot;:[8226],&quot;469777803&quot;:&quot;left&quot;,&quot;469777804&quot;:&quot;\u25cf&quot;,&quot;469777815&quot;:&quot;multilevel&quot;}\" aria-setsize=\"-1\" data-aria-posinset=\"1\" data-aria-level=\"1\"><b><span data-contrast=\"auto\">Costos: <\/span><\/b><span data-contrast=\"auto\">Por confirmar.<\/span><span data-ccp-props=\"{}\">\u00a0<\/span><\/li>\n<li data-leveltext=\"\u25cf\" data-font=\"\" data-listid=\"10\" data-list-defn-props=\"{&quot;335552541&quot;:1,&quot;335559685&quot;:720,&quot;335559991&quot;:360,&quot;469769242&quot;:[8226],&quot;469777803&quot;:&quot;left&quot;,&quot;469777804&quot;:&quot;\u25cf&quot;,&quot;469777815&quot;:&quot;multilevel&quot;}\" aria-setsize=\"-1\" data-aria-posinset=\"1\" data-aria-level=\"1\"><b><span data-contrast=\"auto\">Descripci\u00f3n:<\/span><\/b><span data-contrast=\"auto\"> Un festival que combina diferentes g\u00e9neros en un ambiente fresco y juvenil. Es ideal para quienes no tienen miedo de salir de su zona de confort y buscan nuevas tendencias musicales para impresionarse.<\/span><span data-ccp-props=\"{&quot;335559739&quot;:240}\">\u00a0<\/span><\/li>\n<\/ul>\n<p><span data-contrast=\"auto\">Sin importar cual sea la ubicaci\u00f3n del Hellow Festival 2025, ten por seguro que con un auto rentado en <\/span><a href=\"https:\/\/www.localiza.com\/mexico\/es-mx\"><span data-contrast=\"none\">Localiza<\/span><\/a><span data-contrast=\"auto\"> puedes llegar a cualquier lugar, consulta nuestra red de sucursales completa en el mapa interactivo de aqu\u00ed abajo.<\/span><span data-ccp-props=\"{&quot;335559738&quot;:240,&quot;335559739&quot;:240}\">\u00a0<\/span><\/p>\n<div style=\"position: relative; width: 100%; height: 0; padding-bottom: 56.25%; overflow: hidden; border-radius: 10px;\"><iframe style=\"position: absolute; top: -50px; left: 0; width: 100%; height: 110%; border: none;\" src=\"https:\/\/www.google.com\/maps\/d\/embed?mid=1gcCDjO8IBV1hSxrpDWv249REBNa8m6A&amp;ehbc=2E312F\"><br \/>\n<\/iframe><\/div>\n<div><\/div>\n<div>\n<h3 id=\"tecate-pal-norte\"><span data-contrast=\"none\">Tecate Pal Norte<\/span><\/h3>\n<ul>\n<li data-leveltext=\"\u25cf\" data-font=\"\" data-listid=\"5\" data-list-defn-props=\"{&quot;335552541&quot;:1,&quot;335559685&quot;:720,&quot;335559991&quot;:360,&quot;469769242&quot;:[8226],&quot;469777803&quot;:&quot;left&quot;,&quot;469777804&quot;:&quot;\u25cf&quot;,&quot;469777815&quot;:&quot;multilevel&quot;}\" aria-setsize=\"-1\" data-aria-posinset=\"1\" data-aria-level=\"1\"><b><span data-contrast=\"auto\">Ubicaci\u00f3n:<\/span><\/b><span data-contrast=\"auto\"> Parque Fundidora, Monterrey, Nuevo Le\u00f3n.<\/span><span data-ccp-props=\"{&quot;335559738&quot;:240}\">\u00a0<\/span><\/li>\n<li data-leveltext=\"\u25cf\" data-font=\"\" data-listid=\"5\" data-list-defn-props=\"{&quot;335552541&quot;:1,&quot;335559685&quot;:720,&quot;335559991&quot;:360,&quot;469769242&quot;:[8226],&quot;469777803&quot;:&quot;left&quot;,&quot;469777804&quot;:&quot;\u25cf&quot;,&quot;469777815&quot;:&quot;multilevel&quot;}\" aria-setsize=\"-1\" data-aria-posinset=\"1\" data-aria-level=\"1\"><b><span data-contrast=\"auto\">Fecha: <\/span><\/b><span data-contrast=\"auto\">4, 5 y 6 de abril del 2025.<\/span><span data-ccp-props=\"{}\">\u00a0<\/span><\/li>\n<li data-leveltext=\"\u25cf\" data-font=\"\" data-listid=\"5\" data-list-defn-props=\"{&quot;335552541&quot;:1,&quot;335559685&quot;:720,&quot;335559991&quot;:360,&quot;469769242&quot;:[8226],&quot;469777803&quot;:&quot;left&quot;,&quot;469777804&quot;:&quot;\u25cf&quot;,&quot;469777815&quot;:&quot;multilevel&quot;}\" aria-setsize=\"-1\" data-aria-posinset=\"1\" data-aria-level=\"1\"><b><span data-contrast=\"auto\">G\u00e9nero:<\/span><\/b><span data-contrast=\"auto\"> Rock, pop y electr\u00f3nica.<\/span><span data-ccp-props=\"{}\">\u00a0<\/span><\/li>\n<li data-leveltext=\"\u25cf\" data-font=\"\" data-listid=\"5\" data-list-defn-props=\"{&quot;335552541&quot;:1,&quot;335559685&quot;:720,&quot;335559991&quot;:360,&quot;469769242&quot;:[8226],&quot;469777803&quot;:&quot;left&quot;,&quot;469777804&quot;:&quot;\u25cf&quot;,&quot;469777815&quot;:&quot;multilevel&quot;}\" aria-setsize=\"-1\" data-aria-posinset=\"1\" data-aria-level=\"1\"><b><span data-contrast=\"auto\">Costos: <\/span><\/b><span data-contrast=\"auto\">El abono general tiene un costo de $6,575 pesos mexicanos (costo por asistir los tres d\u00edas del festival), mientras que los boletos por d\u00eda oscilan en $2,702 pesos para asistir el dia viernes, $2,409 para asistir el dia sabado y $2,854 por asistir el domingo.<\/span><span data-ccp-props=\"{}\">\u00a0<\/span><\/li>\n<li data-leveltext=\"\u25cf\" data-font=\"\" data-listid=\"5\" data-list-defn-props=\"{&quot;335552541&quot;:1,&quot;335559685&quot;:720,&quot;335559991&quot;:360,&quot;469769242&quot;:[8226],&quot;469777803&quot;:&quot;left&quot;,&quot;469777804&quot;:&quot;\u25cf&quot;,&quot;469777815&quot;:&quot;multilevel&quot;}\" aria-setsize=\"-1\" data-aria-posinset=\"1\" data-aria-level=\"1\"><b><span data-contrast=\"auto\">Descripci\u00f3n:<\/span><\/b><span data-contrast=\"auto\"> Un festival imperdible con los mejores artistas del momento y una producci\u00f3n de primer nivel. Es conocido por su emblem\u00e1tica frase &#8220;Siempre Poderoso&#8221; y su cartel variado.<\/span><span data-ccp-props=\"{&quot;335559739&quot;:240}\">\u00a0<\/span><\/li>\n<\/ul>\n<p><span data-contrast=\"auto\">Tu mejor opci\u00f3n para la <\/span><a href=\"https:\/\/www.localiza.com\/mexico\/es-mx\/renta-de-autos\/monterrey\"><span data-contrast=\"none\">renta de autos en Monterrey<\/span><\/a><span data-contrast=\"auto\"> es Localiza, prep\u00e1rate para vivir una experiencia llena de m\u00fasica en el Tecate Pal Norte.<\/span><span data-ccp-props=\"{&quot;335559738&quot;:240,&quot;335559739&quot;:240}\">\u00a0<\/span><\/p>\n<h2 aria-level=\"2\"><span data-contrast=\"auto\">Cosas que no debes olvidar llevar a un festival musical<\/span><span data-ccp-props=\"{&quot;134245418&quot;:true,&quot;134245529&quot;:true,&quot;335559738&quot;:360,&quot;335559739&quot;:120}\">\u00a0<\/span><\/h2>\n<p><span data-contrast=\"auto\">Asistir a un festival de m\u00fasica puede ser una experiencia incre\u00edble, pero es importante estar preparado para cualquier situaci\u00f3n. Aqu\u00ed tienes una lista de cosas esenciales que no debes olvidar:<\/span><span data-ccp-props=\"{}\">\u00a0<\/span><\/p>\n<ul>\n<li data-leveltext=\"\u25cf\" data-font=\"\" data-listid=\"13\" data-list-defn-props=\"{&quot;335552541&quot;:1,&quot;335559685&quot;:720,&quot;335559991&quot;:360,&quot;469769242&quot;:[8226],&quot;469777803&quot;:&quot;left&quot;,&quot;469777804&quot;:&quot;\u25cf&quot;,&quot;469777815&quot;:&quot;multilevel&quot;}\" aria-setsize=\"-1\" data-aria-posinset=\"1\" data-aria-level=\"1\"><b><span data-contrast=\"auto\">Boletos e identificaci\u00f3n oficial:<\/span><\/b><span data-contrast=\"auto\"> Sin esto, no podr\u00e1s acceder al festival.<\/span><span data-ccp-props=\"{}\">\u00a0<\/span><\/li>\n<li data-leveltext=\"\u25cf\" data-font=\"\" data-listid=\"13\" data-list-defn-props=\"{&quot;335552541&quot;:1,&quot;335559685&quot;:720,&quot;335559991&quot;:360,&quot;469769242&quot;:[8226],&quot;469777803&quot;:&quot;left&quot;,&quot;469777804&quot;:&quot;\u25cf&quot;,&quot;469777815&quot;:&quot;multilevel&quot;}\" aria-setsize=\"-1\" data-aria-posinset=\"1\" data-aria-level=\"1\"><b><span data-contrast=\"auto\">Ropa y calzado c\u00f3modo:<\/span><\/b><span data-contrast=\"auto\"> Estar\u00e1s de pie y caminando la mayor parte del tiempo.<\/span><span data-ccp-props=\"{}\">\u00a0<\/span><\/li>\n<li data-leveltext=\"\u25cf\" data-font=\"\" data-listid=\"13\" data-list-defn-props=\"{&quot;335552541&quot;:1,&quot;335559685&quot;:720,&quot;335559991&quot;:360,&quot;469769242&quot;:[8226],&quot;469777803&quot;:&quot;left&quot;,&quot;469777804&quot;:&quot;\u25cf&quot;,&quot;469777815&quot;:&quot;multilevel&quot;}\" aria-setsize=\"-1\" data-aria-posinset=\"1\" data-aria-level=\"1\"><b><span data-contrast=\"auto\">Protector solar y gorra:<\/span><\/b><span data-contrast=\"auto\"> La exposici\u00f3n prolongada al sol puede ser intensa.<\/span><span data-ccp-props=\"{}\">\u00a0<\/span><\/li>\n<li data-leveltext=\"\u25cf\" data-font=\"\" data-listid=\"13\" data-list-defn-props=\"{&quot;335552541&quot;:1,&quot;335559685&quot;:720,&quot;335559991&quot;:360,&quot;469769242&quot;:[8226],&quot;469777803&quot;:&quot;left&quot;,&quot;469777804&quot;:&quot;\u25cf&quot;,&quot;469777815&quot;:&quot;multilevel&quot;}\" aria-setsize=\"-1\" data-aria-posinset=\"1\" data-aria-level=\"1\"><b><span data-contrast=\"auto\">Dinero en efectivo y tarjetas:<\/span><\/b><span data-contrast=\"auto\"> Algunos puestos pueden no aceptar pagos electr\u00f3nicos.<\/span><span data-ccp-props=\"{}\">\u00a0<\/span><\/li>\n<li data-leveltext=\"\u25cf\" data-font=\"\" data-listid=\"13\" data-list-defn-props=\"{&quot;335552541&quot;:1,&quot;335559685&quot;:720,&quot;335559991&quot;:360,&quot;469769242&quot;:[8226],&quot;469777803&quot;:&quot;left&quot;,&quot;469777804&quot;:&quot;\u25cf&quot;,&quot;469777815&quot;:&quot;multilevel&quot;}\" aria-setsize=\"-1\" data-aria-posinset=\"1\" data-aria-level=\"1\"><b><span data-contrast=\"auto\">Cargador port\u00e1til: <\/span><\/b><span data-contrast=\"auto\">Mant\u00e9n tu celular cargado para fotos y emergencias.<\/span><span data-ccp-props=\"{}\">\u00a0<\/span><\/li>\n<li data-leveltext=\"\u25cf\" data-font=\"\" data-listid=\"13\" data-list-defn-props=\"{&quot;335552541&quot;:1,&quot;335559685&quot;:720,&quot;335559991&quot;:360,&quot;469769242&quot;:[8226],&quot;469777803&quot;:&quot;left&quot;,&quot;469777804&quot;:&quot;\u25cf&quot;,&quot;469777815&quot;:&quot;multilevel&quot;}\" aria-setsize=\"-1\" data-aria-posinset=\"1\" data-aria-level=\"1\"><b><span data-contrast=\"auto\">Impermeable o poncho:<\/span><\/b><span data-contrast=\"auto\"> Para estar preparado en caso de lluvia.<\/span><span data-ccp-props=\"{}\">\u00a0<\/span><\/li>\n<\/ul>\n<p><img loading=\"lazy\" class=\"alignnone size-full wp-image-9470\" src=\"\/wp-content\/uploads\/2025\/03\/chica-preparando-maleta-festival-mexico-2025-.jpg\" alt=\"Joven sonriente empaca su maleta con entusiasmo para viajar a un festival musical en M\u00e9xico 2025.\" width=\"600\" height=\"400\" srcset=\"\/wp-content\/uploads\/2025\/03\/chica-preparando-maleta-festival-mexico-2025-.jpg 600w, \/wp-content\/uploads\/2025\/03\/chica-preparando-maleta-festival-mexico-2025--300x200.jpg 300w\" sizes=\"(max-width: 600px) 100vw, 600px\" \/><\/p>\n<h2 aria-level=\"2\"><span data-contrast=\"auto\">Renta un auto en Localiza para asistir a un festival de m\u00fasica<\/span><span data-ccp-props=\"{&quot;134245418&quot;:true,&quot;134245529&quot;:true,&quot;335559738&quot;:240,&quot;335559739&quot;:240}\">\u00a0<\/span><\/h2>\n<p><span data-contrast=\"auto\">Ser parte de un festival de m\u00fasica implica moverse entre ciudades, transportar equipaje y compartir la experiencia con otros. Deja a un lado las preocupaciones por horarios de transporte y vive esta experiencia con la comodidad de ir y venir a tu ritmo en un auto rentado.<\/span><span data-ccp-props=\"{&quot;335559738&quot;:240,&quot;335559739&quot;:240}\">\u00a0<\/span><\/p>\n<h3><span data-contrast=\"auto\">\u00a0Rentar un auto en Localiza te ofrece m\u00faltiples beneficios:<\/span><span data-ccp-props=\"{&quot;335559738&quot;:240,&quot;335559739&quot;:240}\">\u00a0<\/span><\/h3>\n<ul>\n<li data-leveltext=\"\u25cf\" data-font=\"\" data-listid=\"3\" data-list-defn-props=\"{&quot;335552541&quot;:1,&quot;335559685&quot;:720,&quot;335559991&quot;:360,&quot;469769242&quot;:[8226],&quot;469777803&quot;:&quot;left&quot;,&quot;469777804&quot;:&quot;\u25cf&quot;,&quot;469777815&quot;:&quot;multilevel&quot;}\" aria-setsize=\"-1\" data-aria-posinset=\"1\" data-aria-level=\"1\"><b><span data-contrast=\"auto\">Libertad de movimiento<\/span><\/b><span data-contrast=\"auto\">: Viaja a tu propio ritmo y haz paradas donde lo necesites.<\/span><span data-ccp-props=\"{&quot;335559738&quot;:240}\">\u00a0<\/span><\/li>\n<li data-leveltext=\"\u25cf\" data-font=\"\" data-listid=\"3\" data-list-defn-props=\"{&quot;335552541&quot;:1,&quot;335559685&quot;:720,&quot;335559991&quot;:360,&quot;469769242&quot;:[8226],&quot;469777803&quot;:&quot;left&quot;,&quot;469777804&quot;:&quot;\u25cf&quot;,&quot;469777815&quot;:&quot;multilevel&quot;}\" aria-setsize=\"-1\" data-aria-posinset=\"1\" data-aria-level=\"1\"><b><span data-contrast=\"auto\">Comodidad y seguridad<\/span><\/b><span data-contrast=\"auto\">: Disfruta del trayecto con veh\u00edculos modernos y bien equipados.<\/span><span data-ccp-props=\"{}\">\u00a0<\/span><\/li>\n<li data-leveltext=\"\u25cf\" data-font=\"\" data-listid=\"3\" data-list-defn-props=\"{&quot;335552541&quot;:1,&quot;335559685&quot;:720,&quot;335559991&quot;:360,&quot;469769242&quot;:[8226],&quot;469777803&quot;:&quot;left&quot;,&quot;469777804&quot;:&quot;\u25cf&quot;,&quot;469777815&quot;:&quot;multilevel&quot;}\" aria-setsize=\"-1\" data-aria-posinset=\"1\" data-aria-level=\"1\"><b><span data-contrast=\"auto\">Espacio para todo tu equipo<\/span><\/b><span data-contrast=\"auto\">: Lleva c\u00f3modamente tu equipaje, tiendas de campa\u00f1a y provisiones.<\/span><span data-ccp-props=\"{}\">\u00a0<\/span><\/li>\n<li data-leveltext=\"\u25cf\" data-font=\"\" data-listid=\"3\" data-list-defn-props=\"{&quot;335552541&quot;:1,&quot;335559685&quot;:720,&quot;335559991&quot;:360,&quot;469769242&quot;:[8226],&quot;469777803&quot;:&quot;left&quot;,&quot;469777804&quot;:&quot;\u25cf&quot;,&quot;469777815&quot;:&quot;multilevel&quot;}\" aria-setsize=\"-1\" data-aria-posinset=\"1\" data-aria-level=\"1\"><b><span data-contrast=\"auto\">Eficiencia en costos<\/span><\/b><span data-contrast=\"auto\">: Con Localiza tus acompa\u00f1antes y tu solo pagan por lo que necesitan.<\/span><span data-ccp-props=\"{}\">\u00a0<\/span><\/li>\n<li data-leveltext=\"\u25cf\" data-font=\"\" data-listid=\"3\" data-list-defn-props=\"{&quot;335552541&quot;:1,&quot;335559685&quot;:720,&quot;335559991&quot;:360,&quot;469769242&quot;:[8226],&quot;469777803&quot;:&quot;left&quot;,&quot;469777804&quot;:&quot;\u25cf&quot;,&quot;469777815&quot;:&quot;multilevel&quot;}\" aria-setsize=\"-1\" data-aria-posinset=\"1\" data-aria-level=\"1\"><b><span data-contrast=\"auto\">Seguridad<\/span><\/b><span data-contrast=\"auto\">: Un auto rentado en Localiza te da la libertad de manejar tus horarios de llegada y salida, por lo que no importa la hora en la que decidas retirarte del festival, siempre vas a poder regresar a casa sin complicaciones.<\/span><span data-ccp-props=\"{&quot;335559739&quot;:240}\">\u00a0<\/span><\/li>\n<\/ul>\n<p><span data-contrast=\"auto\">No importa qu\u00e9 festival elijas, con Localiza tendr\u00e1s una experiencia de viaje sin preocupaciones y enfocada en lo m\u00e1s importante, disfrutar la m\u00fasica con tus compa\u00f1eros de viaje, crea memorias \u00fanicas.<\/span><span data-ccp-props=\"{&quot;335559738&quot;:240,&quot;335559739&quot;:240}\">\u00a0<\/span><\/p>\n<p><img loading=\"lazy\" class=\"size-full wp-image-9471\" src=\"\/wp-content\/uploads\/2025\/03\/amigas-auto-localiza-festival-mexico.jpg\" alt=\" Amigas conducen un auto rentado en Localiza hacia un festival en M\u00e9xico, disfrutando el viaje con seguridad y emoci\u00f3n. \" width=\"600\" height=\"401\" srcset=\"\/wp-content\/uploads\/2025\/03\/amigas-auto-localiza-festival-mexico.jpg 600w, \/wp-content\/uploads\/2025\/03\/amigas-auto-localiza-festival-mexico-300x201.jpg 300w\" sizes=\"(max-width: 600px) 100vw, 600px\" \/><\/p>\n<p><span data-contrast=\"auto\">Explora todos los festivales de m\u00fasica que se celebrar\u00e1n en M\u00e9xico 2025, conecta con amigos y convi\u00e9rtanse en amantes de la m\u00fasica, la cultura, el arte, los destinos y la vida. Sin importar cual sea tu g\u00e9nero favorito o si buscas descubrir alguno nuevo, la gran variedad de g\u00e9neros y escenarios espectaculares de estos eventos son una oportunidad imperdible para disfrutar al m\u00e1ximo.\u00a0<\/span><span data-ccp-props=\"{&quot;335559738&quot;:240,&quot;335559739&quot;:240}\">\u00a0<\/span><\/p>\n<p><span data-contrast=\"auto\">Planificar con anticipaci\u00f3n, llevar lo esencial y contar con un medio de transporte confiable como un auto rentado en Localiza te permitir\u00e1 vivir cada festival sin preocupaciones.\u00a0<\/span><span data-ccp-props=\"{&quot;335559738&quot;:240,&quot;335559739&quot;:240}\">\u00a0<\/span><\/p>\n<h3><span data-contrast=\"auto\">\u00a1Prep\u00e1rate para un a\u00f1o lleno de m\u00fasica, emociones y momentos inolvidables!<\/span><span data-ccp-props=\"{&quot;335559738&quot;:240,&quot;335559739&quot;:240}\">\u00a0<\/span><\/h3>\n<h4><span data-contrast=\"auto\">S\u00edguenos en nuestras redes sociales.\u00a0\u00a0<\/span><span data-ccp-props=\"{&quot;201341983&quot;:0,&quot;335559738&quot;:220,&quot;335559739&quot;:220,&quot;335559740&quot;:264}\">\u00a0<\/span><\/h4>\n<p><a href=\"https:\/\/www.facebook.com\/profile.php?id=100092258298084\"><span data-contrast=\"none\">Facebook<\/span><\/a><span data-contrast=\"none\">\u00a0\u00a0\u00a0<\/span><span data-ccp-props=\"{}\">\u00a0<\/span><\/p>\n<p><a href=\"https:\/\/www.instagram.com\/localizamx\/\"><span data-contrast=\"none\">Instagram<\/span><\/a><span data-contrast=\"none\">\u00a0\u00a0\u00a0<\/span><span data-ccp-props=\"{}\">\u00a0<\/span><\/p>\n<p><a href=\"https:\/\/www.tiktok.com\/@localizamexico\"><span data-contrast=\"none\">TikTok<\/span><\/a><span data-contrast=\"none\">\u00a0\u00a0\u00a0<\/span><span data-ccp-props=\"{}\">\u00a0<\/span><\/p>\n<p><span data-ccp-props=\"{}\">\u00a0<\/span><\/p>\n<p><span data-contrast=\"auto\">Y descarga nuestra aplicaci\u00f3n m\u00f3vil para <\/span><a href=\"https:\/\/play.google.com\/store\/apps\/details?id=com.localiza.mobile&amp;hl=es_UY\"><span data-contrast=\"none\">Android<\/span><\/a><span data-contrast=\"auto\"> y <\/span><a href=\"https:\/\/apps.apple.com\/py\/app\/localiza-rent-a-car\/id429739212\"><span data-contrast=\"none\">iOS<\/span><\/a><span data-ccp-props=\"{}\">\u00a0<\/span><\/p>\n<\/div>\n","cards":false,"content_field_02":"","offer":"","suggestions":[8991,9357,9013],"canonicalTag":"https:\/\/www.localiza.com\/mexico\/es-mx\/viaja-en-auto\/festivales-de-musica-en-mexico-2025","descriptionTag":"Descubre los mejores festivales de m\u00fasica en M\u00e9xico 2025 y llega con libertad y comodidad en un auto rentado con Localiza. \u00a1Planifica tu viaje hoy!"},"_links":{"self":[{"href":"https:\/\/canaisdigitaissitebr-wordpress.azurewebsites.net\/index.php\/wp-json\/wp\/v2\/dicas_roteiros\/9465"}],"collection":[{"href":"https:\/\/canaisdigitaissitebr-wordpress.azurewebsites.net\/index.php\/wp-json\/wp\/v2\/dicas_roteiros"}],"about":[{"href":"https:\/\/canaisdigitaissitebr-wordpress.azurewebsites.net\/index.php\/wp-json\/wp\/v2\/types\/dicas_roteiros"}],"wp:attachment":[{"href":"https:\/\/canaisdigitaissitebr-wordpress.azurewebsites.net\/index.php\/wp-json\/wp\/v2\/media?parent=9465"}],"wp:term":[{"taxonomy":"category","embeddable":true,"href":"https:\/\/canaisdigitaissitebr-wordpress.azurewebsites.net\/index.php\/wp-json\/wp\/v2\/categories?post=9465"}],"curies":[{"name":"wp","href":"https:\/\/api.w.org\/{rel}","templated":true}]}}