{"id":6923,"date":"2024-05-02T13:50:29","date_gmt":"2024-05-02T16:50:29","guid":{"rendered":"http:\/\/canaisdigitaissitebr-wordpress.azurewebsites.net\/?post_type=dicas_roteiros&#038;p=6923"},"modified":"2024-05-02T13:50:29","modified_gmt":"2024-05-02T16:50:29","slug":"como-funciona-el-pico-y-placa-en-colombia","status":"publish","type":"dicas_roteiros","link":"https:\/\/canaisdigitaissitebr-wordpress.azurewebsites.net\/index.php\/dicas_roteiros\/como-funciona-el-pico-y-placa-en-colombia\/","title":{"rendered":"\u00bfC\u00f3mo funciona el Pico y Placa en Colombia?"},"template":"","meta":[],"categories":[5],"acf":{"secondary_title":"Pico y Placa: todo lo que debes saber antes de viajar","short_title":"\u00bfC\u00f3mo funciona el Pico y Placa en Colombia?","description":"Conoce las informaciones sobre la medida de Pico y Placa en Colombia.","content_summary":"Pico y Placa es una medida de restricci\u00f3n vehicular que tiene como objetivo principal minimizar la congesti\u00f3n de veh\u00edculos en horas de pico y mejorar la circulaci\u00f3n de carros y ciudadanos. La norma funciona seg\u00fan el \u00faltimo n\u00famero de la placa\/identificaci\u00f3n del veh\u00edculo. Consulta todas las informaciones de Pico y Placa y mu\u00e9vete con comodidad.","featured_image":"\/wp-content\/uploads\/2024\/04\/imagem-principal-1920x448px-1.jpg","box_image":"\/wp-content\/uploads\/2024\/04\/imagem-principal-704x832px-1.jpg","box_featured_home_image":"\/wp-content\/uploads\/2024\/04\/imagem-principal-844x492px-1.jpg","main":true,"production":true,"country":"colombia","state":"AC","themes":["{\"value\": \"historia\", \"label\": \"Historia\", \"icon\": \"book-open\"}"],"content_field_01":"<p><strong>Pico y Placa<\/strong> es una medida de restricci\u00f3n vehicular. En la pr\u00e1ctica, quiere decir que algunos veh\u00edculos no pueden circular en determinados lugares, d\u00edas y horarios, dependiendo del \u00faltimo n\u00famero de la placa. El objetivo principal es minimizar la congesti\u00f3n en el tr\u00e1nsito y disminuir los impactos en el medio ambiente.<\/p>\n<p>En Colombia, el Pico y Placa se aplica en 11 ciudades: Bogot\u00e1, Medell\u00edn, Cali, Armenia, Pasto, Bucaramanga, Barranquilla, Pereira, Cartagena, C\u00facuta y Manizales. Los horarios cambian de ciudad a ciudad y son actualizados por el gobierno peri\u00f3dicamente. Si vas a viajar a alguno de estos destinos, consulta previamente las informaciones.<\/p>\n<p><em>\u00bfC\u00f3mo funciona el Pico y Placa en Colombia? \u00bfCu\u00e1les son los horarios de Pico y Placa por ciudad? \u00bfCu\u00e1les son las excepciones de la medida?<\/em> Estas son dudas muy frecuentes sobre el <strong>Pico y Placa<\/strong>. Por esa raz\u00f3n, vamos a aclararlas en este art\u00edculo. Sigue leyendo y conoce todo lo que tienes que saber sobre el Pico y Placa en Colombia. \u00bfEst\u00e1s listo?<\/p>\n<p><img loading=\"lazy\" class=\"size-medium wp-image-6943 aligncenter\" src=\"\/wp-content\/uploads\/2024\/05\/1-300x204.png\" alt=\"\" width=\"300\" height=\"204\" srcset=\"\/wp-content\/uploads\/2024\/05\/1-300x204.png 300w, \/wp-content\/uploads\/2024\/05\/1.png 320w\" sizes=\"(max-width: 300px) 100vw, 300px\" \/><\/p>\n<h3>\u00bfC\u00f3mo funciona el Pico y Placa en Colombia?<\/h3>\n<p>Antes de hablar sobre c\u00f3mo funciona el Pico y Placa en cada ciudad, es importante entender la norma y conocer sus excepciones. Como vimos, estamos hablando de una medida de tr\u00e1nsito obligatoria, determinada por el gobierno colombiano por dos razones principales: mejorar la calidad del aire y el flujo de tr\u00e1nsito vehicular.<\/p>\n<p>El Pico y Placa influye directamente en el d\u00eda a d\u00eda de los colombianos. \u00bfC\u00f3mo? Bien, la norma restringe la circulaci\u00f3n de veh\u00edculos particulares en zonas, d\u00edas y horarios espec\u00edficos. Eso quiere decir que, si est\u00e1s en una de las 11 ciudades mencionadas, tienes que fijarte los horarios en los que no puedes moverte en tu carro.<\/p>\n<p>De manera general, el Pico y Placa se aplica de lunes a viernes, entre 6:00 a.m y 8:00 p.m. Sin embargo, horarios y d\u00edas pueden cambiar seg\u00fan la ciudad en la que est\u00e1s. Estos datos son determinados por el \u00faltimo n\u00famero de la placa\/identificaci\u00f3n de tu veh\u00edculo, desde que no se trate de un veh\u00edculo el\u00e9ctrico o hibrido, como ver\u00e1s a seguir.<\/p>\n<p><img loading=\"lazy\" class=\"size-medium wp-image-6944 aligncenter\" src=\"\/wp-content\/uploads\/2024\/05\/2-300x205.png\" alt=\"\" width=\"300\" height=\"205\" srcset=\"\/wp-content\/uploads\/2024\/05\/2-300x205.png 300w, \/wp-content\/uploads\/2024\/05\/2.png 316w\" sizes=\"(max-width: 300px) 100vw, 300px\" \/><\/p>\n<h3>Excepciones Pico y Placa: \u00bfcu\u00e1les son ellas?<\/h3>\n<p>Pico y Placa se aplica a los veh\u00edculos particulares, pero hay excepciones. Veh\u00edculos h\u00edbridos y el\u00e9ctricos est\u00e1 exentos de la restricci\u00f3n. \u00bfLa raz\u00f3n? Uno de los objetivos principales de la norma es mejorar la calidad del aire y estos veh\u00edculos producen menos emisi\u00f3n de gases contaminantes. Inf\u00f3rmate sobre nuestros <a href=\"https:\/\/www.youtube.com\/watch?v=wWfB7twSpHI\">shuttles el\u00e9ctricos<\/a>.<\/p>\n<p>Si te vas de viaje a alguno de los destinos ya mencionados y eliges veh\u00edculos h\u00edbridos o el\u00e9ctricos, puedes moverte sin preocuparse por el Pico y Placa. En Localiza, adem\u00e1s de los veh\u00edculos h\u00edbridos y el\u00e9ctricos, tambi\u00e9n est\u00e1n las gamas <a href=\"https:\/\/www.localiza.com\/colombia\/es-co\/grupos-de-vehiculos\">FL, GL y FU<\/a>, exentas del Pico y Placa en <a href=\"https:\/\/www.localiza.com\/colombia\/es-co\/viaja-en-auto\/bogota\">Bogot\u00e1<\/a>. En <a href=\"https:\/\/www.rentingcolombia.com\/localiza-corporativo\/blog\/pico-y-placa-en-medellin\">Medell\u00edn<\/a>, tambi\u00e9n est\u00e1n exentos veh\u00edculos a gas.<\/p>\n<p>Esas excepciones merecen la atenci\u00f3n de los viajeros. A final, durante un viaje, muchos quieren evitar el Pico y Placa para moverse sin preocupaciones y disfrutar m\u00e1s del destino elegido. Por eso mismo, rentar un carro el\u00e9ctrico es una excelente opci\u00f3n, adem\u00e1s de planear los desplazamientos con anticipaci\u00f3n.<\/p>\n","cards":false,"content_field_02":"<p><img loading=\"lazy\" class=\"size-medium wp-image-6945 aligncenter\" src=\"\/wp-content\/uploads\/2024\/05\/3-300x204.png\" alt=\"\" width=\"300\" height=\"204\" srcset=\"\/wp-content\/uploads\/2024\/05\/3-300x204.png 300w, \/wp-content\/uploads\/2024\/05\/3.png 310w\" sizes=\"(max-width: 300px) 100vw, 300px\" \/><\/p>\n<h3>\u00bfC\u00f3mo es el Pico y Placa en Bogot\u00e1, Medell\u00edn y Cartagena?<\/h3>\n<p>Las medidas de Pico y Placa cambian peri\u00f3dicamente. Las Secretar\u00edas de Movilidad de las ciudades informan diariamente sobre los horarios y restricciones. Es aconsejable consultar las informaciones con frecuencia. Para el primer semestre de 2024, as\u00ed funcionar\u00e1 la medida en tres de las principales ciudades del pa\u00eds:<\/p>\n<ul>\n<li><strong>Bogot\u00e1:<\/strong> se aplica entre 6 de la ma\u00f1ana y 9 de la noche, de lunes a viernes, seg\u00fan el \u00faltimo n\u00famero de la placa del veh\u00edculo. En d\u00edas impares, pueden circular 1, 2, 3, 4 y 5. En d\u00edas pares: 0, 6, 7, 8 y 9.<\/li>\n<li><strong>Medell\u00edn:<\/strong> se aplica entre 5 de la ma\u00f1ana y 8 de la noche, de lunes a viernes, seg\u00fan el \u00faltimo n\u00famero de la placa del veh\u00edculo (para carros) y el d\u00eda de la semana. Lunes: 5 y 8; martes: 1 y 4; mi\u00e9rcoles: 2 y 0; jueves: 3 y 6; viernes: 7 y 9.<\/li>\n<li><strong>Cartagena:<\/strong> los horarios de restricci\u00f3n se aplican a las horas de pico, o sea, de alta demanda. Entre 7 y 9 de la ma\u00f1ana; entre 12h y 2 de la tarde; y entre 6 y 8 de la noche. Tambi\u00e9n var\u00edan seg\u00fan el d\u00eda de la semana: lunes, 9 y 0; martes, 1 y 2; mi\u00e9rcoles, 3 y 4; jueves, 5 y 6; viernes, 7 y 8.<\/li>\n<\/ul>\n<p>Las dem\u00e1s ciudades \u2013 Cali, Armenia, Pasto, Bucaramanga, Barranquilla, Pereira, C\u00facuta y Manizales \u2013 tambi\u00e9n tienen sus especificidades. Consulta <a href=\"https:\/\/www.rentingcolombia.com\/localiza-corporativo\/blog\/pico-y-placa-colombia\">c\u00f3mo funciona el Pico y Placa para estos destinos<\/a> e inf\u00f3rmate antes de viajar.<\/p>\n<p>Es muy importante tener en cuenta las zonas de las ciudades en las que se aplica el Pico y Placa. Tambi\u00e9n debes saber que las normas pueden cambiar en d\u00edas festivos (fines de semana largos, por ejemplo). Lo m\u00e1s aconsejables es informarse siempre antes de salir.<\/p>\n<p><img loading=\"lazy\" class=\"size-medium wp-image-6946 aligncenter\" src=\"\/wp-content\/uploads\/2024\/05\/4-300x204.png\" alt=\"\" width=\"300\" height=\"204\" srcset=\"\/wp-content\/uploads\/2024\/05\/4-300x204.png 300w, \/wp-content\/uploads\/2024\/05\/4.png 350w\" sizes=\"(max-width: 300px) 100vw, 300px\" \/><\/p>\n<h3>\u00bfC\u00f3mo rentar un carro el\u00e9ctrico para tu viaje?<\/h3>\n<p>Ahora ya sabes que los carros h\u00edbridos y el\u00e9ctricos est\u00e1n exentos del Pico y Placa, pero \u00bfc\u00f3mo rentar uno para tu viaje? Tenemos agencias en 10 de las 11 ciudades en las que se aplica la norma de restricci\u00f3n vehicular (Pasto es la \u00fanica excepci\u00f3n). Puedes rentar tu carro directamente en una de las agencias o a trav\u00e9s de nuestra app o p\u00e1gina web.<\/p>\n<p>Es preferible hacer la reserva con anticipaci\u00f3n, siguiendo el paso a paso:<\/p>\n<ol>\n<li>Informa los datos de tu reserva (agencia de retirada y devoluci\u00f3n, fechas y horarios)<\/li>\n<li>Elige la gama del veh\u00edculo. Recuerda que algunas gamas est\u00e1n exentas del Pico y Placa, como la LY (carros el\u00e9ctricos). En Bogot\u00e1, las gamas FL, GL y FU tambi\u00e9n est\u00e1n exentas.<\/li>\n<li>Completa los datos solicitados (si necesitas adicionales y los datos del registro).<\/li>\n<\/ol>\n<p>Los requisitos para alquilar tu carro son muy sencillos: ser mayor de edad, presentar documentos (originales), tener licencia de conducci\u00f3n vigente y tener tarjeta de cr\u00e9dito propia (Visa, Diners, AMEX o Mastercard).<\/p>\n<p>Sin dudas, la renta de carros es una opci\u00f3n excelente para los viajeros. Rentar un carro te permite elegir tus destinos, hacer las paradas que quieras y viajar con practicidad. <a href=\"https:\/\/www.rentingcolombia.com\/localiza-corporativo?_ga=2.92003482.1673092254.1709560736-1554103031.1709560731\">Para empresas<\/a>, los beneficios tambi\u00e9n son muy amplios. \u00a1Estamos listos para acompa\u00f1arte en todas tus necesidades!<\/p>\n<p><em>* Art\u00edculo actualizado el 04\/03\/2024.<\/em><\/p>\n","offer":"","suggestions":[6856],"canonicalTag":"https:\/\/www.localiza.com\/argentina\/es-ar\/viaja-en-auto\/como-funciona-el-pico-y-placa-en-colombia","descriptionTag":"Conoce las informaciones sobre la medida de Pico y Placa en Colombia."},"_links":{"self":[{"href":"https:\/\/canaisdigitaissitebr-wordpress.azurewebsites.net\/index.php\/wp-json\/wp\/v2\/dicas_roteiros\/6923"}],"collection":[{"href":"https:\/\/canaisdigitaissitebr-wordpress.azurewebsites.net\/index.php\/wp-json\/wp\/v2\/dicas_roteiros"}],"about":[{"href":"https:\/\/canaisdigitaissitebr-wordpress.azurewebsites.net\/index.php\/wp-json\/wp\/v2\/types\/dicas_roteiros"}],"wp:attachment":[{"href":"https:\/\/canaisdigitaissitebr-wordpress.azurewebsites.net\/index.php\/wp-json\/wp\/v2\/media?parent=6923"}],"wp:term":[{"taxonomy":"category","embeddable":true,"href":"https:\/\/canaisdigitaissitebr-wordpress.azurewebsites.net\/index.php\/wp-json\/wp\/v2\/categories?post=6923"}],"curies":[{"name":"wp","href":"https:\/\/api.w.org\/{rel}","templated":true}]}}