{"id":5536,"date":"2023-08-22T15:29:49","date_gmt":"2023-08-22T18:29:49","guid":{"rendered":"http:\/\/canaisdigitaissitebr-wordpress.azurewebsites.net\/?post_type=dicas_roteiros&#038;p=5536"},"modified":"2023-08-22T15:29:49","modified_gmt":"2023-08-22T18:29:49","slug":"que-hacer-en-apartado","status":"publish","type":"dicas_roteiros","link":"https:\/\/canaisdigitaissitebr-wordpress.azurewebsites.net\/index.php\/dicas_roteiros\/que-hacer-en-apartado\/","title":{"rendered":"\u00bfQu\u00e9 hacer en Apartad\u00f3?"},"template":"","meta":[],"categories":[5],"acf":{"secondary_title":"Apartad\u00f3: un destino para conocer en el Urab\u00e1 antioque\u00f1o","short_title":"\u00bfQu\u00e9 hacer en Apartad\u00f3? ","description":"Conoce los mejores tips para tu viaje a Apartad\u00f3.","content_summary":"Apartad\u00f3, ubicada en el departamento de Antioquia y en la subregi\u00f3n de Urab\u00e1, es una ciudad muy interesante para conocer. La tradici\u00f3n bananera, las atracciones culturales y naturales son algunas de las caracter\u00edsticas de este destino. Conoce los mejores tips para tu viaje.  ","featured_image":"\/wp-content\/uploads\/2023\/08\/COLOMBIA-APARTADO-3.jpg","box_image":"\/wp-content\/uploads\/2023\/08\/COLOMBIA-APARTADO-2.jpg","box_featured_home_image":"\/wp-content\/uploads\/2023\/08\/COLOMBIA-APARTADO-1.jpg","main":true,"production":true,"country":"colombia","themes":["{\"value\": \"natureza\", \"label\": \"Naturaleza\", \"icon\": \"sun\"}"],"content_field_01":"<p><i><span data-contrast=\"auto\">El R\u00edo del Pl\u00e1tano: <\/span><\/i><span data-contrast=\"auto\">ese es el significado del nombre \u201cApartad\u00f3\u201d, un lugar que se est\u00e1 convirtiendo en un destino muy atractivo para los turistas. Ubicada en el departamento de Antioquia, la ciudad tiene una fuerte tradici\u00f3n bananera, parte de la historia de Colombia.\u00a0<\/span><span data-ccp-props=\"{&quot;201341983&quot;:0,&quot;335559739&quot;:160,&quot;335559740&quot;:259}\">\u00a0<\/span><\/p>\n<p><span data-contrast=\"auto\">Apartad\u00f3 se encuentra en la subregi\u00f3n de Urab\u00e1, a poco m\u00e1s de 300 kil\u00f3metros de <\/span><a href=\"https:\/\/www.localiza.com\/colombia\/es-co\/viaja-en-auto\/medellin\"><span data-contrast=\"none\">Medell\u00edn<\/span><\/a><span data-contrast=\"auto\">. Para llegar, puedes rentar un carro en Medell\u00edn y recorrer la ruta, en un viaje que tarda aproximadamente 5 horas. Durante el viaje, puedes disfrutar de las vistas de los paisajes, hacer paradas para sacar fotos y conocer pueblitos en los alrededores.\u00a0<\/span><span data-ccp-props=\"{&quot;201341983&quot;:0,&quot;335559739&quot;:160,&quot;335559740&quot;:259}\">\u00a0<\/span><\/p>\n<p><span data-contrast=\"auto\">Apartad\u00f3 tiene una importancia significativa para la econom\u00eda local, por ser un destino de mucho comercio. Sin embargo, tambi\u00e9n tiene atracciones tur\u00edsticas s\u00faper interesantes para conocer y festividades que ya forman parte de la cultura antioque\u00f1a.<\/span><span data-ccp-props=\"{&quot;201341983&quot;:0,&quot;335559739&quot;:160,&quot;335559740&quot;:259}\">\u00a0<\/span><\/p>\n<p><span data-contrast=\"auto\">\u00bfCu\u00e1les son los principales atractivos tur\u00edsticos de Apartad\u00f3? Sigue leyendo para conocer nuestros tips y disfrutar tu viaje.\u00a0<\/span><span data-ccp-props=\"{&quot;201341983&quot;:0,&quot;335559739&quot;:160,&quot;335559740&quot;:259}\">\u00a0<\/span><\/p>\n<p><img loading=\"lazy\" class=\"size-medium wp-image-5541 aligncenter\" src=\"\/wp-content\/uploads\/2023\/08\/COLOMBIA-APARTADO-3-300x204.png\" alt=\"\" width=\"300\" height=\"204\" srcset=\"\/wp-content\/uploads\/2023\/08\/COLOMBIA-APARTADO-3-300x204.png 300w, \/wp-content\/uploads\/2023\/08\/COLOMBIA-APARTADO-3.png 380w\" sizes=\"(max-width: 300px) 100vw, 300px\" \/><\/p>\n<h2><b><span data-contrast=\"auto\">\u00bfQu\u00e9 hacer en Apartad\u00f3?<\/span><\/b><span data-ccp-props=\"{&quot;201341983&quot;:0,&quot;335559739&quot;:160,&quot;335559740&quot;:259}\">\u00a0<\/span><\/h2>\n<p><span data-contrast=\"auto\">En los \u00faltimos a\u00f1os, el agroturismo se transform\u00f3 en una opci\u00f3n muy elegida de los viajeros. En Colombia, el \u201cturismo del caf\u00e9\u201d es un buen ejemplo de esa transformaci\u00f3n. En Apartad\u00f3, el protagonista es otro: el banano (y el pl\u00e1tano).\u00a0<\/span><span data-ccp-props=\"{&quot;201341983&quot;:0,&quot;335559739&quot;:160,&quot;335559740&quot;:259}\">\u00a0<\/span><\/p>\n<p><span data-contrast=\"auto\">La ciudad de poco m\u00e1s de cien mil habitantes tiene en su alrededor enormes plantaciones de pl\u00e1tano y banano, frutas muy t\u00edpicas de Colombia \u2013 parte de la gastronom\u00eda, de las costumbres y, por supuesto, de la econom\u00eda del pa\u00eds.\u00a0<\/span><span data-ccp-props=\"{&quot;201341983&quot;:0,&quot;335559739&quot;:160,&quot;335559740&quot;:259}\">\u00a0<\/span><\/p>\n<p><span data-contrast=\"auto\">En tu viaje a Apartad\u00f3, puedes hacer la <\/span><b><span data-contrast=\"auto\">ruta del banano<\/span><\/b><span data-contrast=\"auto\">. En este paseo, visitas fincas de la regi\u00f3n para conocer el proceso de plantaci\u00f3n de las frutas y todo el camino de producci\u00f3n: desde el cultivo hasta que los bananos y pl\u00e1tanos salen para la exportaci\u00f3n.<\/span><\/p>\n<p><img loading=\"lazy\" class=\"size-medium wp-image-5542 aligncenter\" src=\"\/wp-content\/uploads\/2023\/08\/COLOMBIA-APARTADO-4-300x204.png\" alt=\"\" width=\"300\" height=\"204\" srcset=\"\/wp-content\/uploads\/2023\/08\/COLOMBIA-APARTADO-4-300x204.png 300w, \/wp-content\/uploads\/2023\/08\/COLOMBIA-APARTADO-4.png 323w\" sizes=\"(max-width: 300px) 100vw, 300px\" \/><\/p>\n<p>&nbsp;<\/p>\n","cards":false,"content_field_02":"<h3><b><span data-contrast=\"auto\">\u00bfQu\u00e9 hacer en Apartad\u00f3?<\/span><\/b><span data-ccp-props=\"{&quot;201341983&quot;:0,&quot;335559739&quot;:160,&quot;335559740&quot;:259}\">\u00a0<\/span><\/h3>\n<p><span data-contrast=\"auto\">En los \u00faltimos a\u00f1os, el agroturismo se transform\u00f3 en una opci\u00f3n muy elegida de los viajeros. En Colombia, el \u201cturismo del caf\u00e9\u201d es un buen ejemplo de esa transformaci\u00f3n. En Apartad\u00f3, el protagonista es otro: el banano (y el pl\u00e1tano).\u00a0<\/span><span data-ccp-props=\"{&quot;201341983&quot;:0,&quot;335559739&quot;:160,&quot;335559740&quot;:259}\">\u00a0<\/span><\/p>\n<p><span data-contrast=\"auto\">La ciudad de poco m\u00e1s de cien mil habitantes tiene en su alrededor enormes plantaciones de pl\u00e1tano y banano, frutas muy t\u00edpicas de Colombia \u2013 parte de la gastronom\u00eda, de las costumbres y, por supuesto, de la econom\u00eda del pa\u00eds.\u00a0<\/span><span data-ccp-props=\"{&quot;201341983&quot;:0,&quot;335559739&quot;:160,&quot;335559740&quot;:259}\">\u00a0<\/span><\/p>\n<p><span data-contrast=\"auto\">En tu viaje a Apartad\u00f3, puedes hacer la <\/span><b><span data-contrast=\"auto\">ruta del banano<\/span><\/b><span data-contrast=\"auto\">. En este paseo, visitas fincas de la regi\u00f3n para conocer el proceso de plantaci\u00f3n de las frutas y todo el camino de producci\u00f3n: desde el cultivo hasta que los bananos y pl\u00e1tanos salen para la exportaci\u00f3n<\/span><span data-ccp-props=\"{&quot;201341983&quot;:0,&quot;335559739&quot;:160,&quot;335559740&quot;:259}\">\u00a0<\/span><\/p>\n<h3><img loading=\"lazy\" class=\"size-medium wp-image-5545 aligncenter\" src=\"\/wp-content\/uploads\/2023\/08\/COLOMBIA-APARTADO-2-1-300x204.png\" alt=\"\" width=\"300\" height=\"204\" srcset=\"\/wp-content\/uploads\/2023\/08\/COLOMBIA-APARTADO-2-1-300x204.png 300w, \/wp-content\/uploads\/2023\/08\/COLOMBIA-APARTADO-2-1.png 363w\" sizes=\"(max-width: 300px) 100vw, 300px\" \/><\/h3>\n<h3><b><span data-contrast=\"auto\">Apartad\u00f3: \u00bfqu\u00e9 m\u00e1s puedes hacer all\u00ed?<\/span><\/b><span data-ccp-props=\"{&quot;201341983&quot;:0,&quot;335559739&quot;:160,&quot;335559740&quot;:259}\">\u00a0<\/span><\/h3>\n<p><span data-contrast=\"auto\">La subregi\u00f3n de Urab\u00e1, precisamente en la regi\u00f3n costera entre Urab\u00e1 y Medell\u00edn, se encuentra el \u201cCintur\u00f3n del Sin\u00fa\u201d. All\u00ed est\u00e1n m\u00e1s de 60 volcanes de lodo, que despiertan el inter\u00e9s de los turistas por sus misteriosas formas.<\/span><span data-ccp-props=\"{&quot;201341983&quot;:0,&quot;335559739&quot;:160,&quot;335559740&quot;:259}\">\u00a0<\/span><\/p>\n<p><span data-contrast=\"auto\">En tu visita al cintur\u00f3n, puedes ver (o hacer) una actividad curiosa: ba\u00f1arse en el barro de los volcanes. Para muchos, eso es algo terap\u00e9utico y hasta m\u00edstico. Si lo haces, recuerda tomar los cuidados necesarios para tu seguridad.<\/span><span data-ccp-props=\"{&quot;201341983&quot;:0,&quot;335559739&quot;:160,&quot;335559740&quot;:259}\">\u00a0<\/span><\/p>\n<p><span data-contrast=\"auto\">Visitar los resguardos ind\u00edgenas es un buen plan, como los Ibud\u00f3, de la etnia Ember\u00e1 Kat\u00edos, que se encuentran en la vereda \u201cLas Playas\u201d. Es una visita muy especial, en la que puedes conocer m\u00e1s de una cultura que mantiene vivas sus tradiciones.\u00a0<\/span><span data-ccp-props=\"{&quot;201341983&quot;:0,&quot;335559739&quot;:160,&quot;335559740&quot;:259}\">\u00a0<\/span><\/p>\n<p><img loading=\"lazy\" class=\"size-medium wp-image-5543 aligncenter\" src=\"\/wp-content\/uploads\/2023\/08\/COLOMBIA-APARTADO-1-300x204.png\" alt=\"\" width=\"300\" height=\"204\" srcset=\"\/wp-content\/uploads\/2023\/08\/COLOMBIA-APARTADO-1-300x204.png 300w, \/wp-content\/uploads\/2023\/08\/COLOMBIA-APARTADO-1.png 313w\" sizes=\"(max-width: 300px) 100vw, 300px\" \/><\/p>\n<h3><b><span data-contrast=\"auto\">\u00bfC\u00f3mo rentar un carro para tu viaje a Apartad\u00f3?<\/span><\/b><span data-ccp-props=\"{&quot;201341983&quot;:0,&quot;335559739&quot;:160,&quot;335559740&quot;:259}\">\u00a0<\/span><\/h3>\n<p><span data-contrast=\"auto\">Para disfrutar Apartad\u00f3 y el Urab\u00e1 antioque\u00f1o, pensar en tu movilidad es important\u00edsimo. Si vas en carro, puedes visitar ciudades y pueblos cercanos, recorrer la costa entre Urab\u00e1 y Medell\u00edn y conocer mucho m\u00e1s de la regi\u00f3n y sus atractivos.\u00a0<\/span><span data-ccp-props=\"{&quot;201341983&quot;:0,&quot;335559739&quot;:160,&quot;335559740&quot;:259}\">\u00a0<\/span><\/p>\n<p><span data-contrast=\"auto\">Tenemos agencia en Apartad\u00f3 (Centro Comercial Nuestro Urab\u00e1) y en Medell\u00edn. Puedes rentar tu carro directamente en una de las agencias o a trav\u00e9s de nuestra <\/span><a href=\"https:\/\/www.localiza.com\/colombia\/es-co\"><span data-contrast=\"none\">p\u00e1gina web<\/span><\/a><span data-contrast=\"auto\"> o app. Hacer la reserva con anticipaci\u00f3n es una buena idea, as\u00ed puedes planear tu viaje en detalles y con tranquilidad.<\/span><span data-ccp-props=\"{&quot;201341983&quot;:0,&quot;335559739&quot;:160,&quot;335559740&quot;:259}\">\u00a0<\/span><\/p>\n<p><span data-contrast=\"auto\">Preoc\u00fapate \u00fanicamente en hacer las maletas. Del carro, nos encargamos nosotros.<\/span><\/p>\n","offer":"","suggestions":[4179,4322,4717],"canonicalTag":"https:\/\/www.localiza.com\/colombia\/es-co\/viaja-en-auto\/que-hacer-en-apartado","descriptionTag":"Conoce los mejores tips para tu viaje a Apartad\u00f3."},"_links":{"self":[{"href":"https:\/\/canaisdigitaissitebr-wordpress.azurewebsites.net\/index.php\/wp-json\/wp\/v2\/dicas_roteiros\/5536"}],"collection":[{"href":"https:\/\/canaisdigitaissitebr-wordpress.azurewebsites.net\/index.php\/wp-json\/wp\/v2\/dicas_roteiros"}],"about":[{"href":"https:\/\/canaisdigitaissitebr-wordpress.azurewebsites.net\/index.php\/wp-json\/wp\/v2\/types\/dicas_roteiros"}],"wp:attachment":[{"href":"https:\/\/canaisdigitaissitebr-wordpress.azurewebsites.net\/index.php\/wp-json\/wp\/v2\/media?parent=5536"}],"wp:term":[{"taxonomy":"category","embeddable":true,"href":"https:\/\/canaisdigitaissitebr-wordpress.azurewebsites.net\/index.php\/wp-json\/wp\/v2\/categories?post=5536"}],"curies":[{"name":"wp","href":"https:\/\/api.w.org\/{rel}","templated":true}]}}