{"id":10840,"date":"2025-06-25T15:29:56","date_gmt":"2025-06-25T18:29:56","guid":{"rendered":"http:\/\/canaisdigitaissitebr-wordpress.azurewebsites.net\/?post_type=dicas_roteiros&#038;p=10840"},"modified":"2025-11-11T20:17:02","modified_gmt":"2025-11-11T23:17:02","slug":"camino-a-la-guelaguetza-un-viaje-cultural-y-ecologico-que-te-cambiara-la-vida","status":"publish","type":"dicas_roteiros","link":"https:\/\/canaisdigitaissitebr-wordpress.azurewebsites.net\/index.php\/dicas_roteiros\/camino-a-la-guelaguetza-un-viaje-cultural-y-ecologico-que-te-cambiara-la-vida\/","title":{"rendered":"Camino a la Guelaguetza: Un viaje cultural y ecol\u00f3gico que te cambiar\u00e1 la vida"},"template":"","meta":[],"categories":[10],"acf":{"secondary_title":"Camino a la Guelaguetza: Un viaje cultural y ecol\u00f3gico que te cambiar\u00e1 la vida ","short_title":"Camino a la Guelaguetza","description":"Descubre la Guelaguetza en Oaxaca: cultura, tradiciones y naturaleza en una de las fiestas m\u00e1s emblem\u00e1ticas de M\u00e9xico. \u00a1Viaja con Localiza!","content_summary":"Descubre la Guelaguetza en Oaxaca: cultura, tradiciones y naturaleza en una de las fiestas m\u00e1s emblem\u00e1ticas de M\u00e9xico. \u00a1Viaja con Localiza!","featured_image":"\/wp-content\/uploads\/2025\/06\/bailarinas-guelaguetza-solsticio1.jpg","box_image":"\/wp-content\/uploads\/2025\/06\/bailarinas-guelaguetza-solsticio.jpg","box_featured_home_image":"\/wp-content\/uploads\/2025\/06\/bailarinas-guelaguetza-solsticio2.jpg","main":true,"production":true,"country":"mexicoEspanhol","themes":["{\"value\": \"festas\", \"label\": \"Fiestas\", \"icon\": \"star\"}","{\"value\": \"historia\", \"label\": \"Historia\", \"icon\": \"book-open\"}"],"content_field_01":"<h1><span data-contrast=\"auto\">Camino a la Guelaguetza: Un viaje cultural y ecol\u00f3gico que te cambiar\u00e1 la vida<\/span><span data-ccp-props=\"{&quot;134245418&quot;:true,&quot;134245529&quot;:true,&quot;335559738&quot;:240,&quot;335559739&quot;:240}\">\u00a0<\/span><\/h1>\n<h2><span data-contrast=\"auto\">Un recorrido con la comunidad oaxaque\u00f1a como gu\u00eda y Localiza como tu mejor aliado<\/span><span data-ccp-props=\"{&quot;335559738&quot;:240,&quot;335559739&quot;:240}\">\u00a0<\/span><\/h2>\n<p><span data-contrast=\"auto\">Cada verano, M\u00e9xico celebra una de las festividades m\u00e1s emblem\u00e1ticas y coloridas del pa\u00eds: la Guelaguetza. Esta celebraci\u00f3n originaria del estado de Oaxaca, no solo resalta la riqueza de nuestras tradiciones, sino que representa un acto de uni\u00f3n entre la comunidad, gratitud hacia la tierra y la conservaci\u00f3n de sus tradiciones ancestrales. Su preparaci\u00f3n comienza desde semanas antes del gran evento del <strong>21 al 28 de julio<\/strong>.<\/span><span data-ccp-props=\"{&quot;335559738&quot;:240,&quot;335559739&quot;:240}\">\u00a0<\/span><\/p>\n<p><span data-contrast=\"auto\">Esta fiesta no es solo una manifestaci\u00f3n art\u00edstica y cultural, sino tambi\u00e9n un recordatorio del equilibrio con la naturaleza y la importancia de preservar nuestras ra\u00edces. Viajar a Oaxaca en estas fechas se convierte en una experiencia \u00fanica, donde cada danza, cada platillo y cada ritual te conecta con siglos de historia viva.<\/span><span data-ccp-props=\"{&quot;335559738&quot;:240,&quot;335559739&quot;:240}\">\u00a0<\/span><\/p>\n<p><img loading=\"lazy\" class=\"size-full wp-image-10841\" src=\"\/wp-content\/uploads\/2025\/06\/ninas-guelaguetza-oaxaca-tradicion.jpg\" alt=\"Grupo de ni\u00f1as en trajes t\u00edpicos oaxaque\u00f1os bailando durante la Guelaguetza, tradici\u00f3n cultural de M\u00e9xico. \" width=\"600\" height=\"400\" srcset=\"\/wp-content\/uploads\/2025\/06\/ninas-guelaguetza-oaxaca-tradicion.jpg 600w, \/wp-content\/uploads\/2025\/06\/ninas-guelaguetza-oaxaca-tradicion-300x200.jpg 300w\" sizes=\"(max-width: 600px) 100vw, 600px\" \/><\/p>\n<p><span data-contrast=\"auto\">Para vivir una de las m\u00e1ximas fiestas de M\u00e9xico a tu ritmo y con total libertad, un <\/span><a href=\"https:\/\/www.localiza.com\/mexico\/es-mx\"><span data-contrast=\"none\">auto rentado en Localiza<\/span><\/a><span data-contrast=\"auto\"> es tu mejor opci\u00f3n. Podr\u00e1s recorrer pueblos, asistir a celebraciones previas y conocer rincones especiales del estado que enriquecen la experiencia.<\/span><span data-ccp-props=\"{&quot;335559738&quot;:240,&quot;335559739&quot;:240}\">\u00a0<\/span><\/p>\n<h2 aria-level=\"2\"><span data-contrast=\"auto\">La Guelaguetza: un acto de entrega, comunidad y respeto por la tierra<\/span><span data-ccp-props=\"{&quot;134245418&quot;:true,&quot;134245529&quot;:true,&quot;335559738&quot;:240,&quot;335559739&quot;:240}\">\u00a0<\/span><\/h2>\n<p><span data-contrast=\"auto\">La palabra &#8220;<strong><em>Guelaguetza<\/em><\/strong>&#8221; proviene del zapoteco y significa &#8220;<em>ofrenda<\/em>&#8221; o &#8220;<em>cooperaci\u00f3n<\/em>&#8220;. Las ra\u00edces de esta festividad las encontramos en los rituales prehisp\u00e1nicos que rend\u00edan culto a los dioses del ma\u00edz y de la lluvia, en agradecimiento por las cosechas.\u00a0<\/span><span data-ccp-props=\"{&quot;335559738&quot;:240,&quot;335559739&quot;:240}\">\u00a0<\/span><\/p>\n<p><span data-contrast=\"auto\">Con la llegada de la colonizaci\u00f3n, estas tradiciones se mezclaron con elementos religiosos cat\u00f3licos, dando origen a la celebraci\u00f3n que conocemos actualmente.<\/span><span data-ccp-props=\"{&quot;335559738&quot;:240,&quot;335559739&quot;:240}\">\u00a0<\/span><\/p>\n<p><span data-contrast=\"auto\">Hoy en d\u00eda, la Guelaguetza es reconocida por sus impresionantes presentaciones de danzas folcl\u00f3ricas, m\u00fasica regional y trajes t\u00edpicos que reflejan la identidad de las ocho regiones del estado de Oaxaca.\u00a0<\/span><span data-ccp-props=\"{&quot;335559738&quot;:240,&quot;335559739&quot;:240}\">\u00a0<\/span><\/p>\n<p><img loading=\"lazy\" class=\"size-full wp-image-10842\" src=\"\/wp-content\/uploads\/2025\/06\/baile-flor-pina-guelaguetza.jpg\" alt=\"Bailarina oaxaque\u00f1a interpreta la Flor de la Pi\u00f1a en la Guelaguetza, vistiendo traje t\u00edpico colorido. \" width=\"600\" height=\"401\" srcset=\"\/wp-content\/uploads\/2025\/06\/baile-flor-pina-guelaguetza.jpg 600w, \/wp-content\/uploads\/2025\/06\/baile-flor-pina-guelaguetza-300x201.jpg 300w\" sizes=\"(max-width: 600px) 100vw, 600px\" \/><\/p>\n<p><span data-contrast=\"auto\">Se celebra de forma oficial en el Cerro del Fort\u00edn en la ciudad de Oaxaca, los dos lunes posteriores al 16 de julio, conocidos como los Lunes del Cerro. Esta fiesta representa el esp\u00edritu solidario y colaborativo de los pueblos oaxaque\u00f1os, donde cada comunidad ofrece lo mejor de s\u00ed a los dem\u00e1s.<\/span><span data-ccp-props=\"{&quot;335559738&quot;:240,&quot;335559739&quot;:240}\">\u00a0<\/span><\/p>\n<h2 aria-level=\"2\"><span data-contrast=\"auto\">\u00bfPor qu\u00e9 asistir a la Guelaguetza?<\/span><span data-ccp-props=\"{&quot;134245418&quot;:true,&quot;134245529&quot;:true,&quot;335559738&quot;:240,&quot;335559739&quot;:240}\">\u00a0<\/span><\/h2>\n<p><span data-contrast=\"auto\">Vivir la m\u00e1gica experiencia que es la Guelaguetza significa mucho m\u00e1s que solamente presenciar un espect\u00e1culo.\u00a0<\/span><span data-ccp-props=\"{&quot;335559738&quot;:240,&quot;335559739&quot;:240}\">\u00a0<\/span><\/p>\n<p><span data-contrast=\"auto\">Es sumergirse en un mar de colores, aromas, sonidos y emociones, aprender sobre las ra\u00edces culturales que siguen vivas y activas, mientras apoyas a la econom\u00eda local y formas parte del fortalecimiento de las tradiciones ind\u00edgenas de nuestro pa\u00eds.<\/span><span data-ccp-props=\"{&quot;335559738&quot;:240,&quot;335559739&quot;:240}\">\u00a0<\/span><\/p>\n<p><img loading=\"lazy\" class=\"size-full wp-image-10843\" src=\"\/wp-content\/uploads\/2025\/06\/artesanias-guelaguetza-oaxaca.jpg\" alt=\"Feria artesanal en Oaxaca durante la Guelaguetza con coloridas decoraciones y tradici\u00f3n cultural. \" width=\"600\" height=\"625\" srcset=\"\/wp-content\/uploads\/2025\/06\/artesanias-guelaguetza-oaxaca.jpg 600w, \/wp-content\/uploads\/2025\/06\/artesanias-guelaguetza-oaxaca-288x300.jpg 288w\" sizes=\"(max-width: 600px) 100vw, 600px\" \/><\/p>\n<p><span data-contrast=\"auto\">Adem\u00e1s, al sumergirte en esta experiencia, estableces un v\u00ednculo emocional con Oaxaca, sus comunidades y su tierra. Lo que significa una oportunidad \u00fanica para conocer de cerca las expresiones culturales de los pueblos originarios, celebrar con ellos y ser testigo de c\u00f3mo el arte puede transformar y unir.<\/span><span data-ccp-props=\"{&quot;335559738&quot;:240,&quot;335559739&quot;:240}\">\u00a0<\/span><\/p>\n<h2 aria-level=\"2\"><span data-contrast=\"auto\">\u00bfC\u00f3mo se prepara Oaxaca para la Guelaguetza?<\/span><span data-ccp-props=\"{&quot;134245418&quot;:true,&quot;134245529&quot;:true,&quot;335559738&quot;:240,&quot;335559739&quot;:240}\">\u00a0<\/span><\/h2>\n<p><span data-contrast=\"auto\">El evento principal se lleva a cabo en el Cerro del Fort\u00edn, pero las semanas previas a los Lunes del Cerro, Oaxaca vibra con celebraciones que calientan el ambiente festivo. Las actividades previas forman parte esencial del esp\u00edritu de la Guelaguetza y son el momento perfecto para conocer de cerca a las comunidades originarias que las organizan.<\/span><span data-ccp-props=\"{&quot;335559738&quot;:240,&quot;335559739&quot;:240}\">\u00a0<\/span><\/p>\n<h3 aria-level=\"3\"><span data-contrast=\"none\">Entre las celebraciones m\u00e1s destacadas est\u00e1n:<\/span><span data-ccp-props=\"{&quot;134245418&quot;:true,&quot;134245529&quot;:true,&quot;335559738&quot;:240,&quot;335559739&quot;:240}\">\u00a0<\/span><\/h3>\n<ul>\n<li data-leveltext=\"\u25cf\" data-font=\"\" data-listid=\"1\" data-list-defn-props=\"{&quot;335552541&quot;:1,&quot;335559685&quot;:720,&quot;335559991&quot;:360,&quot;469769242&quot;:[8226],&quot;469777803&quot;:&quot;left&quot;,&quot;469777804&quot;:&quot;\u25cf&quot;,&quot;469777815&quot;:&quot;multilevel&quot;}\" aria-setsize=\"-1\" data-aria-posinset=\"1\" data-aria-level=\"1\"><b><span data-contrast=\"auto\">El Convite<\/span><\/b><span data-contrast=\"auto\">: un desfile tradicional en el que las localidades y regiones participantes anuncian su presencia en la Guelaguetza, se acostumbra acompa\u00f1ar de bandas de m\u00fasica, canastas florales, trajes t\u00edpicos y sobre todo mucha alegr\u00eda.<\/span><\/li>\n<li data-leveltext=\"\u25cf\" data-font=\"\" data-listid=\"1\" data-list-defn-props=\"{&quot;335552541&quot;:1,&quot;335559685&quot;:720,&quot;335559991&quot;:360,&quot;469769242&quot;:[8226],&quot;469777803&quot;:&quot;left&quot;,&quot;469777804&quot;:&quot;\u25cf&quot;,&quot;469777815&quot;:&quot;multilevel&quot;}\" aria-setsize=\"-1\" data-aria-posinset=\"1\" data-aria-level=\"1\"><b><span data-contrast=\"auto\">La elecci\u00f3n de la Diosa Cent\u00e9otl<\/span><\/b><span data-contrast=\"auto\">: se realiza en el Z\u00f3calo de Oaxaca, donde mujeres representantes de diferentes comunidades comparten su conocimiento sobre su cultura, lengua, vestimenta y tradiciones.<\/span><\/li>\n<li data-leveltext=\"\u25cf\" data-font=\"\" data-listid=\"1\" data-list-defn-props=\"{&quot;335552541&quot;:1,&quot;335559685&quot;:720,&quot;335559991&quot;:360,&quot;469769242&quot;:[8226],&quot;469777803&quot;:&quot;left&quot;,&quot;469777804&quot;:&quot;\u25cf&quot;,&quot;469777815&quot;:&quot;multilevel&quot;}\" aria-setsize=\"-1\" data-aria-posinset=\"1\" data-aria-level=\"1\"><b><span data-contrast=\"auto\">Muestras gastron\u00f3micas y artesanales<\/span><\/b><span data-contrast=\"auto\">: costumbre que da pie a disfrutar de los sabores t\u00edpicos y adquirir productos elaborados por manos oaxaque\u00f1as locales.<\/span><span data-ccp-props=\"{&quot;335559739&quot;:240}\">\u00a0<\/span><\/li>\n<\/ul>\n<p><img loading=\"lazy\" class=\"size-full wp-image-10844\" src=\"\/wp-content\/uploads\/2025\/06\/mujeres-guelaguetza-oaxaca-fiesta.jpg\" alt=\"Mujeres con trajes t\u00edpicos y canastas florales desfilan en la Guelaguetza en Oaxaca. \" width=\"600\" height=\"450\" srcset=\"\/wp-content\/uploads\/2025\/06\/mujeres-guelaguetza-oaxaca-fiesta.jpg 600w, \/wp-content\/uploads\/2025\/06\/mujeres-guelaguetza-oaxaca-fiesta-300x225.jpg 300w\" sizes=\"(max-width: 600px) 100vw, 600px\" \/><\/p>\n<p><span data-contrast=\"auto\">Estas actividades se practican por toda la ciudad y sus alrededores, una raz\u00f3n m\u00e1s para contar con un auto rentado en <\/span><a href=\"https:\/\/www.localiza.com\/mexico\/es-mx\/renta-de-autos\/oaxaca\"><span data-contrast=\"none\">Localiza Oaxaca<\/span><\/a><span data-contrast=\"auto\"> que te ayudar\u00e1 a desplazarte de forma c\u00f3moda, segura y eficiente entre los diferentes puntos para que no te pierdas de ninguna danza ni manifestaci\u00f3n.<\/span><span data-ccp-props=\"{&quot;335559738&quot;:240,&quot;335559739&quot;:240}\">\u00a0<\/span><\/p>\n<h2 aria-level=\"2\"><span data-contrast=\"auto\">Importancia cultural y ecol\u00f3gica de la Guelaguetza<\/span><span data-ccp-props=\"{&quot;134245418&quot;:true,&quot;134245529&quot;:true,&quot;335559738&quot;:240,&quot;335559739&quot;:240}\">\u00a0<\/span><\/h2>\n<p><span data-contrast=\"auto\">La Guelaguetza no solo tiene una dimensi\u00f3n art\u00edstica y social, sino tambi\u00e9n ecol\u00f3gica. Muchas de las pr\u00e1cticas asociadas con esta festividad promueven un <\/span><a href=\"https:\/\/www.localiza.com\/mexico\/es-mx\/viaja-en-auto\/explora-la-naturaleza-en-un-auto-rentado\"><span data-contrast=\"none\">modo de vida sostenible<\/span><\/a><span data-contrast=\"auto\">.\u00a0<\/span><span data-ccp-props=\"{&quot;335559738&quot;:240,&quot;335559739&quot;:240}\">\u00a0<\/span><\/p>\n<p><span data-contrast=\"auto\">El uso de materiales naturales en la confecci\u00f3n de las vestimentas, la gastronom\u00eda basada en productos locales de temporada, as\u00ed como la conexi\u00f3n con la tierra y el agradecimiento a la naturaleza, forman parte de un modelo de vida armonioso y respetuoso con el entorno.<\/span><span data-ccp-props=\"{&quot;335559738&quot;:240,&quot;335559739&quot;:240}\">\u00a0<\/span><\/p>\n<p><img loading=\"lazy\" class=\"size-full wp-image-10845\" src=\"\/wp-content\/uploads\/2025\/06\/vestimenta-tipica-oaxaca-guelaguetza.jpg\" alt=\"Traje t\u00edpico de Oaxaca con bordados florales, usado en la Guelaguetza, fiesta cultural por excelencia. \" width=\"600\" height=\"401\" srcset=\"\/wp-content\/uploads\/2025\/06\/vestimenta-tipica-oaxaca-guelaguetza.jpg 600w, \/wp-content\/uploads\/2025\/06\/vestimenta-tipica-oaxaca-guelaguetza-300x201.jpg 300w\" sizes=\"(max-width: 600px) 100vw, 600px\" \/><\/p>\n<p><span data-contrast=\"auto\">Al promover el turismo cultural, se impulsa la conservaci\u00f3n del patrimonio natural de Oaxaca, ya que muchas de las comunidades participantes viven en zonas monta\u00f1osas, rurales y biodiversas que son protegidas a trav\u00e9s del ecoturismo responsable.<\/span><span data-ccp-props=\"{&quot;335559738&quot;:240,&quot;335559739&quot;:240}\">\u00a0<\/span><\/p>\n<h2 aria-level=\"2\"><span data-contrast=\"auto\">Opciones de hospedaje cercanas al Cerro del Fort\u00edn<\/span><span data-ccp-props=\"{&quot;134245418&quot;:true,&quot;134245529&quot;:true,&quot;335559738&quot;:240,&quot;335559739&quot;:240}\">\u00a0<\/span><\/h2>\n<p><span data-contrast=\"auto\">Para disfrutar de la Guelaguetza con mayor comodidad, es ideal hospedarse cerca del Cerro del Fort\u00edn o del Centro Hist\u00f3rico de Oaxaca.\u00a0<\/span><span data-ccp-props=\"{&quot;335559738&quot;:240,&quot;335559739&quot;:240}\">\u00a0<\/span><\/p>\n<p><span data-contrast=\"auto\">Aqu\u00ed te compartimos tres excelentes opciones:<\/span><span data-ccp-props=\"{&quot;335559738&quot;:240,&quot;335559739&quot;:240}\">\u00a0<\/span><\/p>\n<ol>\n<li data-leveltext=\"%1.\" data-font=\"\" data-listid=\"2\" data-list-defn-props=\"{&quot;335552541&quot;:0,&quot;335559685&quot;:720,&quot;335559991&quot;:360,&quot;469769242&quot;:[65533,0],&quot;469777803&quot;:&quot;left&quot;,&quot;469777804&quot;:&quot;%1.&quot;,&quot;469777815&quot;:&quot;multilevel&quot;}\" aria-setsize=\"-1\" data-aria-posinset=\"1\" data-aria-level=\"1\"><b><span data-contrast=\"auto\">Hotel Casa Catrina<\/span><\/b><span data-contrast=\"auto\">: ubicado a pocos minutos del Auditorio Guelaguetza, este hotel boutique ofrece habitaciones c\u00f3modas con dise\u00f1o tradicional y atenci\u00f3n personalizada a los hu\u00e9spedes.<\/span><\/li>\n<li data-leveltext=\"%1.\" data-font=\"\" data-listid=\"2\" data-list-defn-props=\"{&quot;335552541&quot;:0,&quot;335559685&quot;:720,&quot;335559991&quot;:360,&quot;469769242&quot;:[65533,0],&quot;469777803&quot;:&quot;left&quot;,&quot;469777804&quot;:&quot;%1.&quot;,&quot;469777815&quot;:&quot;multilevel&quot;}\" aria-setsize=\"-1\" data-aria-posinset=\"1\" data-aria-level=\"1\"><b><span data-contrast=\"auto\">Hotel Fort\u00edn Plaza<\/span><\/b><span data-contrast=\"auto\">: con vista directa al Cerro del Fort\u00edn, es una opci\u00f3n estrat\u00e9gica para los asistentes a la Guelaguetza, cuenta con restaurante, estacionamiento y habitaciones espaciosas.<\/span><\/li>\n<li data-leveltext=\"%1.\" data-font=\"\" data-listid=\"2\" data-list-defn-props=\"{&quot;335552541&quot;:0,&quot;335559685&quot;:720,&quot;335559991&quot;:360,&quot;469769242&quot;:[65533,0],&quot;469777803&quot;:&quot;left&quot;,&quot;469777804&quot;:&quot;%1.&quot;,&quot;469777815&quot;:&quot;multilevel&quot;}\" aria-setsize=\"-1\" data-aria-posinset=\"1\" data-aria-level=\"1\"><b><span data-contrast=\"auto\">Parador Del Dominico<\/span><\/b><span data-contrast=\"auto\">: situado cerca del centro hist\u00f3rico, ofrece acceso f\u00e1cil tanto al auditorio como a las celebraciones previas en la ciudad, su ambiente tranquilo y sus detalles artesanales lo hacen ideal para quienes buscan autenticidad y confort.<\/span><span data-ccp-props=\"{&quot;335559739&quot;:240}\">\u00a0<\/span><\/li>\n<\/ol>\n<p><img loading=\"lazy\" class=\"size-full wp-image-10846\" src=\"\/wp-content\/uploads\/2025\/06\/viajera-hotel-oaxaca-guelaguetza.jpg\" alt=\"Mujer abre las cortinas en su hotel en Oaxaca al amanecer, lista para vivir la Guelaguetza con auto rentado. \" width=\"600\" height=\"338\" srcset=\"\/wp-content\/uploads\/2025\/06\/viajera-hotel-oaxaca-guelaguetza.jpg 600w, \/wp-content\/uploads\/2025\/06\/viajera-hotel-oaxaca-guelaguetza-300x169.jpg 300w\" sizes=\"(max-width: 600px) 100vw, 600px\" \/><\/p>\n<h2 aria-level=\"2\"><span data-contrast=\"auto\">Sabor y tradici\u00f3n: gastronom\u00eda t\u00edpica de la Guelaguetza<\/span><span data-ccp-props=\"{&quot;134245418&quot;:true,&quot;134245529&quot;:true,&quot;335559738&quot;:240,&quot;335559739&quot;:240}\">\u00a0<\/span><\/h2>\n<p><span data-contrast=\"auto\">La comida oaxaque\u00f1a (adem\u00e1s de ser reconocida a nivel internacional) es una parte esencial de la celebraci\u00f3n. Durante la temporada de Guelaguetza se puede disfrutar de una enorme variedad de platillos t\u00edpicos que representan la diversidad del estado.\u00a0<\/span><span data-ccp-props=\"{&quot;335559738&quot;:240,&quot;335559739&quot;:240}\">\u00a0<\/span><\/p>\n<h3><span data-contrast=\"auto\">Algunos platillos t\u00edpicos de Oaxaca imperdibles son:<\/span><span data-ccp-props=\"{&quot;335559738&quot;:240,&quot;335559739&quot;:240}\">\u00a0<\/span><\/h3>\n<ul>\n<li data-leveltext=\"\u25cf\" data-font=\"\" data-listid=\"3\" data-list-defn-props=\"{&quot;335552541&quot;:1,&quot;335559685&quot;:720,&quot;335559991&quot;:360,&quot;469769242&quot;:[8226],&quot;469777803&quot;:&quot;left&quot;,&quot;469777804&quot;:&quot;\u25cf&quot;,&quot;469777815&quot;:&quot;multilevel&quot;}\" aria-setsize=\"-1\" data-aria-posinset=\"1\" data-aria-level=\"1\"><b><span data-contrast=\"auto\">Mole negro oaxaque\u00f1o<\/span><\/b><span data-contrast=\"auto\">: preparado con m\u00e1s de 30 ingredientes, es una explosi\u00f3n de sabor y tradici\u00f3n.<\/span><span data-ccp-props=\"{&quot;335559738&quot;:240}\">\u00a0<\/span><\/li>\n<li data-leveltext=\"\u25cf\" data-font=\"\" data-listid=\"3\" data-list-defn-props=\"{&quot;335552541&quot;:1,&quot;335559685&quot;:720,&quot;335559991&quot;:360,&quot;469769242&quot;:[8226],&quot;469777803&quot;:&quot;left&quot;,&quot;469777804&quot;:&quot;\u25cf&quot;,&quot;469777815&quot;:&quot;multilevel&quot;}\" aria-setsize=\"-1\" data-aria-posinset=\"1\" data-aria-level=\"1\"><b><span data-contrast=\"auto\">Chilate y tejate<\/span><\/b><span data-contrast=\"auto\">: bebidas tradicionales a base de cacao, ma\u00edz y canela, ideales para refrescarte mientras recorres la ciudad.<\/span><span data-ccp-props=\"{}\">\u00a0<\/span><\/li>\n<li data-leveltext=\"\u25cf\" data-font=\"\" data-listid=\"3\" data-list-defn-props=\"{&quot;335552541&quot;:1,&quot;335559685&quot;:720,&quot;335559991&quot;:360,&quot;469769242&quot;:[8226],&quot;469777803&quot;:&quot;left&quot;,&quot;469777804&quot;:&quot;\u25cf&quot;,&quot;469777815&quot;:&quot;multilevel&quot;}\" aria-setsize=\"-1\" data-aria-posinset=\"1\" data-aria-level=\"1\"><b><span data-contrast=\"auto\">Chapulines y quesillo<\/span><\/b><span data-contrast=\"auto\">: ingredientes que podr\u00e1s encontrar en mercados como el de Benito Ju\u00e1rez o el 20 de Noviembre, perfectos para una experiencia culinaria aut\u00e9ntica de Oaxaca.<\/span><span data-ccp-props=\"{}\">\u00a0<\/span><\/li>\n<li data-leveltext=\"\u25cf\" data-font=\"\" data-listid=\"3\" data-list-defn-props=\"{&quot;335552541&quot;:1,&quot;335559685&quot;:720,&quot;335559991&quot;:360,&quot;469769242&quot;:[8226],&quot;469777803&quot;:&quot;left&quot;,&quot;469777804&quot;:&quot;\u25cf&quot;,&quot;469777815&quot;:&quot;multilevel&quot;}\" aria-setsize=\"-1\" data-aria-posinset=\"1\" data-aria-level=\"1\"><b><span data-contrast=\"auto\">Tlayudas<\/span><\/b><span data-contrast=\"auto\">: tortillas gigantes con asiento, frijoles, queso de hebra (o quesillo) y verduras asadas al comal o al carb\u00f3n.<\/span><span data-ccp-props=\"{&quot;335559739&quot;:240}\">\u00a0<\/span><\/li>\n<\/ul>\n<p><img loading=\"lazy\" class=\"size-full wp-image-10847\" src=\"\/wp-content\/uploads\/2025\/06\/tlayuda-oaxaca-guelaguetza-festival.jpg\" alt=\"Tlayuda oaxaque\u00f1a acompa\u00f1ada de ingredientes t\u00edpicos durante la fiesta de la Guelaguetza. \" width=\"600\" height=\"400\" srcset=\"\/wp-content\/uploads\/2025\/06\/tlayuda-oaxaca-guelaguetza-festival.jpg 600w, \/wp-content\/uploads\/2025\/06\/tlayuda-oaxaca-guelaguetza-festival-300x200.jpg 300w\" sizes=\"(max-width: 600px) 100vw, 600px\" \/><\/p>\n<p><span data-contrast=\"auto\">Muchos de estos platillos los encontrar\u00e1s en ferias gastron\u00f3micas que acompa\u00f1an la Guelaguetza, as\u00ed como en restaurantes y cocinas tradicionales que forman parte de la econom\u00eda local.\u00a0<\/span><span data-ccp-props=\"{&quot;335559738&quot;:240,&quot;335559739&quot;:240}\">\u00a0<\/span><\/p>\n<p><span data-contrast=\"auto\">Viajar con Localiza te permite recorrer estos <\/span><a href=\"https:\/\/www.localiza.com\/mexico\/es-mx\/viaja-en-auto\/recorrido-gastronomico-por-la-cdmx\"><span data-contrast=\"none\">puntos gastron\u00f3micos<\/span><\/a><span data-contrast=\"auto\"> sin perderte ninguna delicia.<\/span><span data-ccp-props=\"{&quot;335559738&quot;:240,&quot;335559739&quot;:240}\">\u00a0<\/span><\/p>\n<h2 aria-level=\"2\"><span data-contrast=\"auto\">Localiza: tu mejor opci\u00f3n para vivir la Guelaguetza<\/span><span data-ccp-props=\"{&quot;134245418&quot;:true,&quot;134245529&quot;:true,&quot;335559738&quot;:240,&quot;335559739&quot;:240}\">\u00a0<\/span><\/h2>\n<p><span data-contrast=\"auto\">Vivir la Guelaguetza de forma completa requiere movilidad, flexibilidad y comodidad, rentar un auto con <\/span><a href=\"https:\/\/www.localiza.com\/mexico\/es-mx\"><span data-contrast=\"none\">Localiza<\/span><\/a><span data-contrast=\"auto\"> te permite organizar tu itinerario a tu ritmo, asistir a las celebraciones previas, visitar comunidades cercanas y descubrir los sabores y paisajes de Oaxaca sin restricciones.<\/span><span data-ccp-props=\"{&quot;335559738&quot;:240,&quot;335559739&quot;:240}\">\u00a0<\/span><\/p>\n<p><span data-contrast=\"auto\">Con una flotilla moderna, reservas desde la app (disponible para <\/span><a href=\"https:\/\/apps.apple.com\/py\/app\/localiza-rent-a-car\/id429739212\"><span data-contrast=\"none\">iOS<\/span><\/a><span data-contrast=\"auto\"> y <\/span><a href=\"https:\/\/play.google.com\/store\/apps\/details?id=com.localiza.mobile&amp;hl=es_UY&amp;pli=1\"><span data-contrast=\"none\">Android<\/span><\/a><span data-contrast=\"auto\">) o <\/span><a href=\"https:\/\/www.localiza.com\/mexico\/es-mx\"><span data-contrast=\"none\">web<\/span><\/a><span data-contrast=\"auto\">, y sucursales en destinos clave como <\/span><a href=\"https:\/\/www.localiza.com\/mexico\/es-mx\/renta-de-autos\/oaxaca\"><span data-contrast=\"none\">Localiza Oaxaca<\/span><\/a><span data-contrast=\"auto\">, Localiza se convierte en tu aliado ideal para un viaje cultural con prop\u00f3sito.<\/span><span data-ccp-props=\"{&quot;335559738&quot;:240,&quot;335559739&quot;:240}\">\u00a0<\/span><\/p>\n<p><img loading=\"lazy\" class=\"size-full wp-image-10848\" src=\"\/wp-content\/uploads\/2025\/06\/viaje-oaxaca-solsticio-localiza.jpg\" alt=\"Chico feliz a bordo de su auto Localiza, rumbo a Oaxaca para celebrar la Guelaguetza y el solsticio de verano. \" width=\"600\" height=\"400\" srcset=\"\/wp-content\/uploads\/2025\/06\/viaje-oaxaca-solsticio-localiza.jpg 600w, \/wp-content\/uploads\/2025\/06\/viaje-oaxaca-solsticio-localiza-300x200.jpg 300w\" sizes=\"(max-width: 600px) 100vw, 600px\" \/><\/p>\n<p><span data-contrast=\"auto\">Este verano, conecta con la historia viva de M\u00e9xico, celebra la Guelaguetza, honra nuestras tradiciones y viaja con responsabilidad. Con Localiza, cada ruta es una oportunidad de aprender, celebrar y conservar.<\/span><span data-ccp-props=\"{&quot;335559738&quot;:240,&quot;335559739&quot;:240}\">\u00a0<\/span><\/p>\n<h2><b><span data-contrast=\"auto\">Reserva tu auto hoy y prep\u00e1rate para vivir Oaxaca en su m\u00e1xima expresi\u00f3n cultural.<\/span><\/b><span data-ccp-props=\"{&quot;335559738&quot;:240,&quot;335559739&quot;:240}\">\u00a0<\/span><\/h2>\n<p><span data-contrast=\"auto\">Siguenos en nuestras redes sociales\u00a0<\/span><span data-ccp-props=\"{&quot;335559738&quot;:240,&quot;335559739&quot;:240}\">\u00a0<\/span><\/p>\n<p><a href=\"https:\/\/www.facebook.com\/profile.php?id=100092258298084\"><span data-contrast=\"none\">Facebook<\/span><\/a><span data-contrast=\"auto\">\u00a0\u00a0<\/span><span data-ccp-props=\"{}\">\u00a0<\/span><\/p>\n<p><a href=\"https:\/\/www.instagram.com\/localizamx\/\"><span data-contrast=\"none\">Instagram<\/span><\/a><span data-contrast=\"auto\">\u00a0\u00a0<\/span><span data-ccp-props=\"{}\">\u00a0<\/span><\/p>\n<p><a href=\"https:\/\/www.tiktok.com\/@localizamexico\"><span data-contrast=\"none\">TikTok<\/span><\/a><span data-contrast=\"auto\">\u00a0\u00a0<\/span><span data-ccp-props=\"{}\">\u00a0<\/span><\/p>\n<p><a href=\"https:\/\/www.linkedin.com\/showcase\/localiza-co-m%C3%A9xico\/\"><span data-contrast=\"none\">LinkedIn<\/span><\/a><span data-contrast=\"auto\">\u00a0\u00a0<\/span><span data-ccp-props=\"{}\">\u00a0<\/span><\/p>\n<p><a href=\"https:\/\/www.youtube.com\/@localizamexico\"><span data-contrast=\"none\">YouTube<\/span><\/a><span data-contrast=\"auto\">\u00a0\u00a0<\/span><span data-ccp-props=\"{}\">\u00a0<\/span><\/p>\n","cards":false,"content_field_02":"","offer":"","suggestions":[9686,7678,7910,7167],"canonicalTag":"https:\/\/www.localiza.com\/mexico\/es-mx\/viaja-en-auto\/guelaguetza-oaxaca-fiesta-cultural","descriptionTag":"Descubre la Guelaguetza en Oaxaca: cultura, tradiciones y naturaleza en una de las fiestas m\u00e1s emblem\u00e1ticas de M\u00e9xico. \u00a1Viaja con Localiza!","city":""},"_links":{"self":[{"href":"https:\/\/canaisdigitaissitebr-wordpress.azurewebsites.net\/index.php\/wp-json\/wp\/v2\/dicas_roteiros\/10840"}],"collection":[{"href":"https:\/\/canaisdigitaissitebr-wordpress.azurewebsites.net\/index.php\/wp-json\/wp\/v2\/dicas_roteiros"}],"about":[{"href":"https:\/\/canaisdigitaissitebr-wordpress.azurewebsites.net\/index.php\/wp-json\/wp\/v2\/types\/dicas_roteiros"}],"wp:attachment":[{"href":"https:\/\/canaisdigitaissitebr-wordpress.azurewebsites.net\/index.php\/wp-json\/wp\/v2\/media?parent=10840"}],"wp:term":[{"taxonomy":"category","embeddable":true,"href":"https:\/\/canaisdigitaissitebr-wordpress.azurewebsites.net\/index.php\/wp-json\/wp\/v2\/categories?post=10840"}],"curies":[{"name":"wp","href":"https:\/\/api.w.org\/{rel}","templated":true}]}}