{"id":10438,"date":"2025-05-21T14:58:08","date_gmt":"2025-05-21T17:58:08","guid":{"rendered":"http:\/\/canaisdigitaissitebr-wordpress.azurewebsites.net\/?post_type=dicas_roteiros&#038;p=10438"},"modified":"2025-05-21T14:58:08","modified_gmt":"2025-05-21T17:58:08","slug":"descubre-a-los-voladores-de-papantla-patrimonio-mundial","status":"publish","type":"dicas_roteiros","link":"https:\/\/canaisdigitaissitebr-wordpress.azurewebsites.net\/index.php\/dicas_roteiros\/descubre-a-los-voladores-de-papantla-patrimonio-mundial\/","title":{"rendered":"Descubre a los Voladores de Papantla: Patrimonio mundial"},"template":"","meta":[],"categories":[10],"acf":{"secondary_title":"Descubre a los Voladores de Papantla: Patrimonio mundial ","short_title":"Descubre a los Voladores de Papantla: Patrimonio mundial ","description":"Descubre a los Voladores de Papantla en Veracruz, Patrimonio Cultural de la Humanidad. Renta un auto con Localiza y explora sin l\u00edmites.","content_summary":"Descubre a los Voladores de Papantla en Veracruz, Patrimonio Cultural de la Humanidad. Renta un auto con Localiza y explora sin l\u00edmites.","featured_image":"\/wp-content\/uploads\/2025\/05\/voladores-papantla-veracruz-tradicion-Banner.jpg","box_image":"\/wp-content\/uploads\/2025\/05\/voladores-papantla-veracruz-tradicion-Box.jpg","box_featured_home_image":"\/wp-content\/uploads\/2025\/05\/voladores-papantla-veracruz-tradicion-Destaque.jpg","main":true,"production":true,"country":"mexicoEspanhol","themes":["{\"value\": \"historia\", \"label\": \"Historia\", \"icon\": \"book-open\"}"],"content_field_01":"<h1><span data-contrast=\"auto\">Descubre a los Voladores de Papantla: Patrimonio mundial<\/span><span data-ccp-props=\"{&quot;134245418&quot;:false,&quot;134245529&quot;:false,&quot;335559739&quot;:80}\">\u00a0<\/span><\/h1>\n<h2><span data-contrast=\"auto\">Disfruta de una tradici\u00f3n ancestral reconocida por la UNESCO<\/span><span data-ccp-props=\"{&quot;335559738&quot;:280}\">\u00a0<\/span><\/h2>\n<p><span data-contrast=\"auto\">Escondido justo en el centro del coraz\u00f3n de Veracruz, se encuentra Papantla, un lugar donde la cultura y la tradici\u00f3n se entrelazan para dar vida a uno de los rituales m\u00e1s impresionantes de la humanidad: <\/span><b><span data-contrast=\"auto\">Los Voladores de Papantla<\/span><\/b><span data-contrast=\"auto\">. Este espect\u00e1culo, que ha trascendido fronteras y generaciones, es un homenaje a la conexi\u00f3n que ha existido desde siempre entre el hombre y la naturaleza, reflejada en una danza a\u00e9rea que simboliza el respeto y gratitud que las comunidades prehisp\u00e1nicas le guardaban a sus dioses.<\/span><span data-ccp-props=\"{&quot;335559738&quot;:240,&quot;335559739&quot;:240}\">\u00a0<\/span><\/p>\n<p><span data-contrast=\"auto\">Desde 2009, esta ceremonia fue reconocida por la <\/span><b><span data-contrast=\"auto\">UNESCO<\/span><\/b><span data-contrast=\"auto\"> como Patrimonio Cultural Inmaterial de la Humanidad, destacando su relevancia y valor cultural en el mundo.\u00a0<\/span><span data-ccp-props=\"{&quot;335559738&quot;:240,&quot;335559739&quot;:240}\">\u00a0<\/span><\/p>\n<p><img loading=\"lazy\" class=\"size-full wp-image-10442\" src=\"\/wp-content\/uploads\/2025\/05\/voladores-papantla-espectaculo-patrimonio.jpg\" alt=\"Grupo de voladores de Papantla se prepara para iniciar su tradicional y m\u00e1gico espect\u00e1culo en Veracruz. \" width=\"600\" height=\"400\" srcset=\"\/wp-content\/uploads\/2025\/05\/voladores-papantla-espectaculo-patrimonio.jpg 600w, \/wp-content\/uploads\/2025\/05\/voladores-papantla-espectaculo-patrimonio-300x200.jpg 300w\" sizes=\"(max-width: 600px) 100vw, 600px\" \/><\/p>\n<p><span data-contrast=\"auto\">Los Voladores de Papantla no solo representan un espect\u00e1culo visual, sino adem\u00e1s una experiencia profundamente espiritual, cada salto y giro en el aire es un s\u00edmbolo de comuni\u00f3n entre los elementos naturales y la esencia humana. Para los totonacas, este ritual es un acto de fe y conexi\u00f3n con el universo, una forma de comunicarse con los dioses para dar gracias por las bendiciones recibidas. <\/span><span data-ccp-props=\"{&quot;335559738&quot;:240,&quot;335559739&quot;:240}\">\u00a0<\/span><\/p>\n<p><span data-contrast=\"auto\">Visitar Papantla para presenciar esta ceremonia es sin\u00f3nimo de sumergirse en una de las tradiciones m\u00e1s antiguas y respetadas de M\u00e9xico.<\/span><span data-ccp-props=\"{&quot;335559738&quot;:240,&quot;335559739&quot;:240}\">\u00a0<\/span><\/p>\n<h2 aria-level=\"2\"><span data-contrast=\"auto\">El Ritual de los Voladores: Historia y Significado<\/span><span data-ccp-props=\"{&quot;134245418&quot;:false,&quot;134245529&quot;:false,&quot;335559738&quot;:280,&quot;335559739&quot;:120}\">\u00a0<\/span><\/h2>\n<p><span data-contrast=\"auto\">La ceremonia de los Voladores de Papantla tiene sus ra\u00edces en la \u00e9poca prehisp\u00e1nica cuando los pueblos totonacas realizan esta danza para pedir a los dioses por lluvias y buenas cosechas. El ritual est\u00e1 compuesto por cinco participantes: un \u201ccaporal\u201d, que danza sobre la cima del poste tocando un tambor y una flauta, y cuatro voladores que representan los cuatro puntos cardinales.\u00a0<\/span><span data-ccp-props=\"{&quot;335559738&quot;:240,&quot;335559739&quot;:240}\">\u00a0<\/span><\/p>\n<p><span data-contrast=\"auto\">Los voladores se lanzan al vac\u00edo atados por cuerdas, girando 13 veces cada uno, lo que en total simboliza las 52 semanas del a\u00f1o.<\/span><span data-ccp-props=\"{&quot;335559738&quot;:240,&quot;335559739&quot;:240}\">\u00a0<\/span><\/p>\n<p><span data-contrast=\"auto\">Adem\u00e1s del simbolismo, la danza es un acto de destreza y coraje, donde los voladores desaf\u00edan la gravedad en un espect\u00e1culo que mezcla armon\u00eda, tradici\u00f3n y riesgo. En cada giro, no solo se celebra la fertilidad de la tierra, sino tambi\u00e9n la preservaci\u00f3n de una cultura milenaria que sigue viva y vibrante en cada vuelo.<\/span><span data-ccp-props=\"{&quot;335559738&quot;:240,&quot;335559739&quot;:240}\">\u00a0<\/span><\/p>\n<p><img loading=\"lazy\" class=\"size-full wp-image-10444\" src=\"\/wp-content\/uploads\/2025\/05\/voladores-papantla-danza-prehispanica-ritual.jpg\" alt=\"Voladores de Papantla realizan su danza ceremonial prehisp\u00e1nica para pedir lluvias y buenas cosechas. \" width=\"600\" height=\"450\" srcset=\"\/wp-content\/uploads\/2025\/05\/voladores-papantla-danza-prehispanica-ritual.jpg 600w, \/wp-content\/uploads\/2025\/05\/voladores-papantla-danza-prehispanica-ritual-300x225.jpg 300w\" sizes=\"(max-width: 600px) 100vw, 600px\" \/><\/p>\n<p><span data-contrast=\"auto\">El ritual es acompa\u00f1ado por la m\u00fasica del caporal, que simboliza el llamado a los dioses y marca el ritmo de la ceremonia. Cada paso, cada giro y cada nota musical est\u00e1n cuidadosamente sincronizados para mantener el equilibrio y el respeto hacia la tradici\u00f3n.<\/span><span data-ccp-props=\"{&quot;335559738&quot;:240,&quot;335559739&quot;:240}\">\u00a0<\/span><\/p>\n<p><span data-contrast=\"auto\">Pero la aventura no termina ah\u00ed, despu\u00e9s de haber experimentado una de las m\u00e1s impresionantes muestras de valent\u00eda y destreza en Papantla, aprovecha al m\u00e1ximo la <\/span><a href=\"https:\/\/www.localiza.com\/mexico\/es-mx\/renta-de-autos\/veracruz\"><span data-contrast=\"none\">renta de autos en Veracruz<\/span><\/a><span data-contrast=\"auto\"> y explora algunos de sus incre\u00edbles destinos.<\/span><span data-ccp-props=\"{&quot;335559738&quot;:240,&quot;335559739&quot;:240}\">\u00a0<\/span><\/p>\n<p><span data-contrast=\"auto\">Aqu\u00ed te compartimos nuestras recomendaciones.<\/span><span data-ccp-props=\"{&quot;335559738&quot;:240,&quot;335559739&quot;:240}\">\u00a0<\/span><\/p>\n<h2 aria-level=\"2\"><span data-contrast=\"auto\">5 Atracciones imperdibles en Veracruz<\/span><span data-ccp-props=\"{&quot;134245418&quot;:false,&quot;134245529&quot;:false,&quot;335559738&quot;:280,&quot;335559739&quot;:120}\">\u00a0<\/span><\/h2>\n<h3><b><span data-contrast=\"auto\">Fuerte de San Juan de Ul\u00faa:\u00a0<\/span><\/b><span data-ccp-props=\"{&quot;335559738&quot;:240,&quot;335559739&quot;:240}\">\u00a0<\/span><\/h3>\n<p><span data-contrast=\"auto\">Una fortaleza hist\u00f3rica que ha sido prisi\u00f3n, aduana y escenario de importantes eventos hist\u00f3ricos, el recorrido por sus muros te transportar\u00e1 a los d\u00edas coloniales de M\u00e9xico.<\/span><span data-ccp-props=\"{&quot;335559738&quot;:240,&quot;335559739&quot;:240}\">\u00a0<\/span><\/p>\n<h3><b><span data-contrast=\"auto\">Acuario de Veracruz:<\/span><\/b><span data-ccp-props=\"{&quot;335559738&quot;:240,&quot;335559739&quot;:240}\">\u00a0<\/span><\/h3>\n<p><span data-contrast=\"auto\">Tambi\u00e9n conocido como el acuario m\u00e1s grande de M\u00e9xico, es hogar de cientos de especies marinas y un t\u00fanel submarino impresionante, los visitantes pueden disfrutar de un paseo por las profundidades del mar sin mojarse un solo pie.<\/span><span data-ccp-props=\"{&quot;335559738&quot;:240,&quot;335559739&quot;:240}\">\u00a0<\/span><\/p>\n<p><img loading=\"lazy\" class=\"size-full wp-image-10445\" src=\"\/wp-content\/uploads\/2025\/05\/tiburon-acuario-veracruz-tunel-submarino.jpg\" alt=\"Tibur\u00f3n nadando en el Acuario de Veracruz, el m\u00e1s grande de M\u00e9xico con un t\u00fanel submarino para ver especies marinas. \" width=\"600\" height=\"400\" srcset=\"\/wp-content\/uploads\/2025\/05\/tiburon-acuario-veracruz-tunel-submarino.jpg 600w, \/wp-content\/uploads\/2025\/05\/tiburon-acuario-veracruz-tunel-submarino-300x200.jpg 300w\" sizes=\"(max-width: 600px) 100vw, 600px\" \/><\/p>\n<h3><b><span data-contrast=\"auto\">Museo Naval M\u00e9xico:<\/span><\/b><span data-ccp-props=\"{&quot;335559738&quot;:240,&quot;335559739&quot;:240}\">\u00a0<\/span><\/h3>\n<p><span data-contrast=\"auto\">Este punto es perfecto para los amantes de la historia o para quienes quieren seguir aprendiendo incluso cuando est\u00e1n de viaje. Entre sus muros encontrar\u00e1s la historia mar\u00edtima de M\u00e9xico, con exhibiciones interactivas y recorridos guiados ideales para conocer el legado naval del pa\u00eds.<\/span><span data-ccp-props=\"{&quot;335559738&quot;:240,&quot;335559739&quot;:240}\">\u00a0<\/span><\/p>\n<h3><b><span data-contrast=\"auto\">Centro Hist\u00f3rico de Veracruz:<\/span><\/b><span data-ccp-props=\"{&quot;335559738&quot;:240,&quot;335559739&quot;:240}\">\u00a0<\/span><\/h3>\n<p><span data-contrast=\"auto\">El\u00a0 coraz\u00f3n de la ciudad que esconde calles llenas de historia, m\u00fasica de danz\u00f3n, el malec\u00f3n, repleto de vida y la famosa Plaza de Armas, lugar donde se vive el folklore jarocho.\u00a0<\/span><span data-ccp-props=\"{&quot;335559738&quot;:240,&quot;335559739&quot;:240}\">\u00a0<\/span><\/p>\n<p><img loading=\"lazy\" class=\"size-full wp-image-10446\" src=\"\/wp-content\/uploads\/2025\/05\/centro-veracruz-calles-historicas-malecon.jpg\" alt=\"Centro de Veracruz con calles hist\u00f3ricas, danz\u00f3n y malec\u00f3n, un lugar perfecto para explorar su cultura y tradici\u00f3n. \" width=\"600\" height=\"400\" srcset=\"\/wp-content\/uploads\/2025\/05\/centro-veracruz-calles-historicas-malecon.jpg 600w, \/wp-content\/uploads\/2025\/05\/centro-veracruz-calles-historicas-malecon-300x200.jpg 300w\" sizes=\"(max-width: 600px) 100vw, 600px\" \/><\/p>\n<h3><b><span data-contrast=\"auto\">Isla de Sacrificios:<\/span><\/b><span data-ccp-props=\"{&quot;335559738&quot;:240,&quot;335559739&quot;:240}\">\u00a0<\/span><\/h3>\n<p><span data-contrast=\"auto\">Un espacio protegido donde la naturaleza y la historia se entrelazan, ideal para paseos en lancha y snorkel. Sus aguas cristalinas y su biodiversidad hacen de este sitio un destino \u00fanico que no te puedes perder.<\/span><span data-ccp-props=\"{&quot;335559738&quot;:240,&quot;335559739&quot;:240}\">\u00a0<\/span><\/p>\n<p><span data-contrast=\"auto\">Y si despu\u00e9s de tu excursi\u00f3n explorando Veracruz, necesitas detenerte a recargar energ\u00eda, no dudes en probar alguna de las preparaciones que encantan a turistas y lugare\u00f1os.<\/span><span data-ccp-props=\"{&quot;335559738&quot;:240,&quot;335559739&quot;:240}\">\u00a0<\/span><\/p>\n<p><span data-contrast=\"auto\">Te compartimos un mapa donde podr\u00e1s ubicar todas las atracciones que te mencionamos (adem\u00e1s de ideas de hoteles de las que te hablaremos m\u00e1s adelante) para que planifiques todo tu recorrido.<\/span><span data-ccp-props=\"{&quot;335559738&quot;:240,&quot;335559739&quot;:240}\">\u00a0<\/span><\/p>\n","cards":false,"content_field_02":"<div style=\"position: relative; width: 100%; height: 0; padding-bottom: 56.25%; overflow: hidden; border-radius: 10px;\"><iframe style=\"position: absolute; top: -50px; left: 0; width: 100%; height: 110%; border: none;\" src=\"https:\/\/www.google.com\/maps\/d\/embed?mid=1_MpibIZwW65BxykQi03aaO9fQRjuBG8&amp;ehbc=2E312F\"><br \/>\n<\/iframe><\/div>\n<div><\/div>\n<div>\n<h3 aria-level=\"2\"><span data-contrast=\"auto\">Platillos t\u00edpicos que no te puedes perder<\/span><span data-ccp-props=\"{&quot;134245418&quot;:false,&quot;134245529&quot;:false,&quot;335559738&quot;:280,&quot;335559739&quot;:120}\">\u00a0<\/span><\/h3>\n<ul>\n<li data-leveltext=\"\u25cf\" data-font=\"\" data-listid=\"3\" data-list-defn-props=\"{&quot;335552541&quot;:1,&quot;335559685&quot;:720,&quot;335559991&quot;:360,&quot;469769242&quot;:[8226],&quot;469777803&quot;:&quot;left&quot;,&quot;469777804&quot;:&quot;\u25cf&quot;,&quot;469777815&quot;:&quot;multilevel&quot;}\" aria-setsize=\"-1\" data-aria-posinset=\"1\" data-aria-level=\"1\"><b><span data-contrast=\"auto\">Zaragoza: <\/span><\/b><span data-contrast=\"auto\">Sopa tradicional de mariscos frescos con un toque picante, perfecta para empezar un recorrido gastron\u00f3mico en Veracruz.<\/span><\/li>\n<li data-leveltext=\"\u25cf\" data-font=\"\" data-listid=\"3\" data-list-defn-props=\"{&quot;335552541&quot;:1,&quot;335559685&quot;:720,&quot;335559991&quot;:360,&quot;469769242&quot;:[8226],&quot;469777803&quot;:&quot;left&quot;,&quot;469777804&quot;:&quot;\u25cf&quot;,&quot;469777815&quot;:&quot;multilevel&quot;}\" aria-setsize=\"-1\" data-aria-posinset=\"1\" data-aria-level=\"1\"><b><span data-contrast=\"auto\">Arroz a la tumbada: <\/span><\/b><span data-contrast=\"auto\">Platillo de arroz caldoso con mariscos frescos y un toque de epazote. Preparaci\u00f3n t\u00edpica de los pueblos costeros del estado de Veracruz.<\/span><span data-ccp-props=\"{&quot;335559739&quot;:240}\">\u00a0<\/span><\/li>\n<li data-leveltext=\"\u25cf\" data-font=\"\" data-listid=\"3\" data-list-defn-props=\"{&quot;335552541&quot;:1,&quot;335559685&quot;:720,&quot;335559991&quot;:360,&quot;469769242&quot;:[8226],&quot;469777803&quot;:&quot;left&quot;,&quot;469777804&quot;:&quot;\u25cf&quot;,&quot;469777815&quot;:&quot;multilevel&quot;}\" aria-setsize=\"-1\" data-aria-posinset=\"1\" data-aria-level=\"1\"><b><span data-contrast=\"auto\">Pescado a la veracruzana: <\/span><\/b><span data-contrast=\"auto\">Cl\u00e1sico platillo con tomate, aceitunas, alcaparras y chiles sobre un filete de pescado fresco.<\/span><span data-ccp-props=\"{&quot;335559738&quot;:240,&quot;335559739&quot;:240}\">\u00a0<\/span><\/li>\n<\/ul>\n<p><img loading=\"lazy\" class=\"size-full wp-image-10450\" src=\"\/wp-content\/uploads\/2025\/05\/pescado-a-la-veracruzana-platillo-tipico.jpg\" alt=\"Pescado a la veracruzana, un platillo t\u00edpico de Veracruz con ingredientes frescos y un sabor aut\u00e9ntico. \" width=\"600\" height=\"400\" srcset=\"\/wp-content\/uploads\/2025\/05\/pescado-a-la-veracruzana-platillo-tipico.jpg 600w, \/wp-content\/uploads\/2025\/05\/pescado-a-la-veracruzana-platillo-tipico-300x200.jpg 300w\" sizes=\"(max-width: 600px) 100vw, 600px\" \/><\/p>\n<ul>\n<li data-leveltext=\"\u25cf\" data-font=\"\" data-listid=\"3\" data-list-defn-props=\"{&quot;335552541&quot;:1,&quot;335559685&quot;:720,&quot;335559991&quot;:360,&quot;469769242&quot;:[8226],&quot;469777803&quot;:&quot;left&quot;,&quot;469777804&quot;:&quot;\u25cf&quot;,&quot;469777815&quot;:&quot;multilevel&quot;}\" aria-setsize=\"-1\" data-aria-posinset=\"4\" data-aria-level=\"1\"><b><span data-contrast=\"auto\">Chilpachole de jaiba: <\/span><\/b><span data-contrast=\"auto\">Guiso espeso y picante de jaiba, ideal para degustar junto al mar.<\/span><\/li>\n<li data-leveltext=\"\u25cf\" data-font=\"\" data-listid=\"3\" data-list-defn-props=\"{&quot;335552541&quot;:1,&quot;335559685&quot;:720,&quot;335559991&quot;:360,&quot;469769242&quot;:[8226],&quot;469777803&quot;:&quot;left&quot;,&quot;469777804&quot;:&quot;\u25cf&quot;,&quot;469777815&quot;:&quot;multilevel&quot;}\" aria-setsize=\"-1\" data-aria-posinset=\"4\" data-aria-level=\"1\"><b><span data-contrast=\"auto\">Picadas veracruzanas: <\/span><\/b><span data-contrast=\"auto\">Tortillas gruesas cubiertas de salsa roja o verde, frijoles y queso. Dato curioso, es uno de los desayunos m\u00e1s populares de los jarochos.<\/span><\/li>\n<\/ul>\n<p><span data-contrast=\"auto\">Por supuesto, ning\u00fan viaje puede estar completo si no sabes d\u00f3nde vas a descansar despu\u00e9s de haber disfrutado de un d\u00eda en Veracruz, as\u00ed que te preparamos algunas alternativas de hospedaje.<\/span><span data-ccp-props=\"{&quot;335559738&quot;:240,&quot;335559739&quot;:240}\">\u00a0<\/span><\/p>\n<h2 aria-level=\"3\"><b><span data-contrast=\"none\">Hoteles en Veracruz<\/span><\/b><span data-ccp-props=\"{&quot;134245418&quot;:false,&quot;134245529&quot;:false,&quot;335559738&quot;:280,&quot;335559739&quot;:80}\">\u00a0<\/span><\/h2>\n<h3><b><span data-contrast=\"auto\">Hotel Emporio Veracruz<\/span><\/b><span data-contrast=\"auto\">.<\/span><span data-ccp-props=\"{&quot;335559738&quot;:240,&quot;335559739&quot;:240}\">\u00a0<\/span><\/h3>\n<p><span data-contrast=\"auto\">Ubicado en Paseo Insurgentes Veracruzanos del Malec\u00f3n 244, Centro, 91709 Veracruz, este hotel frente al malec\u00f3n es una opci\u00f3n con vistas espectaculares al mar y servicios de primer nivel, ideales para una experiencia lujosa y c\u00f3moda.<\/span><span data-ccp-props=\"{&quot;335559738&quot;:240,&quot;335559739&quot;:240}\">\u00a0<\/span><\/p>\n<h3><b><span data-contrast=\"auto\">DoubleTree by Hilton Veracruz<\/span><\/b><span data-ccp-props=\"{&quot;335559738&quot;:240,&quot;335559739&quot;:240}\">\u00a0<\/span><\/h3>\n<p><span data-contrast=\"auto\">Confort moderno y una excelente ubicaci\u00f3n para explorar Papantla (y dem\u00e1s atractivos de Veracruz) son las palabras que describen este lugar localizado en Blvd. Manuel \u00c1vila Camacho 707, Ricardo Flores Mag\u00f3n, 91900 Veracruz, Ver.<\/span><span data-ccp-props=\"{&quot;335559738&quot;:240,&quot;335559739&quot;:240}\">\u00a0<\/span><\/p>\n<h3><b><span data-contrast=\"auto\">Grand Fiesta Americana Veracruz<\/span><\/b><span data-ccp-props=\"{&quot;335559738&quot;:240,&quot;335559739&quot;:240}\">\u00a0<\/span><\/h3>\n<p><span data-contrast=\"auto\">Si buscas hospedarte en un lugar que te ofrezca todas las comodidades y que adem\u00e1s tenga cercan\u00eda a los principales puntos tur\u00edsticos de la zona, Grand Fiesta Americana Veracruz es perfecto. Se encuentra en Prol, Blvd. Manuel \u00c1vila Camacho s\/n, Fracc, Costa de Oro, 94299 Veracruz, Ver.<\/span><span data-ccp-props=\"{&quot;335559738&quot;:240,&quot;335559739&quot;:240}\">\u00a0<\/span><\/p>\n<p><img loading=\"lazy\" class=\"size-full wp-image-10451\" src=\"\/wp-content\/uploads\/2025\/05\/hotel-veracruz-descanso-localiza-aventura.jpg\" alt=\"Mujer despierta en un hotel de Veracruz tras un viaje en auto rentado en Localiza, lista para un nuevo d\u00eda de aventura \" width=\"600\" height=\"400\" srcset=\"\/wp-content\/uploads\/2025\/05\/hotel-veracruz-descanso-localiza-aventura.jpg 600w, \/wp-content\/uploads\/2025\/05\/hotel-veracruz-descanso-localiza-aventura-300x200.jpg 300w\" sizes=\"(max-width: 600px) 100vw, 600px\" \/><\/p>\n<h3><b><span data-contrast=\"auto\">Gran Hotel Diligencias<\/span><\/b><span data-ccp-props=\"{&quot;335559738&quot;:240,&quot;335559739&quot;:240}\">\u00a0<\/span><\/h3>\n<p><span data-contrast=\"auto\">Un cl\u00e1sico situado en la calle Independencia 1115,\u00a0 justo en el centro de Veracruz, su arquitectura colonial y ambiente \u00fanico lo hacen en lugar perfecto si buscas un viaje con un toque hist\u00f3rico desde el lugar donde te hospedas.<\/span><span data-ccp-props=\"{&quot;335559738&quot;:240,&quot;335559739&quot;:240}\">\u00a0<\/span><\/p>\n<p><span data-contrast=\"auto\">La mejor parte de estos hoteles en Veracruz, es que se encuentran a tan solo 15 minutos del aeropuerto internacional de Veracruz, lo que garantiza que el traslado sea muy breve.<\/span><span data-ccp-props=\"{&quot;335559738&quot;:240,&quot;335559739&quot;:240}\">\u00a0<\/span><\/p>\n<p><span data-contrast=\"auto\">Pero si quieres hacer de tu experiencia de viaje a Papantla lo m\u00e1s c\u00f3moda posible, renta un auto en <\/span><a href=\"https:\/\/www.localiza.com\/mexico\/es-mx\/renta-de-autos\/veracruz\"><span data-contrast=\"none\">Localiza Veracruz<\/span><\/a><span data-contrast=\"auto\">, con nosotros tienes garantizado tu auto desde que aterrizas, reduciendo los tiempos de espera para que te concentres en lo que realmente importa, disfrutar.<\/span><span data-ccp-props=\"{&quot;335559738&quot;:240,&quot;335559739&quot;:240}\">\u00a0<\/span><\/p>\n<h2 aria-level=\"2\"><span data-contrast=\"auto\">\u00bfPor qu\u00e9 rentar un auto en Localiza para explorar Veracruz?<\/span><span data-ccp-props=\"{&quot;134245418&quot;:false,&quot;134245529&quot;:false,&quot;335559738&quot;:280,&quot;335559739&quot;:120}\">\u00a0<\/span><\/h2>\n<p><span data-contrast=\"auto\">Veracruz es un destino lleno de historia, cultura y tradiciones, y la mejor forma de recorrerlo es con la libertad y comodidad que ofrece un auto rentado en <\/span><b><span data-contrast=\"auto\">Localiza<\/span><\/b><span data-contrast=\"auto\">. Con nosotros, puedes desplazarte sin depender de horarios de transporte, acceder a destinos menos explorados y aprovechar al m\u00e1ximo cada minuto de tu visita.\u00a0<\/span><span data-ccp-props=\"{&quot;335559738&quot;:240,&quot;335559739&quot;:240}\">\u00a0<\/span><\/p>\n<p><span data-contrast=\"auto\">Sin mencionar que tener la libertad de movilidad puede ser la clave para personalizar tu recorrido, hacer paradas en lugares escondidos y disfrutar de los paisajes sin prisas ni contratiempos.<\/span><span data-ccp-props=\"{&quot;335559738&quot;:240,&quot;335559739&quot;:240}\">\u00a0<\/span><\/p>\n<p><img loading=\"lazy\" class=\"size-full wp-image-10458\" src=\"\/wp-content\/uploads\/2025\/05\/ciudad-veracruz-historia-cultura-tradiciones.jpg\" alt=\"Vista panor\u00e1mica de la ciudad de Veracruz, un lugar lleno de historia, cultura y tradiciones mexicanas. \" width=\"600\" height=\"400\" srcset=\"\/wp-content\/uploads\/2025\/05\/ciudad-veracruz-historia-cultura-tradiciones.jpg 600w, \/wp-content\/uploads\/2025\/05\/ciudad-veracruz-historia-cultura-tradiciones-300x200.jpg 300w\" sizes=\"(max-width: 600px) 100vw, 600px\" \/><\/p>\n<p><span data-contrast=\"auto\">En Localiza contamos con una sucursal estrat\u00e9gica en el aeropuerto de Veracruz, facilitando la recogida y devoluci\u00f3n del veh\u00edculo para que tu \u00fanico enfoque sea pasarla bien en el viaje. Nuestros veh\u00edculos modernos garantizan comodidad y seguridad en cada trayecto, permiti\u00e9ndote descubrir cada rinc\u00f3n de Veracruz sin preocupaciones.<\/span><span data-ccp-props=\"{&quot;335559738&quot;:240,&quot;335559739&quot;:240}\">\u00a0<\/span><\/p>\n<h3 aria-level=\"2\"><span data-contrast=\"auto\">Ventajas de rentar un auto en Localiza:<\/span><span data-ccp-props=\"{&quot;134245418&quot;:true,&quot;134245529&quot;:true,&quot;335559738&quot;:360,&quot;335559739&quot;:120}\">\u00a0<\/span><\/h3>\n<ul>\n<li data-leveltext=\"\u25cf\" data-font=\"\" data-listid=\"4\" data-list-defn-props=\"{&quot;335552541&quot;:1,&quot;335559685&quot;:720,&quot;335559991&quot;:360,&quot;469769242&quot;:[8226],&quot;469777803&quot;:&quot;left&quot;,&quot;469777804&quot;:&quot;\u25cf&quot;,&quot;469777815&quot;:&quot;multilevel&quot;}\" aria-setsize=\"-1\" data-aria-posinset=\"1\" data-aria-level=\"1\"><b><span data-contrast=\"auto\">Flexibilidad de horarios:<\/span><\/b><span data-contrast=\"auto\"> Explora a tu ritmo sin limitaciones.<\/span><\/li>\n<li data-leveltext=\"\u25cf\" data-font=\"\" data-listid=\"4\" data-list-defn-props=\"{&quot;335552541&quot;:1,&quot;335559685&quot;:720,&quot;335559991&quot;:360,&quot;469769242&quot;:[8226],&quot;469777803&quot;:&quot;left&quot;,&quot;469777804&quot;:&quot;\u25cf&quot;,&quot;469777815&quot;:&quot;multilevel&quot;}\" aria-setsize=\"-1\" data-aria-posinset=\"1\" data-aria-level=\"1\"><b><span data-contrast=\"auto\">Comodidad y seguridad:<\/span><\/b><span data-contrast=\"auto\"> Veh\u00edculos modernos y en perfectas condiciones.<\/span><\/li>\n<li data-leveltext=\"\u25cf\" data-font=\"\" data-listid=\"4\" data-list-defn-props=\"{&quot;335552541&quot;:1,&quot;335559685&quot;:720,&quot;335559991&quot;:360,&quot;469769242&quot;:[8226],&quot;469777803&quot;:&quot;left&quot;,&quot;469777804&quot;:&quot;\u25cf&quot;,&quot;469777815&quot;:&quot;multilevel&quot;}\" aria-setsize=\"-1\" data-aria-posinset=\"1\" data-aria-level=\"1\"><b><span data-contrast=\"auto\">Ahorro de tiempo:<\/span><\/b><span data-contrast=\"auto\"> Llega m\u00e1s r\u00e1pido a tus destinos sin contratiempos.<\/span><\/li>\n<li data-leveltext=\"\u25cf\" data-font=\"\" data-listid=\"4\" data-list-defn-props=\"{&quot;335552541&quot;:1,&quot;335559685&quot;:720,&quot;335559991&quot;:360,&quot;469769242&quot;:[8226],&quot;469777803&quot;:&quot;left&quot;,&quot;469777804&quot;:&quot;\u25cf&quot;,&quot;469777815&quot;:&quot;multilevel&quot;}\" aria-setsize=\"-1\" data-aria-posinset=\"1\" data-aria-level=\"1\"><b><span data-contrast=\"auto\">Variedad de modelos:<\/span><\/b><span data-contrast=\"auto\"> Escoge el auto que mejor se adapte a tus necesidades.<\/span><span data-ccp-props=\"{&quot;335559739&quot;:240}\">\u00a0<\/span><\/li>\n<\/ul>\n<p><span data-contrast=\"auto\">Descubrir Papantla y los Voladores es una experiencia que conecta con lo m\u00e1s profundo de las tradiciones mexicanas. Al complementar tu visita con un recorrido por Veracruz a bordo de un auto rentado en Localiza, tendr\u00e1s la libertad de moverte por cada rinc\u00f3n de este maravilloso estado, disfrutando de su gastronom\u00eda, sus paisajes y su historia sin limitaciones.<\/span><span data-ccp-props=\"{&quot;335559738&quot;:240,&quot;335559739&quot;:240}\">\u00a0<\/span><\/p>\n<p><span data-contrast=\"auto\">Reserva hoy y vive Veracruz como nunca antes lo imaginaste, un viaje seguro, c\u00f3modo y lleno de cultura te espera en cada kil\u00f3metro.<\/span><span data-ccp-props=\"{&quot;335559738&quot;:240,&quot;335559739&quot;:240}\">\u00a0<\/span><\/p>\n<p><img loading=\"lazy\" class=\"size-full wp-image-10459\" src=\"\/wp-content\/uploads\/2025\/05\/renta-auto-localiza-veracruz-recorrido.jpg\" alt=\"Mano sosteniendo la llave de un auto rentado en Localiza Veracruz, ideal para recorrer el estado de manera segura y c\u00f3moda. \" width=\"600\" height=\"400\" srcset=\"\/wp-content\/uploads\/2025\/05\/renta-auto-localiza-veracruz-recorrido.jpg 600w, \/wp-content\/uploads\/2025\/05\/renta-auto-localiza-veracruz-recorrido-300x200.jpg 300w\" sizes=\"(max-width: 600px) 100vw, 600px\" \/><\/p>\n<p><span data-contrast=\"auto\">S\u00edguenos en nuestras redes sociales y descarga la app de Localiza (disponible para <\/span><a href=\"https:\/\/apps.apple.com\/py\/app\/localiza-rent-a-car\/id429739212\"><span data-contrast=\"none\">iOS<\/span><\/a><span data-contrast=\"auto\"> y <\/span><a href=\"https:\/\/play.google.com\/store\/apps\/details?id=com.localiza.mobile&amp;hl=es_UY&amp;pli=1\"><span data-contrast=\"none\">Android<\/span><\/a><span data-contrast=\"auto\">).\u00a0\u00a0<\/span><span data-ccp-props=\"{}\">\u00a0<\/span><\/p>\n<p><span data-contrast=\"auto\">Visita nuestro sitio web oficial <\/span><a href=\"https:\/\/www.localiza.com\/mexico\/es-mx\"><span data-contrast=\"none\">Localiza<\/span><\/a><span data-contrast=\"auto\"> y conoce nuestras promociones exclusivas.\u00a0\u00a0<\/span><span data-ccp-props=\"{}\">\u00a0<\/span><\/p>\n<p><a href=\"https:\/\/www.facebook.com\/profile.php?id=100092258298084\"><span data-contrast=\"none\">Facebook<\/span><\/a><span data-contrast=\"auto\">\u00a0\u00a0\u00a0<\/span><span data-ccp-props=\"{}\">\u00a0<\/span><\/p>\n<p><a href=\"https:\/\/www.instagram.com\/localizamx\/\"><span data-contrast=\"none\">Instagram<\/span><\/a><span data-contrast=\"auto\">\u00a0\u00a0\u00a0<\/span><span data-ccp-props=\"{}\">\u00a0<\/span><\/p>\n<p><a href=\"https:\/\/www.tiktok.com\/@localizamexico\"><span data-contrast=\"none\">TikTok<\/span><\/a><span data-ccp-props=\"{}\">\u00a0<\/span><\/p>\n<p><a href=\"https:\/\/www.linkedin.com\/showcase\/localiza-co-m%C3%A9xico\/\"><span data-contrast=\"none\">LinkedIn<\/span><\/a><span data-contrast=\"auto\">\u00a0<\/span><span data-ccp-props=\"{}\">\u00a0<\/span><\/p>\n<p><a href=\"https:\/\/www.youtube.com\/@localizamexico\"><span data-contrast=\"none\">YouTube<\/span><\/a><span data-contrast=\"auto\">\u00a0<\/span><span data-ccp-props=\"{}\">\u00a0<\/span><\/p>\n<\/div>\n","offer":"","suggestions":[9013,7904,7908,10009],"canonicalTag":"https:\/\/www.localiza.com\/mexico\/es-mx\/viaja-en-auto\/voladores-de-papantla-veracruz","descriptionTag":"Descubre a los Voladores de Papantla en Veracruz, Patrimonio Cultural de la Humanidad. Renta un auto con Localiza y explora sin l\u00edmites."},"_links":{"self":[{"href":"https:\/\/canaisdigitaissitebr-wordpress.azurewebsites.net\/index.php\/wp-json\/wp\/v2\/dicas_roteiros\/10438"}],"collection":[{"href":"https:\/\/canaisdigitaissitebr-wordpress.azurewebsites.net\/index.php\/wp-json\/wp\/v2\/dicas_roteiros"}],"about":[{"href":"https:\/\/canaisdigitaissitebr-wordpress.azurewebsites.net\/index.php\/wp-json\/wp\/v2\/types\/dicas_roteiros"}],"wp:attachment":[{"href":"https:\/\/canaisdigitaissitebr-wordpress.azurewebsites.net\/index.php\/wp-json\/wp\/v2\/media?parent=10438"}],"wp:term":[{"taxonomy":"category","embeddable":true,"href":"https:\/\/canaisdigitaissitebr-wordpress.azurewebsites.net\/index.php\/wp-json\/wp\/v2\/categories?post=10438"}],"curies":[{"name":"wp","href":"https:\/\/api.w.org\/{rel}","templated":true}]}}