{"id":9512,"date":"2025-03-13T09:48:29","date_gmt":"2025-03-13T12:48:29","guid":{"rendered":"http:\/\/canaisdigitaissitebr-wordpress.azurewebsites.net\/?post_type=categoria_carros&#038;p=9512"},"modified":"2025-06-03T16:41:43","modified_gmt":"2025-06-03T19:41:43","slug":"volkswagen","status":"publish","type":"categoria_carros","link":"https:\/\/canaisdigitaissitebr-wordpress.azurewebsites.net\/index.php\/categoria_carros\/volkswagen\/","title":{"rendered":"Volkswagen"},"template":"","meta":[],"categories":[2],"tags":[],"acf":{"secondary_title":"Volkswagen","content_summary":"Descubra por que os carros Volkswagen s\u00e3o ideais para voc\u00ea. Confira os benef\u00edcios e os modelos dispon\u00edveis na Localiza. Alugue seu carro agora!","description":"Descubra por que os carros Volkswagen s\u00e3o ideais para voc\u00ea. Confira os benef\u00edcios e os modelos dispon\u00edveis na Localiza. Alugue seu carro agora!","box_image":"\/wp-content\/uploads\/2025\/03\/RAC_2024_115_MODELOS_CARROS_BANNER_320x168_Volkswagen.png","featured_image":"\/wp-content\/uploads\/2025\/03\/RAC_2024_115_MODELOS_CARROS_BANNER_1920X448_Volkswagen.png","production":true,"seo_title":"Aluguel de carros Volkswagen: o jeito mais f\u00e1cil de alugar","content":"<h1><span style=\"font-weight: 400;\">Carros Volkswagen<\/span><\/h1>\n<p><span style=\"font-weight: 400;\">Considerando que a montadora alem\u00e3 \u00e9 uma das maiores fabricantes de autom\u00f3veis do mundo e a respons\u00e1vel pela popularidade do ic\u00f4nico Fusca no Brasil, optar pelo <\/span><b>aluguel de carros Volkswagen<\/b><span style=\"font-weight: 400;\"> s\u00f3 pode ser uma boa escolha.<\/span><\/p>\n<h2><span style=\"font-weight: 400;\">Por que escolher um carro Volkswagen?<\/span><\/h2>\n<ul>\n<li style=\"font-weight: 400;\" aria-level=\"1\"><b>Boa reputa\u00e7\u00e3o<\/b><span style=\"font-weight: 400;\">: s\u00e3o d\u00e9cadas de ve\u00edculos dur\u00e1veis que garantem seguran\u00e7a e tranquilidade, do Fusca ao Gol \u2014 e agora Polo;<\/span><\/li>\n<li style=\"font-weight: 400;\" aria-level=\"1\"><b>economia de combust\u00edvel<\/b><span style=\"font-weight: 400;\">: a Volkswagen investe em motores capazes de oferecer \u00f3timo desempenho com baixo consumo;<\/span><\/li>\n<li style=\"font-weight: 400;\" aria-level=\"1\"><b>design atemporal<\/b><span style=\"font-weight: 400;\">: modelos Volkswagen combinam estilo e funcionalidade como nenhuma outra marca;<\/span><\/li>\n<li style=\"font-weight: 400;\" aria-level=\"1\"><b>inova\u00e7\u00e3o constante<\/b><span style=\"font-weight: 400;\">: foco da marca em trazer ao mercado ve\u00edculos cada vez mais modernos e eficientes.<\/span><\/li>\n<\/ul>\n<h2><span style=\"font-weight: 400;\">Para quais situa\u00e7\u00f5es os carros Volkswagen s\u00e3o ideais?<\/span><\/h2>\n<p><span style=\"font-weight: 400;\">Os carros Volkswagen s\u00e3o bastante vers\u00e1teis e, por isso, conseguem atender in\u00fameras necessidades. Alguns exemplos s\u00e3o:<\/span><\/p>\n<ul>\n<li style=\"font-weight: 400;\" aria-level=\"1\"><b>deslocamentos urbanos<\/b><span style=\"font-weight: 400;\">:<\/span> <span style=\"font-weight: 400;\">modelos como o Volkswagen Polo s\u00e3o perfeitos para o dia a dia na cidade;<\/span><\/li>\n<li style=\"font-weight: 400;\" aria-level=\"1\"><b>viagens em fam\u00edlia<\/b><span style=\"font-weight: 400;\">:<\/span> <span style=\"font-weight: 400;\">ve\u00edculos como o Virtus oferecem conforto e espa\u00e7o para todos;<\/span><\/li>\n<li style=\"font-weight: 400;\" aria-level=\"1\"><b>aventuras e lazer<\/b><span style=\"font-weight: 400;\">:<\/span> <span style=\"font-weight: 400;\">SUVs como o T-Cross s\u00e3o ideais para quem busca estilo e desempenho em diferentes terrenos.<\/span><\/li>\n<\/ul>\n<h2><span style=\"font-weight: 400;\">Modelos de carros Volkswagen dispon\u00edveis<\/span><\/h2>\n<p><span style=\"font-weight: 400;\">Voc\u00ea encontra diversos modelos da Volkswagen para alugar entre nossos <\/span><a href=\"https:\/\/www.localiza.com\/brasil\/pt-br\/grupos-de-carros\"><span style=\"font-weight: 400;\">grupos de carro<\/span><\/a><span style=\"font-weight: 400;\">. D\u00ea uma olhada:<\/span><\/p>\n<ul>\n<li style=\"font-weight: 400;\" aria-level=\"1\"><b>Volkswagen Gol<\/b><span style=\"font-weight: 400;\">:<\/span> <span style=\"font-weight: 400;\">compacto, econ\u00f4mico e confi\u00e1vel \u2014 aquele carro perfeito para o cotidiano;<\/span><\/li>\n<li style=\"font-weight: 400;\" aria-level=\"1\"><b>Volkswagen Polo<\/b><span style=\"font-weight: 400;\">:<\/span> <span style=\"font-weight: 400;\">hatch compacto com design moderno, ideal para quem busca economia e conforto no dia a dia;<\/span><\/li>\n<li style=\"font-weight: 400;\" aria-level=\"1\"><b>Volkswagen Virtus<\/b><span style=\"font-weight: 400;\">:<\/span> <span style=\"font-weight: 400;\">sed\u00e3 espa\u00e7oso e confort\u00e1vel, extremamente recomendado para viagens com conforto;<\/span><\/li>\n<li style=\"font-weight: 400;\" aria-level=\"1\"><b>Volkswagen T-Cross<\/b><span style=\"font-weight: 400;\">: SUV moderno com tecnologias avan\u00e7adas e design inconfund\u00edvel;<\/span><\/li>\n<li style=\"font-weight: 400;\" aria-level=\"1\"><b>Volkswagen Saveiro<\/b><span style=\"font-weight: 400;\">: pick-up vers\u00e1til, boa escolha tanto para trabalho como para lazer.<\/span><\/li>\n<li aria-level=\"1\"><strong><a href=\"https:\/\/www.localiza.com\/brasil\/pt-br\/aluguel-de-volkswagen-tera\">Volkswagen Tera<\/a>:<\/strong> o SUV que chegou com um design deslumbrante e repleto de tecnologia.<\/li>\n<\/ul>\n<h2><span style=\"font-weight: 400;\">Requisitos para alugar um carro<\/span><\/h2>\n<p><span style=\"font-weight: 400;\">S\u00e3o apenas dois documentos que voc\u00ea precisa apresentar para alugar um Volkswagen com a Localiza:\u00a0<\/span><\/p>\n<ul>\n<li style=\"font-weight: 400;\" aria-level=\"1\"><span style=\"font-weight: 400;\">CNH v\u00e1lida;<\/span><\/li>\n<li style=\"font-weight: 400;\" aria-level=\"1\"><span style=\"font-weight: 400;\">cart\u00e3o de cr\u00e9dito f\u00edsico em seu nome com limite dispon\u00edvel.\u00a0<\/span><\/li>\n<\/ul>\n<p><span style=\"font-weight: 400;\">Ainda, \u00e9 necess\u00e1rio ter 18 anos ou mais \u2014 menores de 21 anos ter\u00e3o o adicional de <\/span><a href=\"https:\/\/www.localiza.com\/brasil\/pt-br\/adicionais\"><span style=\"font-weight: 400;\">Condutor Jovem<\/span><\/a><span style=\"font-weight: 400;\">. Tamb\u00e9m \u00e9 poss\u00edvel alugar sem o cart\u00e3o (se n\u00e3o for aluguel mensal), mas mediante an\u00e1lise na ag\u00eancia, com uma taxa cobrada apenas se o seu perfil for aprovado.\u00a0<\/span><\/p>\n<p><span style=\"font-weight: 400;\">Por fim, clientes estrangeiros ou brasileiros habilitados fora do Brasil dever\u00e3o apresentar o passaporte (para pa\u00edses do Mercosul a identidade \u00e9 suficiente), cart\u00e3o de embarque ou a permiss\u00e3o da Pol\u00edcia Federal.<\/span><\/p>\n<p><span style=\"font-weight: 400;\">Falta esclarecer alguma d\u00favida? Acesse nossa\u00a0<\/span><a href=\"https:\/\/www.localiza.com\/brasil\/pt-br\/perguntas-frequentes\"><span style=\"font-weight: 400;\">FAQ<\/span><\/a><span style=\"font-weight: 400;\">.<\/span><\/p>\n<h2><span style=\"font-weight: 400;\">Alugue seu carro Volkswagen com a Localiza em todo o Brasil<\/span><\/h2>\n<p><span style=\"font-weight: 400;\">Oferecemos uma s\u00e9rie de facilidades para voc\u00ea alugar o seu Volkswagen, como:<\/span><\/p>\n<ul>\n<li style=\"font-weight: 400;\" aria-level=\"1\"><b>v\u00e1rios endere\u00e7os<\/b><span style=\"font-weight: 400;\">: ampla\u00a0<\/span><a href=\"https:\/\/www.localiza.com\/brasil\/pt-br\/rede-de-agencias\"><span style=\"font-weight: 400;\">rede de ag\u00eancias<\/span><\/a><span style=\"font-weight: 400;\"> para voc\u00ea encontrar a mais pr\u00f3xima de voc\u00ea e fazer sua reserva com tranquilidade;<\/span><\/li>\n<li style=\"font-weight: 400;\" aria-level=\"1\"><b>flexibilidade de loca\u00e7\u00e3o<\/b><span style=\"font-weight: 400;\">:<\/span> <span style=\"font-weight: 400;\">op\u00e7\u00f5es de\u00a0<\/span><a href=\"https:\/\/www.localiza.com\/brasil\/pt-br\/mensal-flex\"><span style=\"font-weight: 400;\">aluguel mensal<\/span><\/a><span style=\"font-weight: 400;\"> ou di\u00e1rio, adaptando-se \u00e0s suas necessidades;<\/span><\/li>\n<li style=\"font-weight: 400;\" aria-level=\"1\"><b>vantagens exclusivas<\/b><span style=\"font-weight: 400;\">: participe do nosso<\/span>\u00a0<a href=\"https:\/\/www.localiza.com\/brasil\/pt-br\/fidelidade\"><span style=\"font-weight: 400;\">programa de fidelidade<\/span><\/a><span style=\"font-weight: 400;\">, acumule pontos e troque-os por benef\u00edcios como di\u00e1rias gr\u00e1tis, atendimento preferencial e outras vantagens;<\/span><\/li>\n<li style=\"font-weight: 400;\" aria-level=\"1\"><b>atendimento de qualidade<\/b><span style=\"font-weight: 400;\">: nossa equipe est\u00e1 sempre pronta para tornar a sua experi\u00eancia a mais simples e pr\u00e1tica poss\u00edvel.\u00a0<\/span><\/li>\n<\/ul>\n<p><span style=\"font-weight: 400;\">Quer aproveitar o melhor que os ve\u00edculos da Volkswagen podem oferecer? Conhe\u00e7a nosso <\/span><span style=\"font-weight: 400;\">grupo de carros<\/span><span style=\"font-weight: 400;\">, escolha o seu e saia dirigindo por a\u00ed!<\/span><\/p>\n","offer":"","suggestions":[9509,9506,9331],"canonicalTag":"https:\/\/www.localiza.com\/brasil\/pt-br\/carros\/volkswagen","descriptionTag":"Descubra por que os carros Volkswagen s\u00e3o ideais para voc\u00ea. Confira os benef\u00edcios e os modelos dispon\u00edveis na Localiza. Alugue seu carro agora!"},"_links":{"self":[{"href":"https:\/\/canaisdigitaissitebr-wordpress.azurewebsites.net\/index.php\/wp-json\/wp\/v2\/categoria_carros\/9512"}],"collection":[{"href":"https:\/\/canaisdigitaissitebr-wordpress.azurewebsites.net\/index.php\/wp-json\/wp\/v2\/categoria_carros"}],"about":[{"href":"https:\/\/canaisdigitaissitebr-wordpress.azurewebsites.net\/index.php\/wp-json\/wp\/v2\/types\/categoria_carros"}],"wp:attachment":[{"href":"https:\/\/canaisdigitaissitebr-wordpress.azurewebsites.net\/index.php\/wp-json\/wp\/v2\/media?parent=9512"}],"wp:term":[{"taxonomy":"category","embeddable":true,"href":"https:\/\/canaisdigitaissitebr-wordpress.azurewebsites.net\/index.php\/wp-json\/wp\/v2\/categories?post=9512"},{"taxonomy":"post_tag","embeddable":true,"href":"https:\/\/canaisdigitaissitebr-wordpress.azurewebsites.net\/index.php\/wp-json\/wp\/v2\/tags?post=9512"}],"curies":[{"name":"wp","href":"https:\/\/api.w.org\/{rel}","templated":true}]}}