{"id":9033,"date":"2025-01-20T17:36:18","date_gmt":"2025-01-20T20:36:18","guid":{"rendered":"http:\/\/canaisdigitaissitebr-wordpress.azurewebsites.net\/?post_type=categoria_carros&#038;p=9033"},"modified":"2025-01-20T17:36:18","modified_gmt":"2025-01-20T20:36:18","slug":"eletricos","status":"publish","type":"categoria_carros","link":"https:\/\/canaisdigitaissitebr-wordpress.azurewebsites.net\/index.php\/categoria_carros\/eletricos\/","title":{"rendered":"Carro el\u00e9trico"},"template":"","meta":[],"categories":[2],"tags":[22],"acf":{"secondary_title":"Carro El\u00e9trico","content_summary":"Aluguel de carro el\u00e9trico com a Localiza","description":"Vai viajar e quer conforto? Alugue os modelos el\u00e9tricos na Localiza","box_image":"\/wp-content\/uploads\/2025\/01\/aluguel-de-carro-eletrico-capa.png","featured_image":"\/wp-content\/uploads\/2025\/01\/aluguel-de-carro-eletrico-banner.png","production":true,"seo_title":"Aluguel de carro El\u00e9trico: o jeito mais f\u00e1cil de alugar","content":"<h1><span style=\"font-weight: 400;\">Aluguel de carro el\u00e9trico<\/span><\/h1>\n<p><span style=\"font-weight: 400;\">\u200bO<\/span><b> aluguel de carro el\u00e9trico<\/b><span style=\"font-weight: 400;\"> representa uma op\u00e7\u00e3o moderna e sustent\u00e1vel tanto para o dia a dia quanto para viagens pontuais, combinando tecnologia avan\u00e7ada e economia. Com zero emiss\u00e3o de poluentes e excelente efici\u00eancia energ\u00e9tica, esses ve\u00edculos s\u00e3o ideais para quem deseja contribuir com o meio ambiente sem abrir m\u00e3o da praticidade.\u00a0<\/span><\/p>\n<h2><span style=\"font-weight: 400;\">Caracter\u00edsticas do carro el\u00e9trico<\/span><\/h2>\n<p><span style=\"font-weight: 400;\">Os carros el\u00e9tricos t\u00eam diversas caracter\u00edsticas que os diferenciam dos ve\u00edculos convencionais. As principais s\u00e3o:<\/span><\/p>\n<ul>\n<li style=\"font-weight: 400;\" aria-level=\"1\"><span style=\"font-weight: 400;\">zero emiss\u00e3o de poluentes;<\/span><\/li>\n<li style=\"font-weight: 400;\" aria-level=\"1\"><span style=\"font-weight: 400;\">zero gasto com combust\u00edvel;<\/span><\/li>\n<li style=\"font-weight: 400;\" aria-level=\"1\"><span style=\"font-weight: 400;\">motor silencioso;<\/span><\/li>\n<li style=\"font-weight: 400;\" aria-level=\"1\"><span style=\"font-weight: 400;\">autonomia vari\u00e1vel para viagens urbanas e longas.<\/span><\/li>\n<\/ul>\n<h2><span style=\"font-weight: 400;\">Quais s\u00e3o as vantagens do aluguel de carro el\u00e9trico?<\/span><\/h2>\n<p><span style=\"font-weight: 400;\">O aluguel de carro el\u00e9trico proporciona uma experi\u00eancia inovadora e, claro, preocupada com o meio ambiente. Confira as principais vantagens a seguir.<\/span><\/p>\n<h3><span style=\"font-weight: 400;\">Sustentabilidade em primeiro lugar<\/span><\/h3>\n<p><span style=\"font-weight: 400;\">Com emiss\u00e3o zero, os carros el\u00e9tricos s\u00e3o uma \u00f3tima alternativa para quem quer colaborar para reduzir a pegada de carbono.<\/span><\/p>\n<h3><span style=\"font-weight: 400;\">Economia no combust\u00edvel<\/span><\/h3>\n<p><span style=\"font-weight: 400;\">Os ve\u00edculos el\u00e9tricos tamb\u00e9m t\u00eam um<\/span><b> custo de recarga significativamente menor <\/b><span style=\"font-weight: 400;\">em compara\u00e7\u00e3o aos modelos a combust\u00e3o.<\/span><\/p>\n<h3><span style=\"font-weight: 400;\">Condu\u00e7\u00e3o silenciosa<\/span><\/h3>\n<p><span style=\"font-weight: 400;\">A <\/span><b>aus\u00eancia de ru\u00eddo do motor<\/b><span style=\"font-weight: 400;\"> oferece mais tranquilidade na condu\u00e7\u00e3o. Pode colocar a sua playlist favorita para tocar, sem barulho para atrapalhar!<\/span><\/p>\n<h2><span style=\"font-weight: 400;\">Requisitos para alugar um carro\u00a0<\/span><\/h2>\n<p><span style=\"font-weight: 400;\">Para alugar um carro el\u00e9trico aqui, na Localiza, basta apresentar:<\/span><\/p>\n<ul>\n<li style=\"font-weight: 400;\" aria-level=\"1\"><span style=\"font-weight: 400;\">carteira de habilita\u00e7\u00e3o (CNH) dentro da validade;<\/span><\/li>\n<li style=\"font-weight: 400;\" aria-level=\"1\"><span style=\"font-weight: 400;\">cart\u00e3o de cr\u00e9dito f\u00edsico em seu nome com limite suficiente dispon\u00edvel.<\/span><\/li>\n<\/ul>\n<h2><span style=\"font-weight: 400;\">Alugue seu carro el\u00e9trico com a Localiza em todo o Brasil<\/span><\/h2>\n<p><span style=\"font-weight: 400;\">\u00c9 muito simples, olha s\u00f3:<\/span><\/p>\n<ol>\n<li style=\"font-weight: 400;\" aria-level=\"1\"><span style=\"font-weight: 400;\">encontre o endere\u00e7o mais pr\u00f3ximo pela nossa<\/span> <a href=\"https:\/\/www.localiza.com\/brasil\/pt-br\/rede-de-agencias\" target=\"_blank\" rel=\"noopener\"><span style=\"font-weight: 400;\">rede de ag\u00eancias<\/span><\/a><span style=\"font-weight: 400;\">;<\/span><\/li>\n<li style=\"font-weight: 400;\" aria-level=\"1\"><span style=\"font-weight: 400;\">escolha o<\/span> <a href=\"https:\/\/www.localiza.com\/brasil\/pt-br\/grupos-de-carros\" target=\"_blank\" rel=\"noopener\"><span style=\"font-weight: 400;\">grupo de ve\u00edculos<\/span><\/a><span style=\"font-weight: 400;\"> el\u00e9tricos dispon\u00edveis;<\/span><\/li>\n<li style=\"font-weight: 400;\" aria-level=\"1\"><span style=\"font-weight: 400;\">defina o que mais se adequa \u00e0s suas necessidades:<\/span> <a href=\"https:\/\/www.localiza.com\/brasil\/pt-br\/mensal-flex\" target=\"_blank\" rel=\"noopener\"><span style=\"font-weight: 400;\">aluguel mensal<\/span><\/a><span style=\"font-weight: 400;\"> ou di\u00e1rio.<\/span><\/li>\n<\/ol>\n<p><span style=\"font-weight: 400;\">A cada aluguel voc\u00ea acumula pontos no<\/span> <a href=\"https:\/\/www.localiza.com\/brasil\/pt-br\/fidelidade\" target=\"_blank\" rel=\"noopener\"><span style=\"font-weight: 400;\">programa de fidelidade<\/span><\/a><span style=\"font-weight: 400;\"> e vai aumentando suas chances de conquistar benef\u00edcios, como atendimento preferencial, di\u00e1rias gr\u00e1tis e muito mais! <\/span><a href=\"https:\/\/www.localiza.com\/brasil\/pt-br\" target=\"_blank\" rel=\"noopener\"><span style=\"font-weight: 400;\">Alugue j\u00e1<\/span><\/a><span style=\"font-weight: 400;\">!<\/span><\/p>\n<h2><span style=\"font-weight: 400;\">D\u00favidas comuns sobre carros el\u00e9tricos<\/span><\/h2>\n<p><span style=\"font-weight: 400;\">Tem d\u00favidas sobre carros el\u00e9tricos? Aqui est\u00e1 a nossa <\/span><a href=\"https:\/\/www.localiza.com\/brasil\/pt-br\/perguntas-frequentes\" target=\"_blank\" rel=\"noopener\"><span style=\"font-weight: 400;\">FAQ<\/span><\/a><span style=\"font-weight: 400;\"> para facilitar para voc\u00ea!<\/span><\/p>\n<h3><span style=\"font-weight: 400;\">Qual \u00e9 a autonomia m\u00e9dia de um carro el\u00e9trico?<\/span><\/h3>\n<p><span style=\"font-weight: 400;\">A autonomia varia por modelo, mas <\/span><b>a maioria dos ve\u00edculos el\u00e9tricos cobre entre 200 e 400 km<\/b><span style=\"font-weight: 400;\"> com uma carga completa.<\/span><\/p>\n<h3><span style=\"font-weight: 400;\">Carros el\u00e9tricos t\u00eam boa performance?<\/span><\/h3>\n<p><span style=\"font-weight: 400;\">Sim, muitos modelos t\u00eam <\/span><b>acelera\u00e7\u00e3o e estabilidade <\/b><span style=\"font-weight: 400;\">fora da curva, sendo compar\u00e1veis aos autom\u00f3veis convencionais \u2014 mas com menor impacto ao meio ambiente, claro. <\/span><\/p>\n","offer":"","suggestions":[9034,9035,8083],"canonicalTag":"https:\/\/www.localiza.com\/brasil\/pt-br\/carros\/eletricos","descriptionTag":"Descubra por que o aluguel de carro el\u00e9trico \u00e9 ideal para voc\u00ea. Confira os benef\u00edcios, diferenciais e os modelos dispon\u00edveis na Localiza."},"_links":{"self":[{"href":"https:\/\/canaisdigitaissitebr-wordpress.azurewebsites.net\/index.php\/wp-json\/wp\/v2\/categoria_carros\/9033"}],"collection":[{"href":"https:\/\/canaisdigitaissitebr-wordpress.azurewebsites.net\/index.php\/wp-json\/wp\/v2\/categoria_carros"}],"about":[{"href":"https:\/\/canaisdigitaissitebr-wordpress.azurewebsites.net\/index.php\/wp-json\/wp\/v2\/types\/categoria_carros"}],"wp:attachment":[{"href":"https:\/\/canaisdigitaissitebr-wordpress.azurewebsites.net\/index.php\/wp-json\/wp\/v2\/media?parent=9033"}],"wp:term":[{"taxonomy":"category","embeddable":true,"href":"https:\/\/canaisdigitaissitebr-wordpress.azurewebsites.net\/index.php\/wp-json\/wp\/v2\/categories?post=9033"},{"taxonomy":"post_tag","embeddable":true,"href":"https:\/\/canaisdigitaissitebr-wordpress.azurewebsites.net\/index.php\/wp-json\/wp\/v2\/tags?post=9033"}],"curies":[{"name":"wp","href":"https:\/\/api.w.org\/{rel}","templated":true}]}}