{"id":13421,"date":"2026-04-07T18:00:25","date_gmt":"2026-04-07T21:00:25","guid":{"rendered":"http:\/\/canaisdigitaissitebr-wordpress.azurewebsites.net\/?post_type=categoria_carros&#038;p=13421"},"modified":"2026-04-08T16:24:16","modified_gmt":"2026-04-08T19:24:16","slug":"aluguel-de-virtus","status":"publish","type":"categoria_carros","link":"https:\/\/canaisdigitaissitebr-wordpress.azurewebsites.net\/index.php\/categoria_carros\/aluguel-de-virtus\/","title":{"rendered":"Aluguel de Virtus"},"template":"","meta":[],"categories":[2],"tags":[],"acf":{"secondary_title":"Aluguel de Virtus","content_summary":"Descubra as vantagens do aluguel de Virtus. Conforto, espa\u00e7o e bom desempenho para viagens e uso di\u00e1rio. Reserve com a Localiza!","description":"Descubra as vantagens do aluguel de Virtus. Conforto, espa\u00e7o e bom desempenho para viagens e uso di\u00e1rio. Reserve com a Localiza!","box_image":"\/wp-content\/uploads\/2026\/03\/thumbnail-volkswagen-virtus-2023-12-1.jpg","featured_image":"\/wp-content\/uploads\/2025\/01\/aluguel-de-carro-banner-1.png","production":true,"seo_title":"Aluguel de Virtus: sofistica\u00e7\u00e3o, conforto e desempenho superior","content":"<p>O <strong>aluguel de Virtus<\/strong> \u00e9 uma boa escolha para quem precisa unir conforto, espa\u00e7o interno e desempenho consistente. O modelo atende bem tanto viagens em fam\u00edlia quanto compromissos profissionais mais exigentes.<\/p>\n<div>\n<p>Al\u00e9m do bom porte, o Virtus se destaca quando a bagagem \u00e9 parte do planejamento com um porta-malas grande, o que o torna um <strong>carro para estrada<\/strong> bastante funcional no dia a dia.<\/p>\n<\/div>\n<h2 aria-level=\"2\"><b><span data-contrast=\"none\">Vale a pena alugar um Virtus?<\/span><\/b><span data-ccp-props=\"{&quot;134233117&quot;:false,&quot;134233118&quot;:false,&quot;134245418&quot;:true,&quot;134245529&quot;:true,&quot;335551550&quot;:0,&quot;335551620&quot;:0,&quot;335559738&quot;:299,&quot;335559739&quot;:299}\">\u00a0<\/span><\/h2>\n<p><span data-contrast=\"auto\">Existem muitos motivos para <a href=\"https:\/\/seminovos.localiza.com\/carros\/volkswagen\/virtus\" target=\"_blank\" rel=\"noopener\">escolher o Virtus<\/a> em sua pr\u00f3xima loca\u00e7\u00e3o. Confira os diferenciais que fazem deste sedan premium um sucesso:<\/span><span data-ccp-props=\"{&quot;134233117&quot;:false,&quot;134233118&quot;:false,&quot;335551550&quot;:0,&quot;335551620&quot;:0,&quot;335559738&quot;:240,&quot;335559739&quot;:240}\">\u00a0<\/span><\/p>\n<ul>\n<li aria-setsize=\"-1\" data-leveltext=\"\uf0b7\" data-font=\"Symbol\" data-listid=\"1\" data-list-defn-props=\"{&quot;335552541&quot;:1,&quot;335559683&quot;:0,&quot;335559684&quot;:-2,&quot;335559685&quot;:720,&quot;335559991&quot;:360,&quot;469769226&quot;:&quot;Symbol&quot;,&quot;469769242&quot;:[8226],&quot;469777803&quot;:&quot;left&quot;,&quot;469777804&quot;:&quot;\uf0b7&quot;,&quot;469777815&quot;:&quot;hybridMultilevel&quot;}\" data-aria-posinset=\"1\" data-aria-level=\"1\"><b><span data-contrast=\"auto\">Design sofisticado<\/span><\/b><span data-contrast=\"auto\">: linhas elegantes com acabamento refinado e visual moderno, unindo a esportividade alem\u00e3 com a presen\u00e7a de um sedan executivo;<\/span><span data-ccp-props=\"{&quot;134233117&quot;:false,&quot;134233118&quot;:false,&quot;335551550&quot;:0,&quot;335551620&quot;:0,&quot;335559738&quot;:0,&quot;335559739&quot;:0}\">\u00a0<\/span><\/li>\n<\/ul>\n<ul>\n<li aria-setsize=\"-1\" data-leveltext=\"\uf0b7\" data-font=\"Symbol\" data-listid=\"1\" data-list-defn-props=\"{&quot;335552541&quot;:1,&quot;335559683&quot;:0,&quot;335559684&quot;:-2,&quot;335559685&quot;:720,&quot;335559991&quot;:360,&quot;469769226&quot;:&quot;Symbol&quot;,&quot;469769242&quot;:[8226],&quot;469777803&quot;:&quot;left&quot;,&quot;469777804&quot;:&quot;\uf0b7&quot;,&quot;469777815&quot;:&quot;hybridMultilevel&quot;}\" data-aria-posinset=\"2\" data-aria-level=\"1\"><b><span data-contrast=\"auto\">Espa\u00e7o generoso<\/span><\/b><span data-contrast=\"auto\">: refer\u00eancia no segmento, oferece amplo conforto para os passageiros e um porta-malas de\u00a0<\/span><b><span data-contrast=\"auto\">521 litros<\/span><\/b><span data-contrast=\"auto\">, ideal para grandes bagagens;<\/span><span data-ccp-props=\"{&quot;134233117&quot;:false,&quot;134233118&quot;:false,&quot;335551550&quot;:0,&quot;335551620&quot;:0,&quot;335559738&quot;:0,&quot;335559739&quot;:0}\">\u00a0<\/span><\/li>\n<\/ul>\n<ul>\n<li aria-setsize=\"-1\" data-leveltext=\"\uf0b7\" data-font=\"Symbol\" data-listid=\"1\" data-list-defn-props=\"{&quot;335552541&quot;:1,&quot;335559683&quot;:0,&quot;335559684&quot;:-2,&quot;335559685&quot;:720,&quot;335559991&quot;:360,&quot;469769226&quot;:&quot;Symbol&quot;,&quot;469769242&quot;:[8226],&quot;469777803&quot;:&quot;left&quot;,&quot;469777804&quot;:&quot;\uf0b7&quot;,&quot;469777815&quot;:&quot;hybridMultilevel&quot;}\" data-aria-posinset=\"3\" data-aria-level=\"1\"><b><span data-contrast=\"auto\">Desempenho superior<\/span><\/b><span data-contrast=\"auto\">: equipado com um motor turbo e c\u00e2mbio autom\u00e1tico, oferece uma dire\u00e7\u00e3o suave e responsiva, perfeita para trajetos na cidade e na estrada;<\/span><span data-ccp-props=\"{&quot;134233117&quot;:false,&quot;134233118&quot;:false,&quot;335551550&quot;:0,&quot;335551620&quot;:0,&quot;335559738&quot;:0,&quot;335559739&quot;:0}\">\u00a0<\/span><\/li>\n<li aria-setsize=\"-1\" data-leveltext=\"\uf0b7\" data-font=\"Symbol\" data-listid=\"1\" data-list-defn-props=\"{&quot;335552541&quot;:1,&quot;335559683&quot;:0,&quot;335559684&quot;:-2,&quot;335559685&quot;:720,&quot;335559991&quot;:360,&quot;469769226&quot;:&quot;Symbol&quot;,&quot;469769242&quot;:[8226],&quot;469777803&quot;:&quot;left&quot;,&quot;469777804&quot;:&quot;\uf0b7&quot;,&quot;469777815&quot;:&quot;hybridMultilevel&quot;}\" data-aria-posinset=\"4\" data-aria-level=\"1\"><b><span data-contrast=\"auto\">Tecnologia e conectividade<\/span><\/b><span data-contrast=\"auto\">: conta com uma central multim\u00eddia de 10\u201d (a VW Play), al\u00e9m de conex\u00e3o para smartphones, carregador por indu\u00e7\u00e3o, ar-condicionado digital e volante multifuncional;<\/span><span data-ccp-props=\"{&quot;134233117&quot;:false,&quot;134233118&quot;:false,&quot;335551550&quot;:0,&quot;335551620&quot;:0,&quot;335559738&quot;:0,&quot;335559739&quot;:0}\">\u00a0<\/span><\/li>\n<li aria-setsize=\"-1\" data-leveltext=\"\uf0b7\" data-font=\"Symbol\" data-listid=\"1\" data-list-defn-props=\"{&quot;335552541&quot;:1,&quot;335559683&quot;:0,&quot;335559684&quot;:-2,&quot;335559685&quot;:720,&quot;335559991&quot;:360,&quot;469769226&quot;:&quot;Symbol&quot;,&quot;469769242&quot;:[8226],&quot;469777803&quot;:&quot;left&quot;,&quot;469777804&quot;:&quot;\uf0b7&quot;,&quot;469777815&quot;:&quot;hybridMultilevel&quot;}\" data-aria-posinset=\"5\" data-aria-level=\"1\"><b><span data-contrast=\"auto\">Seguran\u00e7a de ponta<\/span><\/b><span data-contrast=\"auto\">: equipado com\u00a0<\/span><b><span data-contrast=\"auto\">6 airbags<\/span><\/b><span data-contrast=\"auto\">, controle eletr\u00f4nico de estabilidade e sensores de estacionamento, garantindo nota m\u00e1xima em prote\u00e7\u00e3o.<\/span><span data-ccp-props=\"{&quot;134233117&quot;:false,&quot;134233118&quot;:false,&quot;335551550&quot;:0,&quot;335551620&quot;:0,&quot;335559738&quot;:0,&quot;335559739&quot;:0}\">\u00a0<\/span><\/li>\n<\/ul>\n<h3 aria-level=\"3\"><b><span data-contrast=\"none\">Qual \u00e9 o desempenho do motor?<\/span><\/b><span data-ccp-props=\"{&quot;134233117&quot;:false,&quot;134233118&quot;:false,&quot;134245418&quot;:true,&quot;134245529&quot;:true,&quot;335551550&quot;:0,&quot;335551620&quot;:0,&quot;335559738&quot;:281,&quot;335559739&quot;:281}\">\u00a0<\/span><\/h3>\n<p>O Volkswagen Virtus utiliza a <strong>tecnologia TSI<\/strong>, presente em configura\u00e7\u00f5es como <strong>170 TSI<\/strong> e <strong>200 TSI. <\/strong>Diante disso, o <strong>motor 1.0 turbo<\/strong> entrega at\u00e9<strong> 128 cv de pot\u00eancia<\/strong>, oferecendo retomadas seguras e comportamento consistente em rodovias.<\/p>\n<div>\n<p>Esse conjunto favorece quem procura um <strong>ve\u00edculo autom\u00e1tico para viajar<\/strong>, sem abrir m\u00e3o de efici\u00eancia no uso di\u00e1rio.<\/p>\n<\/div>\n<h2 aria-level=\"2\"><b><span data-contrast=\"none\">VW Virtus \u00e9 econ\u00f4mico? <\/span><\/b><span data-ccp-props=\"{&quot;134233117&quot;:false,&quot;134233118&quot;:false,&quot;134245418&quot;:true,&quot;134245529&quot;:true,&quot;335551550&quot;:0,&quot;335551620&quot;:0,&quot;335559738&quot;:299,&quot;335559739&quot;:299}\">\u00a0<\/span><\/h2>\n<p><span data-contrast=\"auto\">De acordo com os dados oficiais do <a href=\"https:\/\/www.gov.br\/inmetro\/pt-br\/assuntos\/avaliacao-da-conformidade\/programa-brasileiro-de-etiquetagem\/tabelas-de-eficiencia-energetica\/veiculos-automotivos-pbe-veicular\/pbe-veicular-2024-1.pdf\" target=\"_blank\" rel=\"noopener\">INMETRO (PBEV)<\/a>, o consumo do modelo da Volkswagen abastecido com\u00a0<\/span><b><span data-contrast=\"auto\">gasolina<\/span><\/b><span data-contrast=\"auto\">\u00a0\u00e9 de:<\/span><span data-ccp-props=\"{&quot;134233117&quot;:false,&quot;134233118&quot;:false,&quot;335551550&quot;:0,&quot;335551620&quot;:0,&quot;335559738&quot;:240,&quot;335559739&quot;:240}\">\u00a0<\/span><\/p>\n<ul>\n<li aria-setsize=\"-1\" data-leveltext=\"\uf0b7\" data-font=\"Symbol\" data-listid=\"2\" data-list-defn-props=\"{&quot;335552541&quot;:1,&quot;335559683&quot;:0,&quot;335559684&quot;:-2,&quot;335559685&quot;:720,&quot;335559991&quot;:360,&quot;469769226&quot;:&quot;Symbol&quot;,&quot;469769242&quot;:[8226],&quot;469777803&quot;:&quot;left&quot;,&quot;469777804&quot;:&quot;\uf0b7&quot;,&quot;469777815&quot;:&quot;hybridMultilevel&quot;}\" data-aria-posinset=\"1\" data-aria-level=\"1\"><b><span data-contrast=\"auto\">11,2 km\/l<\/span><\/b><span data-contrast=\"auto\">\u00a0em\u00a0<\/span><b><span data-contrast=\"auto\">vias urbanas<\/span><\/b><span data-contrast=\"auto\">;<\/span><span data-ccp-props=\"{&quot;134233117&quot;:false,&quot;134233118&quot;:false,&quot;335551550&quot;:0,&quot;335551620&quot;:0,&quot;335559738&quot;:0,&quot;335559739&quot;:0}\">\u00a0<\/span><\/li>\n<\/ul>\n<ul>\n<li aria-setsize=\"-1\" data-leveltext=\"\uf0b7\" data-font=\"Symbol\" data-listid=\"2\" data-list-defn-props=\"{&quot;335552541&quot;:1,&quot;335559683&quot;:0,&quot;335559684&quot;:-2,&quot;335559685&quot;:720,&quot;335559991&quot;:360,&quot;469769226&quot;:&quot;Symbol&quot;,&quot;469769242&quot;:[8226],&quot;469777803&quot;:&quot;left&quot;,&quot;469777804&quot;:&quot;\uf0b7&quot;,&quot;469777815&quot;:&quot;hybridMultilevel&quot;}\" data-aria-posinset=\"2\" data-aria-level=\"1\"><b><span data-contrast=\"auto\">14,6 km\/l<\/span><\/b><span data-contrast=\"auto\">\u00a0em\u00a0<\/span><b><span data-contrast=\"auto\">rodovias<\/span><\/b><span data-contrast=\"auto\">.<\/span><span data-ccp-props=\"{&quot;134233117&quot;:false,&quot;134233118&quot;:false,&quot;335551550&quot;:0,&quot;335551620&quot;:0,&quot;335559738&quot;:0,&quot;335559739&quot;:0}\">\u00a0<\/span><\/li>\n<\/ul>\n<p><span data-contrast=\"auto\">J\u00e1 quando abastecido com\u00a0<\/span><b><span data-contrast=\"auto\">etanol<\/span><\/b><span data-contrast=\"auto\">, os n\u00fameros m\u00e9dios s\u00e3o:<\/span><span data-ccp-props=\"{&quot;134233117&quot;:false,&quot;134233118&quot;:false,&quot;335551550&quot;:0,&quot;335551620&quot;:0,&quot;335559738&quot;:240,&quot;335559739&quot;:240}\">\u00a0<\/span><\/p>\n<ul>\n<li aria-setsize=\"-1\" data-leveltext=\"\uf0b7\" data-font=\"Symbol\" data-listid=\"3\" data-list-defn-props=\"{&quot;335552541&quot;:1,&quot;335559683&quot;:0,&quot;335559684&quot;:-2,&quot;335559685&quot;:720,&quot;335559991&quot;:360,&quot;469769226&quot;:&quot;Symbol&quot;,&quot;469769242&quot;:[8226],&quot;469777803&quot;:&quot;left&quot;,&quot;469777804&quot;:&quot;\uf0b7&quot;,&quot;469777815&quot;:&quot;hybridMultilevel&quot;}\" data-aria-posinset=\"1\" data-aria-level=\"1\"><b><span data-contrast=\"auto\">7,8 km\/l<\/span><\/b><span data-contrast=\"auto\">\u00a0em\u00a0<\/span><b><span data-contrast=\"auto\">vias urbanas<\/span><\/b><span data-contrast=\"auto\">;<\/span><span data-ccp-props=\"{&quot;134233117&quot;:false,&quot;134233118&quot;:false,&quot;335551550&quot;:0,&quot;335551620&quot;:0,&quot;335559738&quot;:0,&quot;335559739&quot;:0}\">\u00a0<\/span><\/li>\n<\/ul>\n<ul>\n<li aria-setsize=\"-1\" data-leveltext=\"\uf0b7\" data-font=\"Symbol\" data-listid=\"3\" data-list-defn-props=\"{&quot;335552541&quot;:1,&quot;335559683&quot;:0,&quot;335559684&quot;:-2,&quot;335559685&quot;:720,&quot;335559991&quot;:360,&quot;469769226&quot;:&quot;Symbol&quot;,&quot;469769242&quot;:[8226],&quot;469777803&quot;:&quot;left&quot;,&quot;469777804&quot;:&quot;\uf0b7&quot;,&quot;469777815&quot;:&quot;hybridMultilevel&quot;}\" data-aria-posinset=\"2\" data-aria-level=\"1\"><b><span data-contrast=\"auto\">10,2 km\/l<\/span><\/b><span data-contrast=\"auto\">\u00a0em\u00a0<\/span><b><span data-contrast=\"auto\">rodovias<\/span><\/b><span data-contrast=\"auto\">.<\/span><span data-ccp-props=\"{&quot;134233117&quot;:false,&quot;134233118&quot;:false,&quot;335551550&quot;:0,&quot;335551620&quot;:0,&quot;335559738&quot;:0,&quot;335559739&quot;:0}\">\u00a0<\/span><\/li>\n<\/ul>\n<p><span data-contrast=\"auto\">Esses valores demonstram a alta efici\u00eancia do conjunto mec\u00e2nico, permitindo rodar longas dist\u00e2ncias com economia e baixa emiss\u00e3o de poluentes.<\/span><span data-ccp-props=\"{&quot;134233117&quot;:false,&quot;134233118&quot;:false,&quot;335551550&quot;:0,&quot;335551620&quot;:0,&quot;335559738&quot;:240,&quot;335559739&quot;:240}\">\u00a0<\/span><\/p>\n<p><img loading=\"lazy\" class=\"aligncenter wp-image-13605 size-full\" src=\"\/wp-content\/uploads\/2026\/03\/VW-Nivus-1.png\" alt=\"VW Nivus de lado\" width=\"1920\" height=\"1080\" srcset=\"\/wp-content\/uploads\/2026\/03\/VW-Nivus-1.png 1920w, \/wp-content\/uploads\/2026\/03\/VW-Nivus-1-300x169.png 300w, \/wp-content\/uploads\/2026\/03\/VW-Nivus-1-1024x576.png 1024w, \/wp-content\/uploads\/2026\/03\/VW-Nivus-1-768x432.png 768w, \/wp-content\/uploads\/2026\/03\/VW-Nivus-1-1536x864.png 1536w, \/wp-content\/uploads\/2026\/03\/VW-Nivus-1-1568x882.png 1568w\" sizes=\"(max-width: 1920px) 100vw, 1920px\" \/><\/p>\n<h2 aria-level=\"2\"><b><span data-contrast=\"none\">Conhe\u00e7a a Volkswagen: qualidade e confian\u00e7a<\/span><\/b><span data-ccp-props=\"{&quot;134233117&quot;:false,&quot;134233118&quot;:false,&quot;134245418&quot;:true,&quot;134245529&quot;:true,&quot;335551550&quot;:0,&quot;335551620&quot;:0,&quot;335559738&quot;:299,&quot;335559739&quot;:299}\">\u00a0<\/span><\/h2>\n<p><span data-contrast=\"auto\">A\u00a0<\/span><b><span data-contrast=\"auto\">Volkswagen<\/span><\/b><span data-contrast=\"auto\">\u00a0\u00e9 uma das maiores e mais respeitadas montadoras do mundo. Fundada na Alemanha, a marca \u00e9 sin\u00f4nimo de engenharia de precis\u00e3o e durabilidade. <\/span><\/p>\n<p><span data-contrast=\"auto\">Dessa forma, ao<\/span><b><span data-contrast=\"auto\">\u00a0alugar Virtus\u00a0na Localiza<\/span><\/b><span data-contrast=\"auto\">, voc\u00ea experimenta o que h\u00e1 de mais moderno em constru\u00e7\u00e3o automotiva, com o suporte de uma marca que entende a necessidade do motorista brasileiro.<\/span><span data-ccp-props=\"{&quot;134233117&quot;:false,&quot;134233118&quot;:false,&quot;335551550&quot;:0,&quot;335551620&quot;:0,&quot;335559738&quot;:240,&quot;335559739&quot;:240}\">\u00a0<\/span><\/p>\n<h2 aria-level=\"2\"><b><span data-contrast=\"none\">Como funciona o aluguel Virtus na Localiza?<\/span><\/b><span data-ccp-props=\"{&quot;134233117&quot;:false,&quot;134233118&quot;:false,&quot;134245418&quot;:true,&quot;134245529&quot;:true,&quot;335551550&quot;:0,&quot;335551620&quot;:0,&quot;335559738&quot;:299,&quot;335559739&quot;:299}\">\u00a0<\/span><\/h2>\n<p><span data-contrast=\"auto\">Para alugar o VW Virtus na Localiza, voc\u00ea deve seguir essas etapas:<\/span><span data-ccp-props=\"{&quot;134233117&quot;:false,&quot;134233118&quot;:false,&quot;335551550&quot;:0,&quot;335551620&quot;:0,&quot;335559738&quot;:240,&quot;335559739&quot;:240}\">\u00a0<\/span><\/p>\n<ol>\n<li aria-setsize=\"-1\" data-leveltext=\"%1.\" data-font=\"Aptos\" data-listid=\"4\" data-list-defn-props=\"{&quot;335551671&quot;:1,&quot;335552541&quot;:0,&quot;335559683&quot;:0,&quot;335559684&quot;:-1,&quot;335559685&quot;:720,&quot;335559991&quot;:360,&quot;469769242&quot;:[65533,0,46],&quot;469777803&quot;:&quot;left&quot;,&quot;469777804&quot;:&quot;%1.&quot;,&quot;469777815&quot;:&quot;hybridMultilevel&quot;}\" data-aria-posinset=\"1\" data-aria-level=\"1\"><span data-contrast=\"auto\">Acesse o <a href=\"https:\/\/www.localiza.com\/\" target=\"_blank\" rel=\"noopener\">nosso site<\/a> ou <a href=\"https:\/\/play.google.com\/store\/apps\/details?id=com.localiza.mobile&amp;hl=pt_BR&amp;pli=1\" target=\"_blank\" rel=\"noopener\">app Localiza<\/a> e, logo na p\u00e1gina inicial, <strong>digite o local, a data e o hor\u00e1rio<\/strong> que deseja retirar o ve\u00edculo. Em seguida, fa\u00e7a os mesmos procedimentos em rela\u00e7\u00e3o \u00e0 devolu\u00e7\u00e3o e clique no bot\u00e3o \u201cContinuar\u201d;<\/span><span data-ccp-props=\"{&quot;134233117&quot;:false,&quot;134233118&quot;:false,&quot;335551550&quot;:0,&quot;335551620&quot;:0,&quot;335559738&quot;:0,&quot;335559739&quot;:0}\">\u00a0<\/span><\/li>\n<\/ol>\n<ol>\n<li aria-setsize=\"-1\" data-leveltext=\"%1.\" data-font=\"Aptos\" data-listid=\"4\" data-list-defn-props=\"{&quot;335551671&quot;:1,&quot;335552541&quot;:0,&quot;335559683&quot;:0,&quot;335559684&quot;:-1,&quot;335559685&quot;:720,&quot;335559991&quot;:360,&quot;469769242&quot;:[65533,0,46],&quot;469777803&quot;:&quot;left&quot;,&quot;469777804&quot;:&quot;%1.&quot;,&quot;469777815&quot;:&quot;hybridMultilevel&quot;}\" data-aria-posinset=\"2\" data-aria-level=\"1\"><span data-contrast=\"auto\">Agora, <strong>escolha o\u00a0<\/strong><\/span><strong><a href=\"https:\/\/www.localiza.com\/brasil\/pt-br\/grupos-de-carros\">grupo de carros<\/a><\/strong><span data-contrast=\"auto\">;<\/span><span data-ccp-props=\"{&quot;134233117&quot;:false,&quot;134233118&quot;:false,&quot;335551550&quot;:0,&quot;335551620&quot;:0,&quot;335559738&quot;:0,&quot;335559739&quot;:0}\">\u00a0<\/span><\/li>\n<\/ol>\n<ol>\n<li aria-setsize=\"-1\" data-leveltext=\"%1.\" data-font=\"Aptos\" data-listid=\"4\" data-list-defn-props=\"{&quot;335551671&quot;:1,&quot;335552541&quot;:0,&quot;335559683&quot;:0,&quot;335559684&quot;:-1,&quot;335559685&quot;:720,&quot;335559991&quot;:360,&quot;469769242&quot;:[65533,0,46],&quot;469777803&quot;:&quot;left&quot;,&quot;469777804&quot;:&quot;%1.&quot;,&quot;469777815&quot;:&quot;hybridMultilevel&quot;}\" data-aria-posinset=\"3\" data-aria-level=\"1\"><span data-contrast=\"auto\">Descubra a <strong>forma de retirada do carro<\/strong>, pode ser <a href=\"https:\/\/www.localiza.com\/brasil\/pt-br\/como-alugar-um-carro\/retirada-do-carro-com-fast-retirada-digital\" target=\"_blank\" rel=\"noopener\">Fast<\/a> ou <a href=\"https:\/\/www.localiza.com\/brasil\/pt-br\/como-alugar-um-carro\/retirar-o-carro-da-localiza-no-balcao\" target=\"_blank\" rel=\"noopener\">com atendente no balc\u00e3o<\/a>. A primeira op\u00e7\u00e3o est\u00e1 sujeita \u00e0 disponibilidade;<\/span><span data-ccp-props=\"{&quot;134233117&quot;:false,&quot;134233118&quot;:false,&quot;335551550&quot;:0,&quot;335551620&quot;:0,&quot;335559738&quot;:0,&quot;335559739&quot;:0}\">\u00a0<\/span><\/li>\n<\/ol>\n<ol>\n<li aria-setsize=\"-1\" data-leveltext=\"%1.\" data-font=\"Aptos\" data-listid=\"4\" data-list-defn-props=\"{&quot;335551671&quot;:1,&quot;335552541&quot;:0,&quot;335559683&quot;:0,&quot;335559684&quot;:-1,&quot;335559685&quot;:720,&quot;335559991&quot;:360,&quot;469769242&quot;:[65533,0,46],&quot;469777803&quot;:&quot;left&quot;,&quot;469777804&quot;:&quot;%1.&quot;,&quot;469777815&quot;:&quot;hybridMultilevel&quot;}\" data-aria-posinset=\"4\" data-aria-level=\"1\"><span data-contrast=\"auto\">Na sequ\u00eancia, <strong>avalie e escolha o pacote de adicionais<\/strong>, e avance no bot\u00e3o <strong>\u201cContinuar\u201d<\/strong>;<\/span><span data-ccp-props=\"{&quot;134233117&quot;:false,&quot;134233118&quot;:false,&quot;335551550&quot;:0,&quot;335551620&quot;:0,&quot;335559738&quot;:0,&quot;335559739&quot;:0}\">\u00a0<\/span><\/li>\n<\/ol>\n<ol>\n<li aria-setsize=\"-1\" data-leveltext=\"%1.\" data-font=\"Aptos\" data-listid=\"4\" data-list-defn-props=\"{&quot;335551671&quot;:1,&quot;335552541&quot;:0,&quot;335559683&quot;:0,&quot;335559684&quot;:-1,&quot;335559685&quot;:720,&quot;335559991&quot;:360,&quot;469769242&quot;:[65533,0,46],&quot;469777803&quot;:&quot;left&quot;,&quot;469777804&quot;:&quot;%1.&quot;,&quot;469777815&quot;:&quot;hybridMultilevel&quot;}\" data-aria-posinset=\"5\" data-aria-level=\"1\"><span data-contrast=\"auto\">Ap\u00f3s essa etapa, <strong>pegue sua CNH e um cart\u00e3o de cr\u00e9dito <\/strong>para concluir a solicita\u00e7\u00e3o.<\/span><span data-ccp-props=\"{&quot;134233117&quot;:false,&quot;134233118&quot;:false,&quot;335551550&quot;:0,&quot;335551620&quot;:0,&quot;335559738&quot;:0,&quot;335559739&quot;:0}\">\u00a0<\/span><\/li>\n<\/ol>\n<p><span data-contrast=\"auto\">Vale observar que <strong>voc\u00ea pode alugar por alguns dias ou pelo m\u00eas todo<\/strong>, caso precise do ve\u00edculo por mais tempo.<\/span><span data-ccp-props=\"{&quot;134233117&quot;:false,&quot;134233118&quot;:false,&quot;335551550&quot;:0,&quot;335551620&quot;:0,&quot;335559738&quot;:240,&quot;335559739&quot;:240}\">\u00a0<\/span><\/p>\n<p>Para quem precisa do carro por mais tempo, o <a href=\"https:\/\/www.localiza.com\/brasil\/pt-br\/mensal-flex\" target=\"_blank\" rel=\"noopener\"><strong>aluguel de carros<\/strong> mensal<\/a> pode ser uma alternativa mais interessante<\/p>\n<h3 aria-level=\"2\"><b><span data-contrast=\"none\">Modelos de carros do grupo dispon\u00edveis para aluguel<\/span><\/b><span data-ccp-props=\"{&quot;134233117&quot;:false,&quot;134233118&quot;:false,&quot;134245418&quot;:true,&quot;134245529&quot;:true,&quot;335551550&quot;:0,&quot;335551620&quot;:0,&quot;335559738&quot;:299,&quot;335559739&quot;:299}\">\u00a0<\/span><\/h3>\n<p><span data-contrast=\"auto\">Al\u00e9m do Virtus, voc\u00ea pode fazer o aluguel de outros sedas dispon\u00edveis. Mas lembre-se: voc\u00ea escolhe apenas o grupo, o modelo \u00e9 mediante disponibilidade no dia da retirada do ve\u00edculo.<\/span><span data-ccp-props=\"{&quot;134233117&quot;:false,&quot;134233118&quot;:false,&quot;335551550&quot;:0,&quot;335551620&quot;:0,&quot;335559738&quot;:240,&quot;335559739&quot;:240}\">\u00a0<\/span><\/p>\n<p><strong>Aqui na Localiza voc\u00ea est\u00e1 no controle da dire\u00e7\u00e3o! Aproveite o poder da autonomia, <a href=\"https:\/\/www.localiza.com\/brasil\/pt-br\/mensal-flex\" target=\"_blank\" rel=\"noopener\">entre em contato e\u00a0reserve agora\u00a0seu carro<\/a>!\u00a0<\/strong><\/p>\n<p><span data-ccp-props=\"{}\">\u00a0<\/span><\/p>\n","offer":"","suggestions":[9032],"canonicalTag":"https:\/\/www.localiza.com\/brasil\/pt-br\/carros\/aluguel-de-virtus","descriptionTag":"Descubra as vantagens do aluguel de Virtus. Conforto, espa\u00e7o e bom desempenho para viagens e uso di\u00e1rio. Reserve com a Localiza!"},"_links":{"self":[{"href":"https:\/\/canaisdigitaissitebr-wordpress.azurewebsites.net\/index.php\/wp-json\/wp\/v2\/categoria_carros\/13421"}],"collection":[{"href":"https:\/\/canaisdigitaissitebr-wordpress.azurewebsites.net\/index.php\/wp-json\/wp\/v2\/categoria_carros"}],"about":[{"href":"https:\/\/canaisdigitaissitebr-wordpress.azurewebsites.net\/index.php\/wp-json\/wp\/v2\/types\/categoria_carros"}],"wp:attachment":[{"href":"https:\/\/canaisdigitaissitebr-wordpress.azurewebsites.net\/index.php\/wp-json\/wp\/v2\/media?parent=13421"}],"wp:term":[{"taxonomy":"category","embeddable":true,"href":"https:\/\/canaisdigitaissitebr-wordpress.azurewebsites.net\/index.php\/wp-json\/wp\/v2\/categories?post=13421"},{"taxonomy":"post_tag","embeddable":true,"href":"https:\/\/canaisdigitaissitebr-wordpress.azurewebsites.net\/index.php\/wp-json\/wp\/v2\/tags?post=13421"}],"curies":[{"name":"wp","href":"https:\/\/api.w.org\/{rel}","templated":true}]}}